{"id":2884,"date":"2017-02-23T23:19:39","date_gmt":"2017-02-23T23:19:39","guid":{"rendered":"http:\/\/www.wierszowisko.com\/?page_id=2884"},"modified":"2018-02-17T23:34:10","modified_gmt":"2018-02-17T23:34:10","slug":"jury-wierszowiska-2017","status":"publish","type":"page","link":"https:\/\/www.wierszowisko.com\/?page_id=2884","title":{"rendered":"Jury Wierszowiska 2017"},"content":{"rendered":"<h2><img loading=\"lazy\" class=\"aligncenter wp-image-2989 size-large\" src=\"https:\/\/i0.wp.com\/www.wierszowisko.com\/wp-content\/uploads\/Jerzy-1024x724.jpg?resize=640%2C453\" alt=\"\" width=\"640\" height=\"453\" srcset=\"https:\/\/i0.wp.com\/www.wierszowisko.com\/wp-content\/uploads\/Jerzy.jpg?resize=1024%2C724&amp;ssl=1 1024w, https:\/\/i0.wp.com\/www.wierszowisko.com\/wp-content\/uploads\/Jerzy.jpg?resize=300%2C212&amp;ssl=1 300w, https:\/\/i0.wp.com\/www.wierszowisko.com\/wp-content\/uploads\/Jerzy.jpg?resize=768%2C543&amp;ssl=1 768w, https:\/\/i0.wp.com\/www.wierszowisko.com\/wp-content\/uploads\/Jerzy.jpg?resize=150%2C106&amp;ssl=1 150w, https:\/\/i0.wp.com\/www.wierszowisko.com\/wp-content\/uploads\/Jerzy.jpg?resize=400%2C283&amp;ssl=1 400w, https:\/\/i0.wp.com\/www.wierszowisko.com\/wp-content\/uploads\/Jerzy.jpg?w=2048&amp;ssl=1 2048w, https:\/\/i0.wp.com\/www.wierszowisko.com\/wp-content\/uploads\/Jerzy.jpg?w=1280&amp;ssl=1 1280w, https:\/\/i0.wp.com\/www.wierszowisko.com\/wp-content\/uploads\/Jerzy.jpg?w=1920&amp;ssl=1 1920w\" sizes=\"(max-width: 640px) 100vw, 640px\" data-recalc-dims=\"1\" \/><\/h2>\n<h2 style=\"text-align: center;\">&nbsp;<\/h2>\n<h4 style=\"text-align: center;\">Po raz pierwszy&nbsp;w jury Wierszowiska. Pan Jerzy Maciej Fedorowicz.<\/h4>\n<p style=\"text-align: center;\">&nbsp;<\/p>\n<p style=\"text-align: center;\"><a href=\"https:\/\/www.facebook.com\/wierszowisko.festiwal\/photos\/a.1387012731340943.1073741842.264130666962494\/1387045901337626\/?type=3&amp;theater\"><img loading=\"lazy\" class=\"aligncenter wp-image-2873 size-large\" src=\"https:\/\/i0.wp.com\/www.wierszowisko.com\/wp-content\/uploads\/2-konsul-1024x724.jpg?resize=640%2C453\" width=\"640\" height=\"453\" srcset=\"https:\/\/i0.wp.com\/www.wierszowisko.com\/wp-content\/uploads\/2-konsul.jpg?resize=1024%2C724&amp;ssl=1 1024w, https:\/\/i0.wp.com\/www.wierszowisko.com\/wp-content\/uploads\/2-konsul.jpg?resize=300%2C212&amp;ssl=1 300w, https:\/\/i0.wp.com\/www.wierszowisko.com\/wp-content\/uploads\/2-konsul.jpg?resize=768%2C543&amp;ssl=1 768w, https:\/\/i0.wp.com\/www.wierszowisko.com\/wp-content\/uploads\/2-konsul.jpg?resize=150%2C106&amp;ssl=1 150w, https:\/\/i0.wp.com\/www.wierszowisko.com\/wp-content\/uploads\/2-konsul.jpg?resize=400%2C283&amp;ssl=1 400w, https:\/\/i0.wp.com\/www.wierszowisko.com\/wp-content\/uploads\/2-konsul.jpg?w=1316&amp;ssl=1 1316w\" sizes=\"(max-width: 640px) 100vw, 640px\" data-recalc-dims=\"1\" \/><\/a><\/p>\n<p style=\"text-align: center;\">&nbsp;<\/p>\n<h4 style=\"text-align: center;\">Od listopada konsul generalny w Holandii, na Wierszowisku po raz pierwszy. 2016<\/h4>\n<p style=\"text-align: center;\">&nbsp;<\/p>\n<p style=\"text-align: center;\">&nbsp;<\/p>\n<p style=\"text-align: center;\"><a href=\"https:\/\/www.facebook.com\/wierszowisko.festiwal\/photos\/a.1387012731340943.1073741842.264130666962494\/1387605474615002\/?type=3&amp;theater\"><span id=\"fbPhotoSnowliftCaption\" class=\"fbPhotosPhotoCaption\" tabindex=\"0\" data-ft=\"{&quot;tn&quot;:&quot;K&quot;}\"><span class=\"hasCaption\"><img loading=\"lazy\" class=\"aligncenter wp-image-2879 size-large\" src=\"https:\/\/i0.wp.com\/www.wierszowisko.com\/wp-content\/uploads\/Waldek-1024x724.jpg?resize=640%2C453\" width=\"640\" height=\"453\" srcset=\"https:\/\/i0.wp.com\/www.wierszowisko.com\/wp-content\/uploads\/Waldek.jpg?resize=1024%2C724&amp;ssl=1 1024w, https:\/\/i0.wp.com\/www.wierszowisko.com\/wp-content\/uploads\/Waldek.jpg?resize=300%2C212&amp;ssl=1 300w, https:\/\/i0.wp.com\/www.wierszowisko.com\/wp-content\/uploads\/Waldek.jpg?resize=768%2C543&amp;ssl=1 768w, https:\/\/i0.wp.com\/www.wierszowisko.com\/wp-content\/uploads\/Waldek.jpg?resize=150%2C106&amp;ssl=1 150w, https:\/\/i0.wp.com\/www.wierszowisko.com\/wp-content\/uploads\/Waldek.jpg?resize=400%2C283&amp;ssl=1 400w, https:\/\/i0.wp.com\/www.wierszowisko.com\/wp-content\/uploads\/Waldek.jpg?w=1316&amp;ssl=1 1316w\" sizes=\"(max-width: 640px) 100vw, 640px\" data-recalc-dims=\"1\" \/><\/span><\/span><\/a><\/p>\n<p style=\"text-align: center;\">&nbsp;<\/p>\n<h4 style=\"text-align: center;\"><span id=\"fbPhotoSnowliftCaption\" class=\"fbPhotosPhotoCaption\" tabindex=\"0\" data-ft=\"{&quot;tn&quot;:&quot;K&quot;}\"><span class=\"hasCaption\">PNKV chyba &#8220;od zawsze&#8221; jest obecne na Wierszowisku. Po raz kolejny z ramienia tej organizacji jurorem b\u0119dzie <a id=\"js_2v\" href=\"https:\/\/www.facebook.com\/waldemar.pankiw\" data-hovercard=\"\/ajax\/hovercard\/user.php?id=1712573151&amp;extragetparams=%7B%22directed_target_id%22%3A0%7D\" data-hovercard-prefer-more-content-show=\"1\">Waldemar Pankiw<\/a><\/span><\/span><span id=\"fbPhotoSnowliftTagList\" class=\"fbPhotoTagList\"> <\/span><\/h4>\n<p style=\"text-align: center;\">&nbsp;<\/p>\n<p style=\"text-align: center;\"><a href=\"https:\/\/www.facebook.com\/wierszowisko.festiwal\/photos\/a.1387012731340943.1073741842.264130666962494\/1387644484611101\/?type=3&amp;theater\"><span id=\"fbPhotoSnowliftCaption\" class=\"fbPhotosPhotoCaption\" tabindex=\"0\" data-ft=\"{&quot;tn&quot;:&quot;K&quot;}\"><span class=\"hasCaption\"><img loading=\"lazy\" class=\"aligncenter wp-image-2875 size-large\" src=\"https:\/\/i0.wp.com\/www.wierszowisko.com\/wp-content\/uploads\/Ela-Weiss-1024x724.jpg?resize=640%2C453\" width=\"640\" height=\"453\" srcset=\"https:\/\/i0.wp.com\/www.wierszowisko.com\/wp-content\/uploads\/Ela-Weiss.jpg?resize=1024%2C724&amp;ssl=1 1024w, https:\/\/i0.wp.com\/www.wierszowisko.com\/wp-content\/uploads\/Ela-Weiss.jpg?resize=300%2C212&amp;ssl=1 300w, https:\/\/i0.wp.com\/www.wierszowisko.com\/wp-content\/uploads\/Ela-Weiss.jpg?resize=768%2C543&amp;ssl=1 768w, https:\/\/i0.wp.com\/www.wierszowisko.com\/wp-content\/uploads\/Ela-Weiss.jpg?resize=150%2C106&amp;ssl=1 150w, https:\/\/i0.wp.com\/www.wierszowisko.com\/wp-content\/uploads\/Ela-Weiss.jpg?resize=400%2C283&amp;ssl=1 400w, https:\/\/i0.wp.com\/www.wierszowisko.com\/wp-content\/uploads\/Ela-Weiss.jpg?w=1316&amp;ssl=1 1316w\" sizes=\"(max-width: 640px) 100vw, 640px\" data-recalc-dims=\"1\" \/><\/span><\/span><\/a><\/p>\n<p style=\"text-align: center;\">&nbsp;<\/p>\n<p style=\"text-align: center;\">&nbsp;<\/p>\n<h4 style=\"text-align: center;\"><span id=\"fbPhotoSnowliftCaption\" class=\"fbPhotosPhotoCaption\" tabindex=\"0\" data-ft=\"{&quot;tn&quot;:&quot;K&quot;}\"><span class=\"hasCaption\">Po raz drugi w jury Wierszowiska, pani El\u017cbieta Niemczuk-Weiss z Levende Talen.<\/span><\/span><span id=\"fbPhotoSnowliftTagList\" class=\"fbPhotoTagList\"> <\/span><\/h4>\n<p style=\"text-align: center;\">&nbsp;<\/p>\n<p style=\"text-align: center;\"><a href=\"https:\/\/www.facebook.com\/wierszowisko.festiwal\/photos\/a.1387012731340943.1073741842.264130666962494\/1387704184605131\/?type=3&amp;theater\"><img loading=\"lazy\" class=\"aligncenter wp-image-2874 size-large\" src=\"https:\/\/i0.wp.com\/www.wierszowisko.com\/wp-content\/uploads\/Agnieszka-Steur-1024x724.jpg?resize=640%2C453\" width=\"640\" height=\"453\" srcset=\"https:\/\/i0.wp.com\/www.wierszowisko.com\/wp-content\/uploads\/Agnieszka-Steur.jpg?resize=1024%2C724&amp;ssl=1 1024w, https:\/\/i0.wp.com\/www.wierszowisko.com\/wp-content\/uploads\/Agnieszka-Steur.jpg?resize=300%2C212&amp;ssl=1 300w, https:\/\/i0.wp.com\/www.wierszowisko.com\/wp-content\/uploads\/Agnieszka-Steur.jpg?resize=768%2C543&amp;ssl=1 768w, https:\/\/i0.wp.com\/www.wierszowisko.com\/wp-content\/uploads\/Agnieszka-Steur.jpg?resize=150%2C106&amp;ssl=1 150w, https:\/\/i0.wp.com\/www.wierszowisko.com\/wp-content\/uploads\/Agnieszka-Steur.jpg?resize=400%2C283&amp;ssl=1 400w, https:\/\/i0.wp.com\/www.wierszowisko.com\/wp-content\/uploads\/Agnieszka-Steur.jpg?w=1316&amp;ssl=1 1316w\" sizes=\"(max-width: 640px) 100vw, 640px\" data-recalc-dims=\"1\" \/><\/a><\/p>\n<h4 style=\"text-align: center;\"><span id=\"fbPhotoSnowliftCaption\" class=\"fbPhotosPhotoCaption\" tabindex=\"0\" data-ft=\"{&quot;tn&quot;:&quot;K&quot;}\"><span class=\"hasCaption\">Po raz czwarty w jury Wierszowiska &#8211;<\/span><\/span><span id=\"fbPhotoSnowliftTagList\" class=\"fbPhotoTagList\"><span class=\"fcg\">&nbsp;<span class=\"fbPhotoTagListTag tagItem\"><a class=\"taggee\" href=\"https:\/\/www.facebook.com\/agnieszka.steur\" data-tag=\"100001065810462\" data-hovercard=\"\/ajax\/hovercard\/hovercard.php?id=100001065810462&amp;type=mediatag&amp;media_info=6.1387704184605131\" data-hovercard-prefer-more-content-show=\"1\">Agnieszka Steur<\/a><\/span> <\/span><\/span><\/h4>\n<p style=\"text-align: center;\">&nbsp;<\/p>\n<p style=\"text-align: center;\"><a href=\"https:\/\/www.facebook.com\/wierszowisko.festiwal\/photos\/a.1387012731340943.1073741842.264130666962494\/1391797374195812\/?type=3&amp;theater\"><img loading=\"lazy\" class=\"aligncenter wp-image-2876 size-large\" src=\"https:\/\/i0.wp.com\/www.wierszowisko.com\/wp-content\/uploads\/Ewa-1024x724.jpg?resize=640%2C453\" width=\"640\" height=\"453\" srcset=\"https:\/\/i0.wp.com\/www.wierszowisko.com\/wp-content\/uploads\/Ewa.jpg?resize=1024%2C724&amp;ssl=1 1024w, https:\/\/i0.wp.com\/www.wierszowisko.com\/wp-content\/uploads\/Ewa.jpg?resize=300%2C212&amp;ssl=1 300w, https:\/\/i0.wp.com\/www.wierszowisko.com\/wp-content\/uploads\/Ewa.jpg?resize=768%2C543&amp;ssl=1 768w, https:\/\/i0.wp.com\/www.wierszowisko.com\/wp-content\/uploads\/Ewa.jpg?resize=150%2C106&amp;ssl=1 150w, https:\/\/i0.wp.com\/www.wierszowisko.com\/wp-content\/uploads\/Ewa.jpg?resize=400%2C283&amp;ssl=1 400w, https:\/\/i0.wp.com\/www.wierszowisko.com\/wp-content\/uploads\/Ewa.jpg?w=1316&amp;ssl=1 1316w\" sizes=\"(max-width: 640px) 100vw, 640px\" data-recalc-dims=\"1\" \/><\/a><\/p>\n<h4 style=\"text-align: center;\">Po raz pierwszy w jury Wierszowiska, po raz pierwszy na Wierszowisku-go\u015b\u0107 z polonii niemieckiej, prezes Macierzy Szkolnej w Niemczech- Ewa Mi\u017cejewska.<\/h4>\n<p style=\"text-align: center;\">&nbsp;<\/p>\n<p style=\"text-align: center;\">&nbsp;<\/p>\n<p style=\"text-align: center;\"><a href=\"https:\/\/www.facebook.com\/wierszowisko.festiwal\/photos\/a.1387012731340943.1073741842.264130666962494\/1388666964508853\/?type=3&amp;theater\"><img loading=\"lazy\" class=\"aligncenter wp-image-2877 size-large\" src=\"https:\/\/i0.wp.com\/www.wierszowisko.com\/wp-content\/uploads\/Iza-1024x724.jpg?resize=640%2C453\" width=\"640\" height=\"453\" srcset=\"https:\/\/i0.wp.com\/www.wierszowisko.com\/wp-content\/uploads\/Iza.jpg?resize=1024%2C724&amp;ssl=1 1024w, https:\/\/i0.wp.com\/www.wierszowisko.com\/wp-content\/uploads\/Iza.jpg?resize=300%2C212&amp;ssl=1 300w, https:\/\/i0.wp.com\/www.wierszowisko.com\/wp-content\/uploads\/Iza.jpg?resize=768%2C543&amp;ssl=1 768w, https:\/\/i0.wp.com\/www.wierszowisko.com\/wp-content\/uploads\/Iza.jpg?resize=150%2C106&amp;ssl=1 150w, https:\/\/i0.wp.com\/www.wierszowisko.com\/wp-content\/uploads\/Iza.jpg?resize=400%2C283&amp;ssl=1 400w, https:\/\/i0.wp.com\/www.wierszowisko.com\/wp-content\/uploads\/Iza.jpg?w=1316&amp;ssl=1 1316w\" sizes=\"(max-width: 640px) 100vw, 640px\" data-recalc-dims=\"1\" \/><\/a><\/p>\n<p style=\"text-align: center;\">&nbsp;<\/p>\n<p style=\"text-align: center;\">&nbsp;<\/p>\n<h4 style=\"text-align: center;\"><span id=\"fbPhotoSnowliftCaption\" class=\"fbPhotosPhotoCaption\" tabindex=\"0\" data-ft=\"{&quot;tn&quot;:&quot;K&quot;}\"><span class=\"hasCaption\">Po raz pierwszy w jury Wierszowiska, druhna<\/span><\/span><span id=\"fbPhotoSnowliftTagList\" class=\"fbPhotoTagList\"><span class=\"fcg\">&nbsp;<span class=\"fbPhotoTagListTag tagItem\"><a class=\"taggee\" href=\"https:\/\/www.facebook.com\/izabela.kucminbemelmans\" data-tag=\"818470692\" data-hovercard=\"\/ajax\/hovercard\/hovercard.php?id=818470692&amp;type=mediatag&amp;media_info=6.1388666964508853\" data-hovercard-prefer-more-content-show=\"1\">Izabela Kucmin-Bemelmans<\/a>&nbsp;!<\/span><\/span><\/span><\/h4>\n<p style=\"text-align: center;\">&nbsp;<\/p>\n<p style=\"text-align: center;\"><a href=\"https:\/\/www.facebook.com\/wierszowisko.festiwal\/photos\/a.1387012731340943.1073741842.264130666962494\/1391792927529590\/?type=3&amp;theater\"><img loading=\"lazy\" class=\"aligncenter wp-image-2878 size-large\" src=\"https:\/\/i0.wp.com\/www.wierszowisko.com\/wp-content\/uploads\/Marta-1024x724.jpg?resize=640%2C453\" width=\"640\" height=\"453\" srcset=\"https:\/\/i0.wp.com\/www.wierszowisko.com\/wp-content\/uploads\/Marta.jpg?resize=1024%2C724&amp;ssl=1 1024w, https:\/\/i0.wp.com\/www.wierszowisko.com\/wp-content\/uploads\/Marta.jpg?resize=300%2C212&amp;ssl=1 300w, https:\/\/i0.wp.com\/www.wierszowisko.com\/wp-content\/uploads\/Marta.jpg?resize=768%2C543&amp;ssl=1 768w, https:\/\/i0.wp.com\/www.wierszowisko.com\/wp-content\/uploads\/Marta.jpg?resize=150%2C106&amp;ssl=1 150w, https:\/\/i0.wp.com\/www.wierszowisko.com\/wp-content\/uploads\/Marta.jpg?resize=400%2C283&amp;ssl=1 400w, https:\/\/i0.wp.com\/www.wierszowisko.com\/wp-content\/uploads\/Marta.jpg?w=1316&amp;ssl=1 1316w\" sizes=\"(max-width: 640px) 100vw, 640px\" data-recalc-dims=\"1\" \/><\/a><\/p>\n<p style=\"text-align: center;\">&nbsp;<\/p>\n<h4 style=\"text-align: center;\">Sekretarz jury- <a href=\"https:\/\/www.facebook.com\/marta.sokolowska.313\" data-hovercard=\"\/ajax\/hovercard\/user.php?id=722880033&amp;extragetparams=%7B%22directed_target_id%22%3A0%7D\" data-hovercard-prefer-more-content-show=\"1\">Marta Sokolowska<\/a>. B\u0119dzie wspiera\u0142a juror\u00f3w w ich pracy, czuwa\u0142a nad ca\u0142o\u015bci\u0105 wybor\u00f3w. Sama, jako sekretarz, nie bierze udzia\u0142u w g\u0142osowaniu.<\/h4>\n","protected":false},"excerpt":{"rendered":"<p> &nbsp; Po raz pierwszy&nbsp;w jury Wierszowiska. Pan Jerzy Maciej Fedorowicz. <\/p>\n<p style=\"text-align: center;\">&nbsp;<\/p>\n<p style=\"text-align: center;\">\n<p style=\"text-align: center;\">&nbsp;<\/p>\n<p> Od listopada konsul generalny w Holandii, na Wierszowisku po raz pierwszy. 2016 <\/p>\n<p style=\"text-align: center;\">&nbsp;<\/p>\n<p style=\"text-align: center;\">&nbsp;<\/p>\n<p style=\"text-align: center;\">\n<p style=\"text-align: center;\">&nbsp;<\/p>\n<p> PNKV chyba &#8220;od zawsze&#8221; jest obecne na Wierszowisku. Po raz kolejny [&#8230;]<\/p>\n","protected":false},"author":3,"featured_media":0,"parent":0,"menu_order":0,"comment_status":"closed","ping_status":"closed","template":"","meta":{"ngg_post_thumbnail":0,"spay_email":""},"_links":{"self":[{"href":"https:\/\/www.wierszowisko.com\/index.php?rest_route=\/wp\/v2\/pages\/2884"}],"collection":[{"href":"https:\/\/www.wierszowisko.com\/index.php?rest_route=\/wp\/v2\/pages"}],"about":[{"href":"https:\/\/www.wierszowisko.com\/index.php?rest_route=\/wp\/v2\/types\/page"}],"author":[{"embeddable":true,"href":"https:\/\/www.wierszowisko.com\/index.php?rest_route=\/wp\/v2\/users\/3"}],"replies":[{"embeddable":true,"href":"https:\/\/www.wierszowisko.com\/index.php?rest_route=%2Fwp%2Fv2%2Fcomments&post=2884"}],"version-history":[{"count":18,"href":"https:\/\/www.wierszowisko.com\/index.php?rest_route=\/wp\/v2\/pages\/2884\/revisions"}],"predecessor-version":[{"id":2990,"href":"https:\/\/www.wierszowisko.com\/index.php?rest_route=\/wp\/v2\/pages\/2884\/revisions\/2990"}],"wp:attachment":[{"href":"https:\/\/www.wierszowisko.com\/index.php?rest_route=%2Fwp%2Fv2%2Fmedia&parent=2884"}],"curies":[{"name":"wp","href":"https:\/\/api.w.org\/{rel}","templated":true}]}}