{"id":234,"date":"2014-03-08T23:19:09","date_gmt":"2014-03-08T23:19:09","guid":{"rendered":"http:\/\/www.wierszowisko.com\/?page_id=234"},"modified":"2015-09-24T16:56:31","modified_gmt":"2015-09-24T16:56:31","slug":"2013-wierszowisko","status":"publish","type":"page","link":"https:\/\/www.wierszowisko.com\/?page_id=234","title":{"rendered":"2013 Wierszowisko"},"content":{"rendered":"<div>\n<div>\n<h3>Forum Pol\u00adskich Szk\u00f3\u0142 w\u00a0Holan\u00addii zapra\u00adsza do\u00a0wzi\u0119\u00adcia udzia\u0142u w\u00a0XIII Festi\u00adwalu Pol\u00adskiej Poezji dla Dzieci \u2013 Wier\u00adszo\u00adwi\u00adsko 2013, kt\u00f3ry\u00a0odb\u0119\u00addzie si\u0119 24 marca 2013 o\u00a0godz. 12.00 w\u00a0Malden.<\/h3>\n<h3><\/h3>\n<\/div>\n<p><b>Czym jest Wier\u00adszo\u00adwi\u00adsko?<\/b><br \/>\nDla nas, os\u00f3b zwi\u0105\u00adza\u00adnych z\u00a0FPSN, jest to\u00a0nie\u00adzwy\u00adk\u0142e wyda\u00adrze\u00adnie. Jed\u00adnego dnia, na\u00a0jed\u00adnej sce\u00adnie, spo\u00adty\u00adkaj\u0105 si\u0119 ucznio\u00adwie naszych szk\u00f3\u0142. Sp\u0119\u00addzamy ze\u00a0sob\u0105 ca\u0142y dzie\u0144, pozna\u00adjemy si\u0119, rywa\u00adli\u00adzu\u00adjemy ze\u00a0sob\u0105, ale\u00a0i\u00a0uczymy si\u0119 od\u00a0sie\u00adbie, zaprzy\u00adja\u017a\u00adniamy. Podobno nazywa si\u0119 to\u00a0fachowo inte\u00adgra\u00adcj\u0105 \u015brodo\u00adwi\u00adska polo\u00adnij\u00adnego.<br \/>\n<b><br \/>\nKto przy\u00adje\u017c\u00add\u017ca na\u00a0Wier\u00adszo\u00adwi\u00adsko?<\/b><br \/>\nW jed\u00adnej sali zbiera si\u0119 naj\u00adcen\u00adniej\u00adsza ener\u00adgia, jak\u0105 nasza wsp\u00f3l\u00adnota ma w\u00a0oso\u00adbach dzieci, m\u0142o\u00addzie\u017cy i\u00a0ich opie\u00adku\u00adn\u00f3w. Wszy\u00adscy chc\u0105 by\u0107 razem, m\u00f3wi\u0107 po\u00a0pol\u00adsku, pozna\u00adwa\u0107 pol\u00adsk\u0105 lite\u00adra\u00adtur\u0119, jak naj\u00adpi\u0119k\u00adniej m\u00f3wi\u0107 po\u00a0pol\u00adsku. Poka\u00adzu\u00adjemy kolej\u00adnym poko\u00adle\u00adniom, \u017ce\u00a0j\u0119zyk pol\u00adski, cho\u00adcia\u017c trudny, jest r\u00f3w\u00adnie\u017c j\u0119zy\u00adkiem nie\u00adzwy\u00adkle pi\u0119k\u00adnym. Nie mo\u017cna prze\u00adka\u00adza\u0107 tego lepiej ni\u017c poprzez tek\u00adsty Brze\u00adchwy, Tuwima i\u00a0mniej lub bar\u00addziej zna\u00adnych pol\u00adskich poet\u00f3w, kt\u00f3\u00adrzy\u00a0tak pi\u0119k\u00adnie pisali i\u00a0pisz\u0105 dla dzieci. Obec\u00adnie wszy\u00adscy skar\u017c\u0105 si\u0119 na\u00a0znie\u00adczu\u00adlic\u0119, na\u00a0brak moty\u00adwa\u00adcji, na\u00a0brak czasu i\u00a0na wiele innych rze\u00adczy. Dla\u00adtego fakt, \u017ce\u00a0co roku spo\u00adty\u00adkaj\u0105 si\u0119 wszy\u00adscy razem na\u00a0kolej\u00adnym Festi\u00adwalu jest tak wyj\u0105t\u00adkowy. Nikomu nie szkoda czasu na\u00a0to, \u017ceby\u00a0po\u0107wi\u00adczy\u0107 z\u00a0dzie\u0107mi w\u00a0domu, przy\u00adgo\u00adto\u00adwa\u0107 je do\u00a0swo\u00adjej roli, zro\u00adbi\u0107 deko\u00adra\u00adcje, uszy\u0107 kostiumy. A\u00a0dziecko raz zara\u00ad\u017cone bak\u00adcy\u00adlem Wier\u00adszo\u00adwi\u00adska, nie pozbywa si\u0119 go tak szybko. Dla\u00adtego te\u017c absol\u00adwenci, pro\u00adsz\u0105, aby pami\u0119\u00adta\u0107 o\u00a0nich przy obsa\u00addach r\u00f3l do\u00a0kolej\u00adnych wyst\u0119\u00adp\u00f3w. Zasady naszego Festi\u00adwalu udo\u00adst\u0119p\u00adni\u00adli\u00ad\u015bmy Macie\u00adrzy Pol\u00adskiej w\u00a0Lon\u00addy\u00adnie, kt\u00f3ra\u00a0zor\u00adga\u00adni\u00adzo\u00adwa\u0142a swoje pierw\u00adsze Wier\u00adszo\u00adwi\u00adsko na\u00a0Wyspach Bry\u00adtyj\u00adskich w\u00a0maju 2012.<br \/>\n<b><br \/>\nKiedy i\u00a0gdzie odbywa si\u0119 Wier\u00adszo\u00adwi\u00adsko?<\/b><br \/>\nXIII Festi\u00adwal Pol\u00adskiej Poezji Dzie\u00adci\u0119\u00adcej, kt\u00f3\u00adrego\u00a0tema\u00adtem jest \u201eWeso\u0142e wier\u00adszyki, \u015bmieszne \u017carciki\u201d odb\u0119\u00addzie si\u0119 dnia 24 marca 2013 w\u00a0Kul\u00adtu\u00adral\u00adnym Cen\u00adtrum Mal\u00adden\u00adste\u00adijn w\u00a0Mal\u00adden k. Nij\u00adme\u00adgen o\u00a0godzi\u00adnie 12.00. Zapre\u00adzen\u00adtuj\u0105 si\u0119, recy\u00adtu\u00adj\u0105c pol\u00adsk\u0105 poezj\u0119, ucznio\u00adwie z\u00a0dzie\u00adwi\u0119\u00adciu pol\u00adskich szk\u00f3\u0142, zrze\u00adszo\u00adnych w\u00a0Forum, w\u00a0wieku od\u00a04 do\u00a013 lat oraz\u00a0zapro\u00adszeni go\u015bcie. \u0141\u0105cznie na\u00a0sce\u00adnie teatru wyst\u0105pi oko\u0142o 100 dzieci! Odb\u0119d\u0105 si\u0119 wyst\u0119py dzieci w\u00a0czte\u00adrech kate\u00adgo\u00adriach wie\u00adko\u00adwych Indywidualnych:<\/p>\n<ul>\n<li>od\u00a04 do\u00a06\u00a0lat<\/li>\n<li>od\u00a07 do\u00a09\u00a0lat<\/li>\n<li>od\u00a010 do\u00a013\u00a0lat<\/li>\n<\/ul>\n<p>W\u00a0kate\u00adgo\u00adrii Przed\u00adsta\u00adwie\u00adnie Zbio\u00adrowe wyst\u0105\u00adpi\u0105 przed\u00adsta\u00adwi\u00adciele 13 szk\u00f3\u0142 pol\u00adskich na\u00a0tere\u00adnie Kr\u00f3\u00adle\u00adstwa Nider\u00adlan\u00add\u00f3w. Oce\u00adnia\u0107 wszyst\u00adkie wyst\u0119py b\u0119dzie wspa\u00adnia\u0142e Jury w sk\u0142adzie:<\/p>\n<ul>\n<li>Barbara Borys-Dami\u0119cka \u2013 Senator RP, przewodnicz\u0105ca Jury<\/li>\n<li>Ma\u0142gorzata Pacek \u2013 Konsul Ambasady RP w Hadze<\/li>\n<li>\u0141ukasz Wierzbicki \u2013 autor ksi\u0105\u017cek dla dzieci, podr\u00f3\u017cnik<\/li>\n<li>Waldemar Pankiw \u2013 przedstawiciel PNKV<\/li>\n<li>Agnieszka Glapiak-Przytula \u2013 sekretarz, sympatyk FPSN<\/li>\n<\/ul>\n<p><b>Czy co\u015b nowego b\u0119dzie w\u00a0tym roku?<\/b><br \/>\nW tym roku Orga\u00adni\u00adza\u00adto\u00adrzy zadbali o\u00a0kilka nie\u00adspo\u00addzia\u00adnek, jedn\u0105 z\u00a0nich b\u0119dzie <a title=\"&#96;Beata \u015acibak\u00f3wna\" href=\"http:\/\/pl.wikipedia.org\/wiki\/Beata_%C5%9Acibak%C3%B3wna\" target=\"_blank\"><strong>Beata \u015aciba\u00adk\u00f3wna<\/strong><\/a>, pol\u00adska aktorka teatralna i\u00a0fil\u00admowa, kt\u00f3ra\u00a0z\u00a0dzie\u0107mi b\u0119dzie pro\u00adwa\u00addzi\u0142a Wierszowisko.<\/p>\n<p>Wierszowisko prowadz\u0105:<\/p>\n<ul>\n<li>Beata \u015acibak\u00f3wna \u2013 polska aktorka teatralna i filmowa, go\u015b\u0107 specjalny<\/li>\n<li>Karolina Aerts \u2013 Polska Szko\u0142a Eindhoven<\/li>\n<li>Tomasz Karawajczyk \u2013 wsp\u00f3\u0142koordynator Wierszowiska<\/li>\n<\/ul>\n<p><b>Czy co\u015b jesz\u00adcze jest w\u00a0Mal\u00adden tego dnia?<\/b><br \/>\nW trak\u00adcie trwa\u00adnia imprezy odb\u0119\u00addzie si\u0119 r\u00f3w\u00adnie\u017c uro\u00adczy\u00adste roz\u00adda\u00adnie nagr\u00f3d dla zwy\u00adci\u0119z\u00adc\u00f3w Kon\u00adkursu Pla\u00adstycz\u00adnego, zor\u00adga\u00adni\u00adzo\u00adwa\u00adnego przez FPSN przy wsp\u00f3\u0142\u00adpracy z\u00a0Pol\u00adsk\u0105 Szko\u0142\u0105 w\u00a0Bre\u00addzie a\u00a0kt\u00f3\u00adrego tema\u00adtem jest \u201eMalar\u00adstwo holen\u00adder\u00adskie na\u00a0weso\u0142o\u201d czy\u00adtaj wi\u0119cej\u2026<\/p>\n<p><b>Gdzie mo\u017cna o\u00a0Was dowie\u00addzie\u0107 si\u0119 wi\u0119\u00adcej?<\/b><br \/>\nSzcze\u00adg\u00f3\u00ad\u0142owe infor\u00adma\u00adcje mo\u017cna zna\u00adle\u017a\u0107 na\u00a0naszej stro\u00adnie inter\u00adne\u00adto\u00adwej www.fpsn.nl i\u00a0www.wierszowisko.com lub pod\u00a0nume\u00adrem tele\u00adfonu <a href=\"tel:%2B31%280%29610%20388%20521\" target=\"_blank\">+31(0)610\u00a0388\u00a0521<\/a>. Wszel\u00adkie pyta\u00adnia pro\u00adsimy kie\u00adro\u00adwa\u0107 r\u00f3w\u00adnie\u017c na\u00a0adres: <a href=\"mailto:wierszowisko@fpsn.nl\" target=\"_blank\">wierszowisko@fpsn.nl<\/a><\/p>\n<p>Ma\u0142\u00adgo\u00adrzata Sm\u00f3\u0142ka i\u00a0Tomasz Karawajczyk<\/p>\n<p>ju\u017c po&#8230;<\/p>\n<p>TRZYNASTY FESTIWAL POLSKIEJ POEZJI DLA DZIECI UWA\u017bAM ZA ZAMKNI\u0118TY!<\/p>\n<p>Przynajmniej oficjalnie. Na ten moment przez ca\u0142y rok pracuje sztab ludzi. Wszystko po to, aby nasi uczniowie mogli zaprezentowa\u0107 na scenie to, co w polskiej literaturze dla dzieci mamy najlepszego. Poziom prezentacji z roku na rok coraz wy\u017cszy ale zostaje to, co dla organizator\u00f3w najwa\u017cniejsze &#8211; przyjemno\u015b\u0107 i duma z wzi\u0119cia udzia\u0142u w Wierszowisku. Cieszy nas to niezmiernie. Dolozymy wszelkich staran, aby te odczucia nie zmieni\u0142y si\u0119 w nadchodz\u0105cych latach. Tak jak ka\u017cdego roku, pojawiaj\u0105 si\u0119 uwagi, w\u0105tpliwo\u015bci powracaj\u0105 te same kwestie, poruszane przez nowych uczestnik\u00f3w na kt\u00f3re niestety do tej pory nikomu dobrego sposobu znale\u017a\u0107 si\u0119 nie uda\u0142o \u201eZa d\u0142ugo\u201d, \u201eRozdawanie nagr\u00f3d skr\u00f3ci\u0107&#8230; ale dekorowa\u0107 ka\u017cde dziecko indywidualnie!\u201d, \u201eNiekt\u00f3re wyst\u0119py grupowe trwaj\u0105 zdecydowanie za d\u0142ugo\u201d, \u201eNagrody nie do ko\u0144ca spe\u0142niaj\u0105 oczekiwania uczestnik\u00f3w&#8230; i mo\u017cna tak wymienia\u0107 jeszcze d\u0142ugo. S\u0105 to jak najbardziej (w wi\u0119kszo\u015bci s\u0142uszne uwagi i w\u0105tpliwo\u015bci jednak jak znale\u017a\u0107 ten z\u0142oty \u015brodek. Wierszowisko jak najbardziej mo\u017ce trwa\u0107 kr\u00f3cej. Pod warunkiem, \u017ce wszystkie szko\u0142y zgodz\u0105 si\u0119 na to, \u017ceby wystawia\u0107 tylko po jednym uczestniku do ka\u017cdej kategorii wiekowej. I je\u015bli wszystkie szko\u0142y b\u0119d\u0105 trzyma\u0142y si\u0119 regulaminu i po maksymalnie 10 minutach \u201ezbior\u00f3wki\u201d zejd\u0105 ze sceny ust\u0119puj\u0105c miejsca nast\u0119pnym. Chcia\u0142am zaznaczy\u0107, \u017ce szk\u00f3\u0142 jest 13 i teoretycznie, pewnego razu, w wyst\u0119pie grupowym mog\u0105 zechcie\u0107 wyst\u0105pi\u0107 wszystkie. Czy trzeba b\u0119dzie odmawia\u0107?! Chcemy da\u0107 szanse wykaza\u0107 si\u0119 wszystkim ale jest to organizacyjnie nie do zrealizowania. Tak jak tworz\u0105c coraz wi\u0119cej dodatkowych nagr\u00f3d aby ka\u017cdy jak\u0105\u015b zdoby\u0142 mija si\u0119 z celem. Przynajmniej z celem tej imprezy. To jest konkurs a w konkursie s\u0105 ci, kt\u00f3rzy wygrywaj\u0105 i ci, kt\u00f3rym tym razem si\u0119 nie uda\u0142o wygra\u0107. Za to szanse maja za rok! Na miejsca exequvo i wyr\u00f3\u017cnienia organizatorzy zgadzaj\u0105 si\u0119 tylko na usilne naciski jury. I mo\u017ce si\u0119 to nie podoba\u0107 mo\u017cna si\u0119 z tym nie zgadza\u0107 ale c\u00f3\u017c takie jest prawo organizator\u00f3w. Tylko \u017ce dyskutowa\u0107 o tym warto jak najbardziej. A ju\u017c podpowiada\u0107 ciekawe rozwi\u0105zania usprawniaj\u0105ce przebieg festiwalu jak najbardziej! Dlatego tak bardzo jeste\u015bmy wdzi\u0119czni za wszystkie maile, telefony z uwagami bo tylko wtedy mo\u017cemy ci\u0105gle nasza imprez\u0119 ulepsza\u0107.<\/p>\n<p>Zamykam oczy i przypominam sobie g\u0142osy dzieci, przepi\u0119kne stroje, zabawne rozwi\u0105zania rado\u015b\u0107 z medalu czy nagrody, duma w oczach rodzic\u00f3w i nauczycieli&#8230; I wtedy pojawia si\u0119 to s\u0142odkie poczucie spe\u0142nienia. Warto by\u0142o przepracowa\u0107 tyle godzin, po\u015bwi\u0119ci\u0107 wiele weekend\u00f3w i wieczor\u00f3w, napisa\u0107 setki maili i wykona\u0107 jeszcze wi\u0119cej telefon\u00f3w. Po prostu warto. Wierze w to, \u017ce udzia\u0142 w Wierszowisku zostanie w pami\u0119ci naszych dzieci na d\u0142ugo. \u017be b\u0119d\u0105 to p\u00f3\u017aniej wspomina\u0107, i \u017ce b\u0119d\u0105 to dobre wspomnienia.<\/p>\n<p>Tak jak ka\u017cdego roku, nie mo\u017ce oby\u0107 si\u0119 bez d\u0142ugiej listy podzi\u0119kowa\u0144. To dla mnie bardzo wa\u017cne aby jeszcze raz uk\u0142oni\u0107 si\u0119 tym, bez kt\u00f3rych nie uda\u0142oby mi si\u0119 wypracowa\u0107 tej marki, jak\u0105 ju\u017c ma nasze Wierszowisko. I dlatego:<br \/>\nTomkowi Karawajczykowi za tak wiele, \u017ce nie starczy miejsca w tym artykule. Bez niego wygl\u0105da\u0142oby to o wiele smutniej i du\u017co mniej profesjonalnie. A tak\u017ce dla Ani Karawajczyk za niebywa\u0142\u0105 wyrozumia\u0142o\u015b\u0107 i cierpliwo\u015b\u0107 oraz dla Emilki, Filipa i Hani Karawajczyk.<\/p>\n<p>Dla Zarz\u0105du Forum Polskich Szk\u00f3\u0142 w Holandii za ogrom pracy i wsparcia w tym projekcie. Wierszowisko jest Forumowe i istnieje w\u0142a\u015bnie dzi\u0119ki tej organizacji.<br \/>\nDla Eli Rodenburg za niezwyk\u0142\u0105 umiej\u0119tno\u015b\u0107 \u0142agodnego rozwi\u0105zywania tych mniejszych i wi\u0119kszych problem\u00f3w za festiwalowymi kulisami. Bez niej ugrz\u0119z\u0142abym na d\u0142ugo nie raz, nie dwa. Dzi\u0119kuj\u0119 ci Elu z ca\u0142ego serca!<br \/>\nDla Pani Senator Barbary Borys-Dami\u0119ckiej i jej Biura Senatorskiego, za nieustaj\u0105ce wsparcie naszego projektu, reklamowanie go w ro\u017cnych \u015brodowiskach, za dobre s\u0142owo, krytyczne oko, za po\u015bwi\u0119can\u0105 energi\u0119 i za przemi\u0142e gesty uznania za nasza prace. Dla mnie to prawdziwy zaszczyt.<br \/>\nDla Pani Konsul Ma\u0142gorzaty Pacek za wielkie wsparcie ze strony Ambasady RP w Hadze i za niezwyk\u0142\u0105 determinacj\u0119 w dotarciu do Malden w miniona niedziele!<br \/>\nDla Agnieszki Glapiak-Przytu\u0142y, Agaty Skwarek za tegoroczne \u201eogarniecie mojego frontu domowego\u201d a dla Ramsesa Duin za po\u015bwi\u0119cenie ca\u0142ego weekendu dla naszych go\u015bci specjalnych. Dank je wel Ramses!<br \/>\nDla pani Beaty \u015acibak\u00f3wny za profesjonalizm, kt\u00f3rego b\u0119d\u0105 nam teraz zazdro\u015bcili wszyscy organizatorzy podobnych imprez w Europie! Swoja osoba doda\u0142a naszemu festiwalowi wyj\u0105tkowego uroku i mamy nadzieje, \u017ce nie by\u0142a to jednorazowa przygoda.<br \/>\nDla Karoliny Aerts za odwag\u0119 podj\u0119cia si\u0119 nowego wyzwania. Chcemy coraz cz\u0119\u015bciej zaprasza\u0107 uczestnik\u00f3w Festiwalu do podejmowania si\u0119 innych zada\u0144, wyst\u0119powania w innych rolach. Niech to b\u0119dzie naprawd\u0119 wasz Festiwal!<br \/>\nDla Jury, kt\u00f3re wywi\u0105za\u0142o si\u0119 z niezwykle trudnego zadania wr\u0119cz rewelacyjnie. Dzi\u0119kuj\u0119 za ten ogrom pracy, kt\u00f3ry w\u0142o\u017cyli\u015bcie w ocenianie naszych uczestnik\u00f3w.<br \/>\nDla \u0141ukasza Wierzbickiego za wielkie zaanga\u017cowanie, jego niezwykle ksi\u0105\u017ckowe opowie\u015bci, za przyjazd z Polski na kilka godzin, aby obejrze\u0107 wyst\u0119py naszych dzieci.<br \/>\nDla naszych wszystkich darczy\u0144c\u00f3w, bez kt\u00f3rych nie mieliby\u015bmy \u017cadnych szans!<br \/>\nDla WSZYSTKICH wyst\u0119puj\u0105cych! To prawdziwa przyjemno\u015b\u0107 moc ogl\u0105da\u0107 was na tej scenie.<br \/>\nDla nauczycieli i rodzic\u00f3w, za wielki trud, w\u0142o\u017cony w przygotowanie naszych mniejszych i wi\u0119kszych aktor\u00f3w. K\u0141ANIAM SI\u0118 WAM BARDZO NISKO!<\/p>\n<p>Dla Magdy Doma\u0144skiej za wsparcie, czytanie scenariusza z niezwyk\u0142\u0105 uwaga, cierpliwo\u015b\u0107 i trafne uwagi.<\/p>\n<p>Wszystkim, kt\u00f3rzy przyczynili si\u0119 do powodzenia XIII Festiwalu Polskiej Poezji dla Dzieci Wierszowisko 2013. Bardzo dzi\u0119kuj\u0119 i licz\u0119 na Was za rok.<\/p>\n<p>A tymczasem zm\u0119czona ale szcz\u0119\u015bliwa udaje si\u0119 na spoczynek z poczuciem dobrze spe\u0142nionego obowi\u0105zku. Mam nadzieje, ze spotkamy si\u0119 na kolejnym Wierszowisku.<\/p>\n<p>Wyniki XIII Wierszowiska<\/p>\n<table border=\"0\">\n<tbody>\n<tr>\n<td style=\"text-align: center;\" colspan=\"3\"><strong>Kategoria indywidualna: &#8211; od 4 do 6 lat<\/strong><\/td>\n<\/tr>\n<tr>\n<td><strong>I-miejsce<\/strong><\/td>\n<td>Ella O\u015bliz\u0142o<\/td>\n<td>Polska Szko\u0142a w Tilburgu<\/td>\n<\/tr>\n<tr>\n<td rowspan=\"2\"><strong>II-miejsce<\/strong><\/td>\n<td>Sylia Saidani<\/td>\n<td>Polskie Centrum Edukacji i Kultury<br \/>\n\u201eLokomotywa&#8221; w Amsterdamie<\/td>\n<\/tr>\n<tr>\n<td>Marysia Vennix<\/td>\n<td>Polskie Centrum Edukacji i Kultury<br \/>\n\u201eLokomotywa&#8221; w Amsterdamie<\/td>\n<\/tr>\n<tr>\n<td rowspan=\"2\"><strong>III-miejsce<\/strong><\/td>\n<td>Maja Krysi\u0144ska<\/td>\n<td>Polska Szko\u0142a w Oss<\/td>\n<\/tr>\n<tr>\n<td>Jessica Post<\/td>\n<td>Polska Szko\u0142a w Schiedam &#8211; Rotterdam<\/td>\n<\/tr>\n<tr>\n<td><\/td>\n<td><\/td>\n<td><\/td>\n<\/tr>\n<tr>\n<td rowspan=\"2\"><strong>Wyr\u00f3\u017cnienie<\/strong><\/td>\n<td>Oliwia Obadowska<\/td>\n<td>Polska Szko\u0142a w Oss<\/td>\n<\/tr>\n<tr>\n<td>Kai Heitberg<\/td>\n<td>Polskie Centrum Edukacji i Kultury<br \/>\n\u201eLokomotywa&#8221; w Amsterdamie<\/td>\n<\/tr>\n<tr>\n<td style=\"text-align: center;\" colspan=\"3\"><\/td>\n<\/tr>\n<tr>\n<td style=\"text-align: center;\" colspan=\"3\"><strong><strong>Kategoria indywidualna: &#8211; od 7 do 9 lat<\/strong><\/strong><\/td>\n<\/tr>\n<tr>\n<td><strong>I-miejsce<\/strong><\/td>\n<td>Veronica Ploch<\/td>\n<td>Polskie Centrum Edukacji i Kultury<br \/>\n\u201eLokomotywa&#8221; w Amsterdamie<\/td>\n<\/tr>\n<tr>\n<td rowspan=\"2\"><strong>II-miejsce<\/strong><\/td>\n<td>Basia Walorska<\/td>\n<td>Polska Szko\u0142a w Oss<\/td>\n<\/tr>\n<tr>\n<td>Lilianna Perczy\u0144ska<\/td>\n<td>Polska Szko\u0142a w Den Haag<\/td>\n<\/tr>\n<tr>\n<td rowspan=\"2\"><strong>III-miejsce<\/strong><\/td>\n<td>Jagoda Kami\u0144ska<\/td>\n<td>Polska Szko\u0142a w Den Haag<\/td>\n<\/tr>\n<tr>\n<td>Ada van der Haagen<\/td>\n<td>Polskie Centrum Edukacji i Kultury<br \/>\n\u201eLokomotywa&#8221; w Amsterdamie<\/td>\n<\/tr>\n<tr>\n<td rowspan=\"3\"><strong>Wyr\u00f3\u017cnienie<\/strong><\/td>\n<td>Zosia Fennema<\/td>\n<td>Polskie Centrum Edukacji i Kultury<br \/>\n\u201eLokomotywa&#8221; w Amsterdamie<\/td>\n<\/tr>\n<tr>\n<td>Pola Kruger<\/td>\n<td>Polska Szko\u0142a w Eindhoven<\/td>\n<\/tr>\n<tr>\n<td>Dawid Kiszkiel<\/td>\n<td>Polska Szko\u0142a w Tilburgu<\/td>\n<\/tr>\n<tr>\n<td colspan=\"3\"><\/td>\n<\/tr>\n<tr>\n<td style=\"text-align: center;\" colspan=\"3\"><strong>Kategoria indywidualna: &#8211; od 10 do 13 lat<\/strong><\/td>\n<\/tr>\n<tr>\n<td><strong>I-miejsce<\/strong><\/td>\n<td>Piotr van Dijk<\/td>\n<td>Polska Szko\u0142a w Schiedam &#8211; Rotterdam<\/td>\n<\/tr>\n<tr>\n<td><strong>II-miejsce<\/strong><\/td>\n<td>Natalka van Dijk<\/td>\n<td>Polska Szko\u0142a w Schiedam &#8211; Rotterdam<\/td>\n<\/tr>\n<tr>\n<td><strong>III-miejsce<\/strong><\/td>\n<td>Viktoria Dura<\/td>\n<td>Polska Szko\u0142a w Utrecht<\/td>\n<\/tr>\n<tr>\n<td rowspan=\"2\"><strong>Wyr\u00f3\u017cnienie<\/strong><\/td>\n<td>Sabrina Klotz<\/td>\n<td>Polska Szko\u0142a w Eindhoven<\/td>\n<\/tr>\n<tr>\n<td>Gerard Steur<\/td>\n<td>Polska Szko\u0142a w Utrecht<\/td>\n<\/tr>\n<tr>\n<td><strong>Nagroda <\/strong><strong>\u0141ukasza Wierzbickiego<\/strong><\/td>\n<td><\/td>\n<td>Karolina Aerts Polska Szko\u0142a w Eindhoven<\/td>\n<\/tr>\n<tr>\n<td style=\"text-align: center;\" colspan=\"3\"><\/td>\n<\/tr>\n<tr>\n<td style=\"text-align: center;\" colspan=\"3\"><strong>Kategoria wyst\u0119p zbiorowy<\/strong><\/td>\n<\/tr>\n<tr>\n<td><strong>I-miejsce<\/strong><\/td>\n<td style=\"text-align: center;\" colspan=\"2\">Polska Szko\u0142a w Schiedam &#8211; Rotterdam<\/td>\n<\/tr>\n<tr>\n<td><strong>II-miejsce<\/strong><\/td>\n<td style=\"text-align: center;\" colspan=\"2\">Polska Szko\u0142a w Eindhoven<\/td>\n<\/tr>\n<tr>\n<td><strong>III-miejsce<\/strong><\/td>\n<td style=\"text-align: center;\" colspan=\"2\">Polskie Centrum Edukacji i Kultury<br \/>\n&#8220;Lokomotywa&#8221; w Amsterdamie<\/td>\n<\/tr>\n<tr>\n<td><strong>Nagroda Konsula<\/strong><\/td>\n<td style=\"text-align: center;\" colspan=\"2\">Polska Szko\u0142a w Nijmegen<\/td>\n<\/tr>\n<\/tbody>\n<\/table>\n<p>Relacja w TVP Polonia <a href=\"https:\/\/www.facebook.com\/photo.php?v=503550303015709\" target=\"_blank\">link\u2026<\/a><\/p>\n<p>Zdj\u0119cia fot. Justyna Kaba\u0142a <a href=\"https:\/\/picasaweb.google.com\/107540713206993761388\/Wierszowisko24032013?authkey=Gv1sRgCOui5umXtZ7wrAE\" target=\"_blank\">link\u2026<\/a><\/p>\n<p>Zdj\u0119cia fot. Gosia Lubbers <a title=\"Zdjecia\" href=\"http:\/\/bit.ly\/Wierszowisko2013\" target=\"_blank\">link&#8230;<\/a><\/p>\n<p>Filmik ze zdj\u0119ciami fot. Gosia Lubbers\u00a0<a title=\"Wierszowisko 2013\" href=\"http:\/\/youtu.be\/qAuZJam4evU\" target=\"_blank\">link&#8230;<\/a><\/p>\n<\/div>\n","protected":false},"excerpt":{"rendered":"<p> Forum Pol\u00adskich Szk\u00f3\u0142 w Holan\u00addii zapra\u00adsza do wzi\u0119\u00adcia udzia\u0142u w XIII Festi\u00adwalu Pol\u00adskiej Poezji dla Dzieci \u2013 Wier\u00adszo\u00adwi\u00adsko 2013, kt\u00f3ry odb\u0119\u00addzie si\u0119 24 marca 2013 o godz. 12.00 w Malden. <\/p>\n<p>Czym jest Wier\u00adszo\u00adwi\u00adsko? Dla nas, os\u00f3b zwi\u0105\u00adza\u00adnych z FPSN, jest to nie\u00adzwy\u00adk\u0142e wyda\u00adrze\u00adnie. Jed\u00adnego dnia, na jed\u00adnej sce\u00adnie, spo\u00adty\u00adkaj\u0105 si\u0119 ucznio\u00adwie naszych szk\u00f3\u0142. Sp\u0119\u00addzamy [&#8230;]<\/p>\n","protected":false},"author":1,"featured_media":0,"parent":107,"menu_order":1,"comment_status":"closed","ping_status":"closed","template":"","meta":{"ngg_post_thumbnail":0,"spay_email":""},"_links":{"self":[{"href":"https:\/\/www.wierszowisko.com\/index.php?rest_route=\/wp\/v2\/pages\/234"}],"collection":[{"href":"https:\/\/www.wierszowisko.com\/index.php?rest_route=\/wp\/v2\/pages"}],"about":[{"href":"https:\/\/www.wierszowisko.com\/index.php?rest_route=\/wp\/v2\/types\/page"}],"author":[{"embeddable":true,"href":"https:\/\/www.wierszowisko.com\/index.php?rest_route=\/wp\/v2\/users\/1"}],"replies":[{"embeddable":true,"href":"https:\/\/www.wierszowisko.com\/index.php?rest_route=%2Fwp%2Fv2%2Fcomments&post=234"}],"version-history":[{"count":14,"href":"https:\/\/www.wierszowisko.com\/index.php?rest_route=\/wp\/v2\/pages\/234\/revisions"}],"predecessor-version":[{"id":2566,"href":"https:\/\/www.wierszowisko.com\/index.php?rest_route=\/wp\/v2\/pages\/234\/revisions\/2566"}],"up":[{"embeddable":true,"href":"https:\/\/www.wierszowisko.com\/index.php?rest_route=\/wp\/v2\/pages\/107"}],"wp:attachment":[{"href":"https:\/\/www.wierszowisko.com\/index.php?rest_route=%2Fwp%2Fv2%2Fmedia&parent=234"}],"curies":[{"name":"wp","href":"https:\/\/api.w.org\/{rel}","templated":true}]}}