{"id":226,"date":"2014-03-08T23:16:29","date_gmt":"2014-03-08T23:16:29","guid":{"rendered":"http:\/\/www.wierszowisko.com\/?page_id=226"},"modified":"2014-12-14T09:30:44","modified_gmt":"2014-12-14T09:30:44","slug":"2002-wierszowisko","status":"publish","type":"page","link":"https:\/\/www.wierszowisko.com\/?page_id=226","title":{"rendered":"2002 Wierszowisko"},"content":{"rendered":"<p><strong>III Festi\u00adwal Pol\u00adskiej Poezji dla Dzieci Wier\u00adszo\u00adwi\u00adsko 2002 \u2014 wier\u00adsze Marii Konop\u00adnic\u00adkiej, Wandy Cho\u00adtom\u00adskiej, Ewy Szelburg-Zar\u0119biny oraz\u00a0Nata\u00adlii Usenko<\/strong><\/p>\n<p><strong>Spo\u00adtka\u00adnie z\u00a0poezj\u0105 dzie\u00adciec\u0105 pol\u00adskich poetek \u00a0Wierszowisko<\/strong><\/p>\n<p>Festi\u00adwal poezji odby\u0142 si\u0119 10 listo\u00adpada 2002 w\u00a0teatrze \u201cHet Klein\u201d w\u00a0Ein\u00addho\u00adven.<br \/>\nW tym roku boha\u00adter\u00adkami Wier\u00adszo\u00adwi\u00adska by\u0142y pol\u00adskie poetki: M.Konopnicka, E. Szerburg-Zar\u0119bina, W.Chotomska, N.Usenko.<\/p>\n<p>Naj\u00adwi\u0119k\u00adsz\u0105 popu\u00adlar\u00adno\u00ad\u015bci\u0105 cie\u00adszy\u0142a si\u0119 poezja pani Wandy Cho\u00adtom\u00adskiej: z\u00a021 wybra\u00adnych wier\u00adszy a\u017c 12 by\u0142o jej autorstwa.\u00a0W Wier\u00adszo\u00adwi\u00adsku wzi\u0119\u0142o udzia\u0142 60 dzieci z\u00a05 o\u015brodk\u00f3w!\u00a0Zauwa\u017cyli\u015bmy, \u017ce\u00a0poziom pre\u00adzen\u00adta\u00adcji utwo\u00adr\u00f3w oraz\u00a0zaan\u00adga\u00ad\u017co\u00adwa\u00adnie szk\u00f3\u00ad\u0142ek w\u00a0tej impre\u00adzie nie\u00adsa\u00admo\u00adwi\u00adcie ro\u015bnie.\u00a0Po festi\u00adwalu otrzy\u00adma\u00adli\u00ad\u015bmy kilka cen\u00adnych uwag na\u00a0temat uspraw\u00adnie\u00adnia tego nabie\u00adra\u00adj\u0105\u00adcego mocy wydarzenia.\u00a0W zwi\u0105zku z\u00a0tym, powsta\u0142o uzu\u00adpe\u0142\u00adnie\u00adnie do\u00a0regu\u00adla\u00adminu Wier\u00adszo\u00adwi\u00adska, kt\u00f3re mo\u017cna zna\u00adle\u017a\u0107 na\u00a0naszej stro\u00adnie internetowej.\u00a0Wszystkie dzieci wyst\u0119\u00adpu\u00adj\u0105ce w\u00a0Festi\u00adwalu zosta\u0142y wyr\u00f3\u017c\u00adnione nagro\u00addami. Kr\u00f3t\u00adkie fil\u00admowe spra\u00adwoz\u00adda\u00adnie z\u00a0Wier\u00adszo\u00adwi\u00adska, mo\u017cna by\u0142o zoba\u00adczy\u0107 w\u00a0TV Polo\u00adnia w\u00a0pro\u00adgra\u00admie \u201cLudzie listy\u00a0pisz\u0105\u201d.<\/p>\n<p><strong>Ju\u017c po\u00a0wszystkim!<\/strong><\/p>\n<p>To\u00a0zna\u00adczy po\u00a0kolej\u00adnym Wierszowisku.\u00a0Wszyscy roz\u00adje\u00adchali si\u0119 do\u00a0dom\u00f3w, ale\u00a0obrazy z\u00a0tego nie\u00addziel\u00adnego popo\u00ad\u0142u\u00addnia b\u0119d\u0105 nam jesz\u00adcze d\u0142ugo towa\u00adrzy\u00adszy\u0142y.\u00a0To\u00a0prawda, \u017ce\u00a0przy\u00adgo\u00adto\u00adwa\u00adnie ca\u0142ej imprezy wymaga bar\u00addzo du\u017co pracy. Patrz\u0105c jed\u00adnak na\u00a0nasze dzie\u00adciaki i\u00a0m\u0142o\u00addzie\u017c (tzn. z\u00a0pol\u00adskich szk\u00f3\u00ad\u0142ek), serce ro\u015bnie z\u00a0dumy!\u00a0I to\u00a0nie prze\u00adsada. Na\u00a0przy\u00adgo\u00adto\u00adwa\u00adnie takiego popo\u00ad\u0142u\u00addnia sk\u0142ada si\u0119 ogromna praca dzieci, m\u0142o\u00addzie\u017cy, rodzic\u00a2w i\u00a0nauczycieli.<\/p>\n<p>Przy\u00adgo\u00adto\u00adwa\u00adnia trwaj\u0105 tygo\u00addniami. Pr\u00f3by, szy\u00adcie kostiu\u00adm\u00f3w, nauka na\u00a0pami\u0119\u0107\u2026<br \/>\nWiel\u00adkie napi\u0119\u00adcie i\u2026czekanie na\u00a0wyniki jury.<\/p>\n<ul>\n<li>A\u00a0w\u00a0tego\u00adrocz\u00adnym jury zasia\u00add\u0142y takie oso\u00adbi\u00adsto\u00ad\u015bci\u00a0jak:<\/li>\n<li>dyrek\u00adtor teatru Het Klein <strong><em>pani Halina Witek<\/em><\/strong><\/li>\n<li>przed\u00adsta\u00adwi\u00adciel Amba\u00adsady RP I\u00a0sekre\u00adtarz Amba\u00adsady <strong><em>pan W\u0142o\u00addzi\u00admierz Nabrdalik<\/em><\/strong><\/li>\n<li>sym\u00adpa\u00adtyk i\u00a0cz\u0142o\u00adnek Forum <strong><em>Krzysz\u00adtof Birlet<\/em><\/strong><\/li>\n<\/ul>\n<ul>\n<li><strong><em>Agnieszka Latoszek-Berendsen<\/em><\/strong> r\u00f3w\u00adnie\u017c sym\u00adpa\u00adtyk\u00a0Forum<\/li>\n<\/ul>\n<ul>\n<li>jako sekre\u00adtarz nasza w\u0142a\u00adsna <strong><em>Wio\u00adletta Pieters-Monikowska<\/em><\/strong><\/li>\n<\/ul>\n<p>Jak wida\u0107 bar\u00addzo zacne to\u00a0by\u0142o grono, bo i\u00a0odpo\u00adwie\u00addzial\u00adno\u015b\u0107 ogromna!<\/p>\n<p>Tego\u00adro\u00adroczne Wier\u00adszo\u00adwi\u00adsko po\u015bwi\u0119\u00adcone by\u0142o pol\u00adskim poetkom:<\/p>\n<ul>\n<li>Marii Konop\u00adnic\u00adkiej<\/li>\n<li>Ewie Szelburg-Zar\u0119binie<\/li>\n<li>Wan\u00addzie Chotomskiej<\/li>\n<li>Nata\u00adlii Usenko<\/li>\n<\/ul>\n<p>Naj\u00adwi\u0119k\u00adsz\u0105 popu\u00adlar\u00adno\u00ad\u015bci\u0105 cie\u00adszy\u0142y si\u0119 utwory Wandy Chotomskiej.<\/p>\n<p>Z\u00a0dwu\u00addzie\u00adstu jeden wybra\u00adnych wier\u00adszy, a\u017c dwa\u00adna\u00ad\u015bcie to\u00a0utwory pani Chotomskiej!<\/p>\n<p><strong>Do\u00a0wia\u00addo\u00admo\u00ad\u015bci publicz\u00adnej poda\u00adjemy ofi\u00adcjalne wyniki <\/strong><strong>III Festi\u00adwalu Pol\u00adskiej Poezji Dzie\u00adci\u0119\u00adcej, Ein\u00addho\u00adven\u00a02002<\/strong><\/p>\n<ul>\n<li><strong>W\u00a0kate\u00adgo\u00adrii pre\u00adzen\u00adta\u00adcji indy\u00adwi\u00addu\u00adal\u00adnych do\u00a0lat 7<\/strong><\/li>\n<\/ul>\n<p><strong>I\u00a0miej\u00adsce<\/strong><\/p>\n<p><strong>Ewe\u00adlinka Ede\u00adrveen<\/strong> z\u00a0PS w\u00a0Bre\u00addzie z\u00a0wier\u00adszy\u00adkiem pt.: \u201cPra\u00adnie\u201d M.Konopnickiej.<\/p>\n<p><strong>II miej\u00adsce<\/strong><\/p>\n<p><strong>Wero\u00adnika Rit\u00adman<\/strong> z\u00a0PS w\u00a0Enschede z\u00a0wier\u00adszem pt.: \u201cZon\u00adgler\u201d W.Chotomskiej<\/p>\n<p><strong>III miej\u00adsce<\/strong><\/p>\n<p><strong>Ola Slen\u00adter<\/strong> z\u00a0PS w\u00a0Enschede z\u00a0wier\u00adszem pt.: \u201cS\u0142o\u00adneczko\u201d N.Usenko.<\/p>\n<ul>\n<li><strong>W\u00a0kate\u00adgo\u00adrii pre\u00adzen\u00adta\u00adcji indy\u00adwi\u00addu\u00adal\u00adnych od\u00a08 do\u00a013\u00a0lat<\/strong><\/li>\n<\/ul>\n<p><strong>I\u00a0miej\u00adsce<\/strong><\/p>\n<p><strong>Marianka de Heer Klo\u00adots<\/strong> z\u00a0PS w\u00a0Enschede z\u00a0utwo\u00adrem W.Chotomskiej pt.: \u201cDziurki w\u00a0serze\u201d<\/p>\n<p><strong>II miej\u00adsce<\/strong><\/p>\n<p><strong>Celine Legarde<\/strong> z\u00a0PS w\u00a0Til\u00adburgu z\u00a0utwo\u00adrem tej\u00a0samej poetki pt.: \u201cDwa Koguty\u201d<\/p>\n<p><strong>III miej\u00adsce<\/strong><\/p>\n<p><strong>Monika Rouwe\u00adler<\/strong> z\u00a0PS w\u00a0Enschede z\u00a0utwo\u00adrem E.Szelburg-Zar\u0119biny pt.: \u201cKr\u00f3lewna\u201d<\/p>\n<p><strong>I\u00a0wresz\u00adcie naj\u00adbar\u00addziej emo\u00adcjo\u00adnu\u00adj\u0105ca cz\u0119\u015b\u0107 wer\u00addyktu, to\u00a0nagrody w\u00a0kate\u00adgo\u00adrii insce\u00adni\u00adza\u00adcje zbiorowe.<\/strong><\/p>\n<ul>\n<li><strong>I\u00a0miej\u00adsce<\/strong> zaj\u0119\u0142a<\/li>\n<\/ul>\n<p><strong>Pol\u00adska Szko\u0142a w\u00a0Til\u00adburgu<\/strong> z\u00a0wier\u00adszem Wandy Cho\u00adtom\u00adskiej pt.: \u201cAle\u00a0Cyrk\u201d<\/p>\n<ul>\n<li><strong>II miej\u00adsce<\/strong><\/li>\n<\/ul>\n<p><strong>Pol\u00adska Szko\u0142a w\u00a0Nij\u00adme\u00adgen<\/strong> z\u00a0utwo\u00adrem Marii Konop\u00adnic\u00adkiej pt.: \u201cMuchy Samo\u00adchwa\u0142y\u201d oraz<\/p>\n<p><strong>Pol\u00adska Szko\u0142a w\u00a0Enschede<\/strong> z\u00a0utwo\u00adrem Wandy Cho\u00adtom\u00adskiej pt.: \u201cDziura w\u00a0mo\u015bcie\u201d<\/p>\n<ul>\n<li><strong>III miej\u00adsce<\/strong><\/li>\n<\/ul>\n<p><strong>Pol\u00adska Szko\u0142a w\u00a0Ein\u00addho\u00adven<\/strong> z\u00a0wier\u00adszem pt.: \u201cKape\u00adlusz\u201d Wandy Cho\u00adtom\u00adskiej\u00a0oraz<\/p>\n<p><strong>Pol\u00adska Szko\u0142a w\u00a0Bre\u00addzie<\/strong> z\u00a0utwo\u00adrami Ewy Szelburg-Zar\u0119biny pt.: \u201cPtaszki\u201d oraz\u00a0\u201cIdzie niebo\u201d<\/p>\n<p><strong>Wszyst\u00adkim zwy\u00adci\u0119z\u00adcom oraz\u00a0uczest\u00adni\u00adkom jesz\u00adcze raz bar\u00addzo ser\u00addecz\u00adnie gratulujemy!<\/strong><\/p>\n<p>Wszy\u00adscy, kt\u00f3\u00adrzy\u00a0obser\u00adwo\u00adwali Wier\u00adszo\u00adwi\u00adsko ju\u017c po\u00a0raz trzeci, przy\u00adznaj\u0105, \u017ce\u00a0co roku rywa\u00adli\u00adza\u00adcja staje si\u0119 coraz sil\u00adniej\u00adsza. Poziom ca\u0142ej imprezy ro\u015bnie z\u00a0roku na\u00a0rok.\u00a0Nas, orga\u00adni\u00adza\u00adto\u00adr\u00f3w nie\u00adzmier\u00adnie to\u00a0cie\u00adszy. To\u00a0zna\u00adczy, \u017ce\u00a0pomys\u0142 ten tra\u00adfi\u0142 w\u00a0potrzeby naszego szkol\u00adnego \u015brodo\u00adwi\u00adska. Cie\u00adszymy si\u0119 bar\u00addzo, \u017ce\u00a0mamy takie wspa\u00adnia\u0142e dzieci, cudown\u0105 m\u0142o\u00addzie\u017c, ponie\u00adwa\u017c nie nale\u017cy zapo\u00admi\u00adna\u0107, \u017ce\u00a0tego\u00adroczne Wier\u00adszo\u00adwi\u00adsko pro\u00adwa\u00addzi\u0142a m\u0142o\u00addzie\u017c ze\u00a0Szko\u0142y Pol\u00adskiej w\u00a0Enschede: <strong>Monika Rouwe\u00adler<\/strong>, <strong>Artur Win\u00addak<\/strong> oraz\u00a0<strong>Pie\u00adter Rouwe\u00adler<\/strong>. W\u00a0imie\u00adniu orga\u00adni\u00adza\u00adto\u00adr\u00f3w bar\u00addzo dzi\u0119kujemy!<\/p>\n<p>I\u00a0tak doszli\u00ad\u015bmy do\u00a0podzi\u0119\u00adko\u00adwa\u0144, bo bez tego obej\u015b\u0107 si\u0119 nie mo\u017ce. Gor\u0105ce podzi\u0119\u00adko\u00adwa\u00adnia dla pani Haliny Witek, wspa\u00adnia\u00ad\u0142ej gospo\u00addyni teatru Het Klein w\u00a0Ein\u00addho\u00adven, sym\u00adpa\u00adty\u00adkom Forum, kt\u00f3\u00adrzy\u00a0czyn\u00adnie wzi\u0119li udzia\u0142 w\u00a0pra\u00adcach jury, Amba\u00adsa\u00addzie RP w\u00a0Hadze za\u00a0upo\u00adminki dla nagro\u00addzo\u00adnych oraz\u00a0udzia\u0142 w\u00a0jury. Podzi\u0119\u00adko\u00adwa\u00adnia z\u00a0pew\u00adno\u00ad\u015bci\u0105 nale\u017c\u0105 si\u0119 <strong>Sto\u00adwa\u00adrzy\u00adsze\u00adniu Wsp\u00f3l\u00adnota Pol\u00adska z\u00a0War\u00adszawy<\/strong>, ponie\u00adwa\u017c to\u00a0oni s\u0105 g\u0142\u00f3w\u00adnymi spon\u00adso\u00adrami Wier\u00adszo\u00adwi\u00adska po\u00a0raz trzeci i\u00a0bez ich pomocy ca\u0142a ta impreza nie mog\u0142aby si\u0119 odby\u0107. W\u00a0szcze\u00adg\u00f3l\u00adno\u00ad\u015bci jed\u00adnak dzi\u0119\u00adku\u00adjemy wszyst\u00adkim dzie\u00adciom, rodzi\u00adcom oraz\u00a0nauczy\u00adcie\u00adlom, kt\u00f3\u00adrzy\u00a0po\u015bwi\u0119\u00adcili sw\u00f3j czas i\u00a0wysi\u00ad\u0142ek na\u00a0przy\u00adgo\u00adto\u00adwa\u00adnie tak wspa\u00adnia\u00ad\u0142ych pre\u00adzen\u00adta\u00adcji poetycko-teatralnych!<\/p>\n<p><strong>Byli\u00ad\u015bcie cudowni!!!<\/strong><\/p>\n<p>W\u00a0lutym 2003 podamy infor\u00adma\u00adcje na\u00a0temat Wier\u00adszo\u00adwi\u00adska 2003. Poja\u00adwi\u0142y si\u0119 bar\u00addzo cenne uwagi na\u00a0temat uspraw\u00adnie\u00adnia tej\u00a0imprezy. Jako orga\u00adni\u00adza\u00adto\u00adrzy, b\u0119dziemy bar\u00addzo wdzi\u0119czni za\u00a0wszel\u00adkie uwagi i\u00a0pro\u00adpo\u00adzy\u00adcje zwi\u0105\u00adzane z\u00a0przy\u00adgo\u00adto\u00adwa\u00adniem kolej\u00adnego Festiwalu.\u00a0Nie pozo\u00adstaje nam nic innego, jak po\u017ce\u00adgna\u0107 si\u0119 z\u00a0nadziej\u0105, \u017ce\u00a0za rok spo\u00adtkamy si\u0119 w\u00a0Ein\u00addho\u00adven w\u00a0jesz\u00adcze wi\u0119k\u00adszym gro\u00adnie.<br \/>\n<strong>Do\u00a0zoba\u00adcze\u00adnia!<\/strong><\/p>\n<p>W\u00a0imie\u00adniu Zarz\u0105du Forum Pol\u00adskich Szk\u00f3\u0142 w\u00a0Holan\u00addii,<br \/>\n<strong><em>Ma\u0142\u00adgo\u00adrzata Evertse-Sm\u00f3\u0142ka<\/em><\/strong><\/p>\n","protected":false},"excerpt":{"rendered":"<p>III Festi\u00adwal Pol\u00adskiej Poezji dla Dzieci Wier\u00adszo\u00adwi\u00adsko 2002 \u2014 wier\u00adsze Marii Konop\u00adnic\u00adkiej, Wandy Cho\u00adtom\u00adskiej, Ewy Szelburg-Zar\u0119biny oraz Nata\u00adlii Usenko<\/p>\n<p>Spo\u00adtka\u00adnie z poezj\u0105 dzie\u00adciec\u0105 pol\u00adskich poetek Wierszowisko<\/p>\n<p>Festi\u00adwal poezji odby\u0142 si\u0119 10 listo\u00adpada 2002 w teatrze \u201cHet Klein\u201d w Ein\u00addho\u00adven. W tym roku boha\u00adter\u00adkami Wier\u00adszo\u00adwi\u00adska by\u0142y pol\u00adskie poetki: M.Konopnicka, E. Szerburg-Zar\u0119bina, W.Chotomska, N.Usenko.<\/p>\n<p>Naj\u00adwi\u0119k\u00adsz\u0105 popu\u00adlar\u00adno\u00ad\u015bci\u0105 cie\u00adszy\u0142a [&#8230;]<\/p>\n","protected":false},"author":1,"featured_media":0,"parent":107,"menu_order":11,"comment_status":"closed","ping_status":"closed","template":"","meta":{"ngg_post_thumbnail":0,"spay_email":""},"_links":{"self":[{"href":"https:\/\/www.wierszowisko.com\/index.php?rest_route=\/wp\/v2\/pages\/226"}],"collection":[{"href":"https:\/\/www.wierszowisko.com\/index.php?rest_route=\/wp\/v2\/pages"}],"about":[{"href":"https:\/\/www.wierszowisko.com\/index.php?rest_route=\/wp\/v2\/types\/page"}],"author":[{"embeddable":true,"href":"https:\/\/www.wierszowisko.com\/index.php?rest_route=\/wp\/v2\/users\/1"}],"replies":[{"embeddable":true,"href":"https:\/\/www.wierszowisko.com\/index.php?rest_route=%2Fwp%2Fv2%2Fcomments&post=226"}],"version-history":[{"count":2,"href":"https:\/\/www.wierszowisko.com\/index.php?rest_route=\/wp\/v2\/pages\/226\/revisions"}],"predecessor-version":[{"id":2039,"href":"https:\/\/www.wierszowisko.com\/index.php?rest_route=\/wp\/v2\/pages\/226\/revisions\/2039"}],"up":[{"embeddable":true,"href":"https:\/\/www.wierszowisko.com\/index.php?rest_route=\/wp\/v2\/pages\/107"}],"wp:attachment":[{"href":"https:\/\/www.wierszowisko.com\/index.php?rest_route=%2Fwp%2Fv2%2Fmedia&parent=226"}],"curies":[{"name":"wp","href":"https:\/\/api.w.org\/{rel}","templated":true}]}}