{"id":222,"date":"2014-03-08T23:14:44","date_gmt":"2014-03-08T23:14:44","guid":{"rendered":"http:\/\/www.wierszowisko.com\/?page_id=222"},"modified":"2015-09-24T16:56:20","modified_gmt":"2015-09-24T16:56:20","slug":"2005-wierszowisko","status":"publish","type":"page","link":"https:\/\/www.wierszowisko.com\/?page_id=222","title":{"rendered":"2005 Wierszowisko"},"content":{"rendered":"<p><strong>V Festi\u00adwal Pol\u00adskiej Poezji dla Dzieci Wier\u00adszo\u00adwi\u00adsko 2005 : \u201eRodzina m\u00f3j\u00a0\u015bwiat\u201d<\/strong><\/p>\n<p><strong><\/strong>WIERSZOWISKO 2005 \u2013 20.03.2005<\/p>\n<p><strong>Po\u00a0festi\u00adwalu<\/strong><\/p>\n<p>WIERSZOWISKO 2005<\/p>\n<p>My\u015bl\u0119, \u017ce\u00a0powoli mo\u017cemy poku\u00adsi\u0107 si\u0119 o\u00a0pod\u00adsu\u00admo\u00adwa\u00adnie Wier\u00adszo\u00adwi\u00adska 2005. Otrzy\u00adma\u00ad\u0142am kilka cen\u00adnych uwag, za\u00a0kt\u00f3re bar\u00addzo dzi\u0119\u00adkuj\u0119. To\u00a0dzi\u0119ki nim mo\u017cna orga\u00adni\u00adza\u00adcj\u0119 tej\u00a0imprezy corocz\u00adnie ulep\u00adsza\u0107. To, co napi\u00adsz\u0119, to\u00a0nie ocena imprezy, bo jestem osob\u0105 naj\u00admniej obiek\u00adtywn\u0105, je\u015bli o\u00a0Wier\u00adszo\u00adwi\u00adsko cho\u00addzi! Dzi\u00adsiaj zacz\u0119\u0142y si\u0119 przy\u00adgo\u00adto\u00adwa\u00adnia do\u00a0Wier\u00adszo\u00adwi\u00adska 2006. To\u00a0nie \u017carty! To\u00a0w\u0142a\u00ad\u015bnie sk\u0142o\u00adni\u0142o mnie do\u00a0napi\u00adsa\u00adnia tego tekstu.<\/p>\n<p>Przy\u00adgo\u00adto\u00adwa\u00adnie tak ogrom\u00adnej imprezy, poch\u0142a\u00adnia ca\u0142y rok. To\u00a0setki dro\u00adbia\u00adzg\u00f3w, szcze\u00adg\u00f3\u00ad\u0142\u00f3w z\u00a0pozoru nie\u00adistot\u00adnych, ale\u00a0w\u00a0ko\u0144\u00adco\u00adwej fazie zawsze dziw\u00adnie wycho\u00addz\u0105\u00adcych na\u00a0plan pierw\u00adszy! To\u00a0szu\u00adka\u00adnie, przy\u00adgo\u00adto\u00adwy\u00adwa\u00adnie sali i\u00a0wszyst\u00adkiego, co si\u0119 z\u00a0tym wi\u0105\u017ce, to\u00a0wymy\u00ad\u015ble\u00adnie tematu, boha\u00adte\u00adr\u00f3w, powia\u00addo\u00admie\u00adnia odpo\u00adwied\u00adnich os\u00f3b, przy\u00adpo\u00admi\u00adna\u00adnie o\u00a0ter\u00admi\u00adnach, uk\u0142a\u00adda\u00adnie sce\u00adna\u00adriu\u00adsza, szu\u00adka\u00adnia nagr\u00f3d, juro\u00adr\u00f3w i\u00a0mar\u00adtwie\u00adnie si\u0119 o\u00a0opraw\u0119 pla\u00adstyczn\u0105, infor\u00adma\u00adcj\u0119 w\u00a0gaze\u00adtach, radio itp. insty\u00adtu\u00adcjach. To\u00a0tylko na\u00a0pocz\u0105\u00adtek. Du\u017co tego, ale\u00a0warte ka\u017c\u00addej po\u015bwi\u0119\u00adco\u00adnej na\u00a0to chwili.<\/p>\n<p>Czy wie\u00adcie, \u017ce\u00a0jest to\u00a0jedyny w\u00a0Euro\u00adpie taki ewe\u00adne\u00adment w\u015br\u00f3d Polo\u00adnii? Tylko w\u00a0Holan\u00addii, dzieci z\u00a0pol\u00adskich szk\u00f3\u00ad\u0142ek spo\u00adty\u00adkaj\u0105 si\u0119, aby recy\u00adto\u00adwa\u0107 pol\u00adsk\u0105 poezj\u0119.\u00a0Dlaczego to\u00a0robimy? Dla\u00adczego przy\u00adgo\u00adto\u00adwu\u00adjemy dzieci na\u00a0ten festiwal?<\/p>\n<p>My\u015bl\u0119, \u017ce\u00a0ka\u017cdy mo\u017ce tutaj odpo\u00adwie\u00addzie\u0107 ina\u00adczej. Dla mnie naj\u00adwa\u017c\u00adniej\u00adszy jest ca\u0142y pro\u00adces uwie\u0144\u00adczony wyst\u0119\u00adpem na\u00a0sce\u00adnie. Nie ode\u00adbra\u00adniem nagrody, ale\u00a0samym wyst\u0119\u00adpem. Pocz\u0105w\u00adszy od\u00a0poszu\u00adki\u00adwa\u00adnia odpo\u00adwied\u00adniego wier\u00adsza. Ile tomi\u00adk\u00f3w musimy z\u00a0dziec\u00adkiem prze\u00adczy\u00adta\u0107, aby wybra\u0107 ten w\u0142a\u00ad\u015bciwy! Przy\u00adgo\u00adto\u00adwa\u00adnie recy\u00adta\u00adcji, wymy\u00ad\u015bla\u00adnie cho\u00adre\u00adogra\u00adfii, ruch\u00f3w sce\u00adnicz\u00adnych, kostiu\u00adm\u00f3w, zabawa z\u00a0grup\u0105 szkoln\u0105 w\u00a0cza\u00adsie pr\u00f3b do\u00a0wyst\u0119pu zbio\u00adro\u00adwego! Ile uczymy si\u0119 od\u00a0sie\u00adbie! Ile pod\u00adczas takich pr\u00f3b mog\u0105 nauczy\u0107 nas, nauczy\u00adcieli, rodzi\u00adc\u00f3w, nasze dzieci! Wsp\u00f3lna praca nad\u00a0pol\u00adskim tek\u00adstem.<br \/>\nWyst\u0119p jest uko\u00adro\u00adno\u00adwa\u00adniem tych mie\u00adsi\u0119cy przy\u00adgo\u00adto\u00adwa\u0144. Pochwa\u00adle\u00adnie si\u0119 przed\u00a0pozo\u00adsta\u00ad\u0142ymi szko\u00ad\u0142ami, go\u015b\u0107mi tym, co uda\u0142o nam si\u0119 wypra\u00adco\u00adwa\u0107. My\u015bl\u0119, \u017ce\u00a0ogromna tutaj rola nas, peda\u00adgo\u00adg\u00f3w, aby w\u0142a\u00ad\u015bnie do\u00a0tego przy\u00adgo\u00adto\u00adwa\u0107 naszych uczni\u00f3w.<\/p>\n<p>W\u00a0tym roku, upo\u00admin\u00adkiem dla ka\u017c\u00addego wyst\u0119\u00adpu\u00adj\u0105\u00adcego by\u0142a zak\u0142adka do\u00a0ksi\u0105\u017cki. Zapro\u00adjek\u00adto\u00adwana spe\u00adcjal\u00adnie na\u00a0t\u0105 oka\u00adzj\u0119, spe\u00adcjal\u00adnie dla naszych dzieci. Mia\u00ad\u0142am nadziej\u0119, \u017ce\u00a0nawet, je\u015bli dzieci nie odbior\u0105 tego jako wiel\u00adkie wyr\u00f3\u017c\u00adnie\u00adnie, to\u00a0doro\u00ad\u015bli im w\u00a0tym pomog\u0105. Nie wiem na\u00a0ile to\u00a0si\u0119 uda\u0142o. To\u00a0ju\u017c le\u017cy poza moimi kompetencjami.<\/p>\n<p>Co roku, prze\u00adsy\u00ad\u0142am wszyst\u00adkim regu\u00adla\u00admin, aby na\u00a0czas mo\u017cna by\u0142o wnie\u015b\u0107 poprawki. Nigdy nikt nie odpo\u00adwie\u00addzia\u0142 ani nie wni\u00f3s\u0142 dok\u0142ad\u00adnie prze\u00admy\u00ad\u015bla\u00adnych popra\u00adwek. Teraz jest na\u00a0to czas. Je\u015bli macie uwagi do\u00a0regu\u00adla\u00adminu, pro\u00adsz\u0119 taki popra\u00adwiony regu\u00adla\u00admin prze\u00ads\u0142a\u0107 do\u00a0wszyst\u00adkich zain\u00adte\u00adre\u00adso\u00adwa\u00adnych i\u00a0po akcep\u00adta\u00adcji, nast\u0119pne Wier\u00adszo\u00adwi\u00adsko odb\u0119\u00addzie si\u0119 wed\u0142ug nowych regu\u0142! Cze\u00adkam do\u00a0Wal\u00adnego Zebra\u00adnia Forum. I\u00a0pami\u0119\u00adtajmy, \u017ce\u00a0zawsze jest jaka\u015b wyj\u0105t\u00adkowa sytu\u00adacja, kt\u00f3ra\u00a0wymaga drob\u00adnych odst\u0119pstw od\u00a0regu\u0142. Gdy\u00adbym\u00a0zamkn\u0119\u0142a list\u0119 uczest\u00adni\u00adk\u00f3w w\u00a0poda\u00adwa\u00adnym ofi\u00adcjal\u00adnie ter\u00admi\u00adnie, uczest\u00adni\u00adk\u00f3w by\u0142oby o\u00a0jakie\u015b 70%\u00a0mniej!<\/p>\n<p>Jury. Jest wybrane po\u00a0to, aby wzi\u0105\u0107 na\u00a0swoje barki ca\u0142\u0105 odpo\u00adwie\u00addzial\u00adno\u015b\u0107. Uwierz\u00adcie mi, nie jest \u0142atwo zna\u00adle\u017a\u0107 kilka os\u00a2b, nie\u00adzwi\u0105\u00adza\u00adnych z\u00a0\u017cadn\u0105 szk\u00f3\u0142k\u0105, kt\u00f3re po\u015bwi\u0119c\u0105 ca\u0142\u0105 nie\u00addziel\u0119 na\u00a0oce\u00adnia\u00adnie naszych dzieci. Sami przy\u00adzna\u00adcie, \u017ce\u00a0nie jest to\u00a0naj\u00adbar\u00addziej lukra\u00adtywne zaj\u0119\u00adcie na\u00a0nie\u00addzielne popo\u00ad\u0142u\u00addnie? Tym bar\u00addziej jestem wdzi\u0119czna naszym juro\u00adrom, Ani, Kalince i\u00a0\u0141uka\u00adszowi D\u0119b\u00adskim, Zosi Schroten-Czerniejewicz, Kry\u00adsty\u00adnie Buko\u00adwiec, Jan\u00adkowi Eberle. I\u00a0jak zawsze i\u00a0wsz\u0119\u00addzie, wer\u00addykt jury b\u0119dzie budzi\u0142 emo\u00adcje i\u00a0nie zga\u00addza\u0142 si\u0119 z\u00a0naszymi odczu\u00adciami. Jak to\u00a0na Festiwalu!<\/p>\n<p>Nie uda\u0142o nam si\u0119 uzy\u00adska\u0107 zgody od\u00a0Mal\u00adden\u00adstijn na\u00a0w\u0142a\u00adsny pocz\u0119\u00adstu\u00adnek dla dzieci. C\u00f3\u017c, chlubne cele chlub\u00adnymi celami, ale\u00a0\u017cyjemy w\u00a0kraju twar\u00addych regu\u0142 han\u00addlo\u00adwych. My\u015bl\u0119 jed\u00adnak, \u017ce\u00a0dzie\u00adciom jest wszystko jedno czy picie kupi mama czy Forum. Naj\u00adwa\u017c\u00adniej\u00adsze, \u017ceby\u00a0by\u0142o! Wia\u00addomo prze\u00adcie\u017c, \u017ce\u00a0Forum nie jest raczej insty\u00adtu\u00adcj\u0105 naj\u00adbo\u00adgat\u00adsz\u0105!\u00a0I\u00a0dla\u00adtego chcia\u00ad\u0142a\u00adbym wspo\u00admnie\u0107 o\u00a0czym\u015b bar\u00addzo wa\u017c\u00adnym a\u00a0mia\u00adno\u00adwi\u00adcie spon\u00adso\u00adrach. Ponie\u00adwa\u017c bud\u017cet tej\u00a0imprezy jest bar\u00addziej ni\u017c ogra\u00adni\u00adczony, musimy pole\u00adga\u0107 na\u00a0nich i\u00a0dobrej woli ochot\u00adni\u00adk\u00f3w. Zde\u00adcy\u00addo\u00adwan\u0105 wi\u0119k\u00adszo\u015b\u0107 nagr\u00f3d ufun\u00addo\u00adwali w\u00a0tym roku nasi sponsorzy.<\/p>\n<ul>\n<li>Sprz\u0119t RTV(telewizor, DVD) oraz\u00a0ksi\u0105\u017cki \u2014 Fun\u00adda\u00adcja Sem\u00adper Polo\u00adnia z\u00a0Warszawy.<\/li>\n<li>Albumy ksi\u0105\u017c\u00adkowe \u2014 Polo\u00adnijne Cen\u00adtrum Nauczy\u00adciel\u00adskie w\u00a0Lublinie.<\/li>\n<li>Ksi\u0105\u017cki \u2014 STEP, Holandia<\/li>\n<li>P\u0142yty CD oraz\u00a0DVD oraz\u00a0cz\u0119\u015b\u0107 ksi\u0105\u00ad\u017cek zaku\u00adpi\u0142o\u00a0Forum.<\/li>\n<\/ul>\n<p>To\u00a0dzi\u0119ki nim, dzieci otrzy\u00adma\u0142y takie wspa\u00adnia\u0142e nagrody. Dzi\u0119kujemy!<\/p>\n<p>Dzi\u0119\u00adku\u00adjemy r\u00f3w\u00adnie\u017c naszemu naj\u00adwi\u0119k\u00adszemu spon\u00adso\u00adrowi \u2014 Wsp\u00f3l\u00adno\u00adcie Pol\u00adskiej z\u00a0Warszawy.<\/p>\n<p>Je\u015bli s\u0105 osoby ch\u0119tne do\u00a0pomocy w\u00a0orga\u00adni\u00adza\u00adcji nast\u0119p\u00adnego Wier\u00adszo\u00adwi\u00adska, bar\u00addzo si\u0119 cie\u00adsz\u0119! Wymaga to\u00a0po\u015bwi\u0119\u00adce\u00adnia ogrom\u00adnej ilo\u00ad\u015bci wol\u00adnego czasu, nie\u00adstety i\u00a0kosz\u00adt\u00f3w roz\u00adm\u00f3w tele\u00adfo\u00adnicz\u00adnych oraz\u00a0prze\u00adjaz\u00add\u00f3w (praca tylko dla \u017con z\u00a0wyro\u00adzu\u00admia\u00ad\u0142ymi m\u0119\u017cami!) a\u00a0przede wszyst\u00adkim prze\u00adko\u00adna\u00adnia, \u017ce\u00a0warto to\u00a0robi\u0107.\u00a0Nic nie przy\u00adcho\u00addzi \u0142atwo. Cza\u00adsami wygramy, cza\u00adsami prze\u00adgramy. My\u015bl\u0119, \u017ce\u00a0powin\u00adni\u00ad\u015bmy na\u015bla\u00addo\u00adwa\u0107 tutaj jedn\u0105 z\u00a0uczest\u00adni\u00adczek Wier\u00adszo\u00adwi\u00adska, Ol\u0119 Frej. Bra\u0142a udzia\u0142 w\u00a0impre\u00adzie po\u00a0raz pierw\u00adszy, nie zdo\u00adby\u0142a \u017cadnej nagrody, ale\u00a0zaraz po\u00a0wyj\u00ad\u015bciu posta\u00adno\u00adwi\u0142a, \u017ce\u00a0za rok przy\u00adgo\u00adtuje si\u0119 na\u00a0tyle dobrze, \u017ceby\u00a0nagrod\u0119 zdo\u00adby\u0107! By\u0142o jej przy\u00adkro przez chwilk\u0119, prze\u00adcie\u017c to\u00a0natu\u00adralne, ale\u00a0mimo swo\u00adich kilku zale\u00add\u00adwie lat zro\u00adzu\u00admia\u0142a, co tutaj jest najwa\u017cniejsze.\u00a0Nauczyciele, uczmy si\u0119 od\u00a0swo\u00adich uczni\u00f3w, rodzice, bierzmy przy\u00adk\u0142ad z\u00a0naszych pociech!<\/p>\n<p>W\u00a0tym roku zmie\u00adnia si\u0119 loka\u00adli\u00adza\u00adcja Wier\u00adszo\u00adwi\u00adsko. Teatr w\u00a0Ein\u00addho\u00adven zro\u00adbi\u0142 si\u0119 dla tej\u00a0imprezy zbyt ma\u0142y. W\u00a0Mal\u00adden (Ko\u0142o Nij\u00adme\u00adgen) jest do\u00a0dys\u00adpo\u00adzy\u00adcji du\u017ca sala, kt\u00f3ra\u00a0dobrze nadaje si\u0119 na\u00a0taka imprez\u0119.<\/p>\n<p>Dzi\u0119\u00adkuj\u0119 wszyst\u00adkim za\u00a0ogrom pracy, w\u0142o\u00ad\u017cony w\u00a0przy\u00adgo\u00adto\u00adwa\u00adnie dzieci.<\/p>\n<p>Po\u00a0pro\u00adstu dzi\u0119kuj\u0119.<\/p>\n<p>W\u00a0imie\u00adniu Zarz\u0105du Forum Pol\u00adskich Szk\u00f3\u0142 w\u00a0Holan\u00addii,<br \/>\n<strong><em>Ma\u0142\u00adgo\u00adrzata Evertse-Sm\u00f3\u0142ka<\/em><\/strong><\/p>\n<p>Wyst\u0119py indy\u00adwi\u00addu\u00adalne.<\/p>\n<p><strong>Kate\u00adgo\u00adria wie\u00adkowa od\u00a04 do\u00a06\u00a0lat<\/strong><\/p>\n<p><strong>I\u00a0miej\u00adsce<\/strong><\/p>\n<p>Natalka van Dijk\u00a0ze Szko\u0142y w\u00a0Rot\u00adter\u00adda\u00admie<br \/>\nDavid de Vos\u00a0ze Szko\u0142y w\u00a0Rotterdamie<\/p>\n<p><strong>II miej\u00adsce<\/strong><\/p>\n<p>Alinka Kru\u00adszy\u0144\u00adska\u00a0ze Szko\u0142y W\u00a0Ein\u00addho\u00adven<br \/>\nChris van Dijk\u00a0ze Szko\u0142y w\u00a0Rotterdamie<\/p>\n<p><strong>III miej\u00adsce<\/strong><\/p>\n<p>Kostek Roden\u00adburg\u00a0ze Szko\u0142y w\u00a0Til\u00adburgu<br \/>\nArjan Jan\u00adkow\u00adski\u00a0ze Szko\u0142y w\u00a0Tilburgu<\/p>\n<p><strong>Kate\u00adgo\u00adria wie\u00adkowa od\u00a07 do\u00a09\u00a0lat<\/strong><\/p>\n<p><strong>I\u00a0miej\u00adsce<\/strong><\/p>\n<p>Natha\u00adlie van Deur\u00adsen\u00a0ze Szko\u0142y w\u00a0Rot\u00adter\u00adda\u00admie<br \/>\nPatrick Lagarde\u00a0ze Szko\u0142y w\u00a0Tilburgu<\/p>\n<p><strong>II miej\u00adsce<\/strong><\/p>\n<p>Elwira Booman\u00a0ze Szko\u0142y w\u00a0Til\u00adburgu<br \/>\nMate\u00adusz G\u00a2rski\u00a0ze Szko\u0142y w\u00a0Eindhoven<\/p>\n<p><strong>III miej\u00adsce<\/strong><\/p>\n<p>Marta op den Aker\u00a0ze Szko\u0142y w\u00a0Rot\u00adter\u00adda\u00admie<br \/>\nSeba\u00adstian Zasadny\u00a0ze Szko\u0142y w\u00a0Utrechcie<\/p>\n<p><strong>Kate\u00adgo\u00adria wie\u00adkowa od\u00a010 do\u00a013\u00a0lat<\/strong><\/p>\n<p><strong>I\u00a0miej\u00adsce <\/strong><\/p>\n<p>Jan Eggen\u00adkamp\u00a0ze Szko\u0142y w\u00a0Utrechcie<\/p>\n<p><strong>II miej\u00adsce<\/strong><\/p>\n<p>Celine Lagarde\u00a0ze Szko\u0142y w\u00a0Til\u00adburgu<br \/>\nDaria Zabczy\u0144\u00adska\u00a0ze Szko\u0142y w\u00a0Eindhoven<\/p>\n<p><strong>III miej\u00adsce<\/strong><\/p>\n<p>Igor de Groot\u00a0ze Szko\u0142y w\u00a0Eindhoven<\/p>\n<p><strong>Wyst\u0119py Zbio\u00adrowe<\/strong><\/p>\n<p><strong>I\u00a0miej\u00adsce<\/strong><\/p>\n<p>Szko\u0142a Pol\u00adska im.\u00a0H.Sienkiewicza w\u00a0Rot\u00adter\u00adda\u00admie\u00a0\u201cDo czego s\u0142u\u017cy tatu\u015b\u201d Win\u00adcenty\u00a0Faber<\/p>\n<p><strong>II miej\u00adsce<\/strong><\/p>\n<p>Szko\u0142y Pol\u00adska w\u00a0Til\u00adburgu \u201cDwie gadu\u0142y\u201d Jan Brzechwa<\/p>\n<p><strong>III miej\u00adsce<\/strong><\/p>\n<p>Szko\u0142a Pol\u00adska w\u00a0Utrech\u00adcie\u00a0\u201cLe\u0144\u201d Jan Brzechwa<\/p>\n<p>&nbsp;<\/p>\n<p>zdj\u0119cia archiwalne na stronie Polskiej Sceny w Holadnii<\/p>\n<p><a href=\"https:\/\/i0.wp.com\/www.wierszowisko.com\/wp-content\/uploads\/camera.jpg\"><img loading=\"lazy\" class=\"alignnone size-medium wp-image-2430\" src=\"https:\/\/i0.wp.com\/www.wierszowisko.com\/wp-content\/uploads\/camera-300x225.jpg?resize=300%2C225\" alt=\"camera\" width=\"300\" height=\"225\" srcset=\"https:\/\/i0.wp.com\/www.wierszowisko.com\/wp-content\/uploads\/camera.jpg?resize=300%2C225&amp;ssl=1 300w, https:\/\/i0.wp.com\/www.wierszowisko.com\/wp-content\/uploads\/camera.jpg?resize=150%2C113&amp;ssl=1 150w, https:\/\/i0.wp.com\/www.wierszowisko.com\/wp-content\/uploads\/camera.jpg?resize=400%2C300&amp;ssl=1 400w, https:\/\/i0.wp.com\/www.wierszowisko.com\/wp-content\/uploads\/camera.jpg?w=512&amp;ssl=1 512w\" sizes=\"(max-width: 300px) 100vw, 300px\" data-recalc-dims=\"1\" \/><\/a> <a href=\"https:\/\/i0.wp.com\/www.wierszowisko.com\/wp-content\/uploads\/jury.jpg\"><img loading=\"lazy\" class=\"alignnone size-medium wp-image-2431\" src=\"https:\/\/i0.wp.com\/www.wierszowisko.com\/wp-content\/uploads\/jury-300x208.jpg?resize=300%2C208\" alt=\"jury\" width=\"300\" height=\"208\" srcset=\"https:\/\/i0.wp.com\/www.wierszowisko.com\/wp-content\/uploads\/jury.jpg?resize=300%2C208&amp;ssl=1 300w, https:\/\/i0.wp.com\/www.wierszowisko.com\/wp-content\/uploads\/jury.jpg?resize=150%2C104&amp;ssl=1 150w, https:\/\/i0.wp.com\/www.wierszowisko.com\/wp-content\/uploads\/jury.jpg?resize=400%2C278&amp;ssl=1 400w, https:\/\/i0.wp.com\/www.wierszowisko.com\/wp-content\/uploads\/jury.jpg?w=500&amp;ssl=1 500w\" sizes=\"(max-width: 300px) 100vw, 300px\" data-recalc-dims=\"1\" \/><\/a> <a href=\"https:\/\/i0.wp.com\/www.wierszowisko.com\/wp-content\/uploads\/natalia.jpg\"><img loading=\"lazy\" class=\"alignnone size-medium wp-image-2432\" src=\"https:\/\/i0.wp.com\/www.wierszowisko.com\/wp-content\/uploads\/natalia-207x300.jpg?resize=207%2C300\" alt=\"natalia\" width=\"207\" height=\"300\" srcset=\"https:\/\/i0.wp.com\/www.wierszowisko.com\/wp-content\/uploads\/natalia.jpg?resize=207%2C300&amp;ssl=1 207w, https:\/\/i0.wp.com\/www.wierszowisko.com\/wp-content\/uploads\/natalia.jpg?resize=104%2C150&amp;ssl=1 104w, https:\/\/i0.wp.com\/www.wierszowisko.com\/wp-content\/uploads\/natalia.jpg?resize=400%2C579&amp;ssl=1 400w, https:\/\/i0.wp.com\/www.wierszowisko.com\/wp-content\/uploads\/natalia.jpg?w=500&amp;ssl=1 500w\" sizes=\"(max-width: 207px) 100vw, 207px\" data-recalc-dims=\"1\" \/><\/a> <a href=\"https:\/\/i0.wp.com\/www.wierszowisko.com\/wp-content\/uploads\/nowi.jpg\"><img loading=\"lazy\" class=\"alignnone size-medium wp-image-2433\" src=\"https:\/\/i0.wp.com\/www.wierszowisko.com\/wp-content\/uploads\/nowi-300x225.jpg?resize=300%2C225\" alt=\"nowi\" width=\"300\" height=\"225\" srcset=\"https:\/\/i0.wp.com\/www.wierszowisko.com\/wp-content\/uploads\/nowi.jpg?resize=300%2C225&amp;ssl=1 300w, https:\/\/i0.wp.com\/www.wierszowisko.com\/wp-content\/uploads\/nowi.jpg?resize=150%2C113&amp;ssl=1 150w, https:\/\/i0.wp.com\/www.wierszowisko.com\/wp-content\/uploads\/nowi.jpg?resize=400%2C300&amp;ssl=1 400w, https:\/\/i0.wp.com\/www.wierszowisko.com\/wp-content\/uploads\/nowi.jpg?w=500&amp;ssl=1 500w\" sizes=\"(max-width: 300px) 100vw, 300px\" data-recalc-dims=\"1\" \/><\/a> <a href=\"https:\/\/i0.wp.com\/www.wierszowisko.com\/wp-content\/uploads\/wygrani.jpg\"><img loading=\"lazy\" class=\"alignnone size-medium wp-image-2434\" src=\"https:\/\/i0.wp.com\/www.wierszowisko.com\/wp-content\/uploads\/wygrani-300x225.jpg?resize=300%2C225\" alt=\"wygrani\" width=\"300\" height=\"225\" srcset=\"https:\/\/i0.wp.com\/www.wierszowisko.com\/wp-content\/uploads\/wygrani.jpg?resize=300%2C225&amp;ssl=1 300w, https:\/\/i0.wp.com\/www.wierszowisko.com\/wp-content\/uploads\/wygrani.jpg?resize=150%2C113&amp;ssl=1 150w, https:\/\/i0.wp.com\/www.wierszowisko.com\/wp-content\/uploads\/wygrani.jpg?resize=400%2C300&amp;ssl=1 400w, https:\/\/i0.wp.com\/www.wierszowisko.com\/wp-content\/uploads\/wygrani.jpg?w=500&amp;ssl=1 500w\" sizes=\"(max-width: 300px) 100vw, 300px\" data-recalc-dims=\"1\" \/><\/a><\/p>\n<p>http:\/\/www.poolspodium.org\/ned\/wierszowiskozdjecia.html<\/p>\n","protected":false},"excerpt":{"rendered":"<p>V Festi\u00adwal Pol\u00adskiej Poezji dla Dzieci Wier\u00adszo\u00adwi\u00adsko 2005 : \u201eRodzina m\u00f3j \u015bwiat\u201d<\/p>\n<p>WIERSZOWISKO 2005 \u2013 20.03.2005<\/p>\n<p>Po festi\u00adwalu<\/p>\n<p>WIERSZOWISKO 2005<\/p>\n<p>My\u015bl\u0119, \u017ce powoli mo\u017cemy poku\u00adsi\u0107 si\u0119 o pod\u00adsu\u00admo\u00adwa\u00adnie Wier\u00adszo\u00adwi\u00adska 2005. Otrzy\u00adma\u00ad\u0142am kilka cen\u00adnych uwag, za kt\u00f3re bar\u00addzo dzi\u0119\u00adkuj\u0119. To dzi\u0119ki nim mo\u017cna orga\u00adni\u00adza\u00adcj\u0119 tej imprezy corocz\u00adnie ulep\u00adsza\u0107. To, co napi\u00adsz\u0119, to nie ocena imprezy, bo [&#8230;]<\/p>\n","protected":false},"author":1,"featured_media":0,"parent":107,"menu_order":9,"comment_status":"closed","ping_status":"closed","template":"","meta":{"ngg_post_thumbnail":0,"spay_email":""},"_links":{"self":[{"href":"https:\/\/www.wierszowisko.com\/index.php?rest_route=\/wp\/v2\/pages\/222"}],"collection":[{"href":"https:\/\/www.wierszowisko.com\/index.php?rest_route=\/wp\/v2\/pages"}],"about":[{"href":"https:\/\/www.wierszowisko.com\/index.php?rest_route=\/wp\/v2\/types\/page"}],"author":[{"embeddable":true,"href":"https:\/\/www.wierszowisko.com\/index.php?rest_route=\/wp\/v2\/users\/1"}],"replies":[{"embeddable":true,"href":"https:\/\/www.wierszowisko.com\/index.php?rest_route=%2Fwp%2Fv2%2Fcomments&post=222"}],"version-history":[{"count":11,"href":"https:\/\/www.wierszowisko.com\/index.php?rest_route=\/wp\/v2\/pages\/222\/revisions"}],"predecessor-version":[{"id":2559,"href":"https:\/\/www.wierszowisko.com\/index.php?rest_route=\/wp\/v2\/pages\/222\/revisions\/2559"}],"up":[{"embeddable":true,"href":"https:\/\/www.wierszowisko.com\/index.php?rest_route=\/wp\/v2\/pages\/107"}],"wp:attachment":[{"href":"https:\/\/www.wierszowisko.com\/index.php?rest_route=%2Fwp%2Fv2%2Fmedia&parent=222"}],"curies":[{"name":"wp","href":"https:\/\/api.w.org\/{rel}","templated":true}]}}