{"id":220,"date":"2014-03-08T23:14:11","date_gmt":"2014-03-08T23:14:11","guid":{"rendered":"http:\/\/www.wierszowisko.com\/?page_id=220"},"modified":"2024-01-22T21:36:19","modified_gmt":"2024-01-22T21:36:19","slug":"2006-wierszowisko","status":"publish","type":"page","link":"https:\/\/www.wierszowisko.com\/?page_id=220","title":{"rendered":"2006 Wierszowisko"},"content":{"rendered":"<div>VI Festi\u00adwal Pol\u00adskiej Poezji dla Dzieci Wier\u00adszo\u00adwi\u00adsko 2006: \u201eOswo\u00adjone i\u00a0dzi\u00adkie, o\u00a0zwie\u00adrz\u0105t\u00adkach wierszyki\u201d<\/div>\n<p><strong>Zwy\u00adci\u0119zcy<\/strong><\/p>\n<p><strong>Wyst\u0119py indy\u00adwi\u00addu\u00adalne.<\/strong><\/p>\n<ul>\n<li>Kate\u00adgo\u00adria wie\u00adkowa od\u00a04 do\u00a06\u00a0lat.<\/li>\n<\/ul>\n<p><strong>I\u00a0miej\u00adsce: <\/strong>Natalka van Dijk ze\u00a0szko\u0142y w\u00a0Rot\u00adter\u00adda\u00admie z\u00a0wier\u00adszem pt.\u00a0\u201cKotek\u2019 Ewy Skar\u017cy\u0144skiej<\/p>\n<p><strong>II miej\u00adsce: <\/strong>Janina Kubicka ze\u00a0szko\u0142y w\u00a0Nij\u00adme\u00adgen z\u00a0wier\u00adszem pt.\u00a0\u201cEntliczek Pen\u00adtli\u00adczek\u201d Jana Brzechwy<\/p>\n<p><strong>III miej\u00adsce: <\/strong>Marek Spit ze\u00a0szko\u0142y w\u00a0Ein\u00addho\u00adven z\u00a0wier\u00adszem pt.\u00a0\u201cBazyliszek i\u00a0Bar\u00adbarka\u201d Tade\u00adusza Kubiaka<\/p>\n<ul>\n<li>Kate\u00adgo\u00adria wie\u00adkowa od\u00a07 do\u00a09\u00a0lat.<\/li>\n<\/ul>\n<p><strong>I\u00a0miej\u00adsce: <\/strong>Krzysz\u00adtof van Dijk ze\u00a0szko\u0142y w\u00a0Rot\u00adter\u00adda\u00admie z\u00a0wier\u00adszem pt.\u00a0\u201cO Burku na\u00a0podw\u00f3rku\u201d Sta\u00adni\u00ads\u0142awa Kraszewskiego<\/p>\n<p><strong>II miej\u00adsce: <\/strong>Mar\u00adcel Kaczor ze\u00a0szko\u0142y w\u00a0Rot\u00adter\u00adda\u00admie z\u00a0wier\u00adszem pt.\u00a0\u201c\u017buk\u201d Jana Brzechwy<\/p>\n<p><strong>III miej\u00adsce: <\/strong>Arian Jan\u00adkow\u00adski ze\u00a0szko\u0142y w\u00a0Til\u00adburgu z\u00a0wier\u00adszem pt.\u00a0\u201cBaran\u201d Jana Brzechwy<\/p>\n<ul>\n<li>Kate\u00adgo\u00adria wie\u00adkowa od\u00a011 do\u00a013\u00a0lat.<\/li>\n<\/ul>\n<p><strong>I\u00a0miej\u00adsce: <\/strong>Patrick Lagarde ze\u00a0szko\u0142y w\u00a0Til\u00adburgu z\u00a0wier\u00adszem pt.: \u201cPan Tygrys\u201d Ludwika Jerzego Kerna<\/p>\n<p><strong>II miej\u00adsce: <\/strong>Zosia Rouwe\u00adler ze\u00a0szko\u0142y w\u00a0Enschede z\u00a0wier\u00adszem pt.: \u201cSp\u00f3\u017a\u00adniony s\u0142o\u00adwik\u201d Juliana Tuwima<\/p>\n<p><strong>III miej\u00adsce: <\/strong>Daria Zabczy\u0144\u00adska ze\u00a0szko\u0142y w\u00a0Ein\u00addho\u00adven z\u00a0wier\u00adszem pt.: \u201cRak czu\u00adpi\u00adrak i\u00a0rybka z\u0142o\u00ad\u015bnica\u201d Hanny Ochockiej<\/p>\n<p><strong>Wyst\u0119p zbio\u00adrowy.<\/strong><\/p>\n<p><strong>I\u00a0miej\u00adsce<\/strong> zaj\u0119\u0142a szko\u0142a w\u00a0Rot\u00adter\u00adda\u00admie z\u00a0insce\u00adni\u00adza\u00adcj\u0105 pt.: \u201cNie\u00adzwy\u00adk\u0142y dom\u201d na\u00a0moty\u00adwach ba\u015bni ludowej<\/p>\n<p>Wyst\u0105\u00adpili:<\/p>\n<p>Mar\u00adtyna Gro\u00adchow\u00adska, Mate\u00adusz Kosiak, Jakub Sza\u00adruga, Pau\u00adlina Schmel\u00adter, Kaja Pie\u00adcyk, Eva Ver\u00adbiest, Natha\u00adlie van Deur\u00adsen, Natalka van\u00a0Dijk,<\/p>\n<p>Mar\u00adcel Kaczor, Krzy\u015b van Dijk, Jan van der Lin\u00adden, Bianca de Wit, Natha\u00adlie Brandt, Marta Miko\u00ad\u0142aj\u00adska<\/p>\n<p><strong>II miej\u00adsce<\/strong> zaj\u0119\u0142a szko\u0142a w\u00a0Til\u00adburgu z\u00a0insce\u00adni\u00adza\u00adcj\u0105 sce\u00adna\u00adriu\u00adsza wido\u00adwi\u00adska z\u00a0oka\u00adzji obcho\u00addow Dnia\u00a0Ziemi.<\/p>\n<p>Wyst\u0105\u00adpili:<\/p>\n<p>Patrick Lagarde, Mary\u00adsia Loots, Mate\u00adusz Mie\u00adrze\u00adjek, Ronald Ver\u00admet\u00adten,\u00a0 Elwira Boon\u00adman,<\/p>\n<p>Laura van Hooft, Vin\u00adcent Roden\u00adburg, Clau\u00addia van de Ven, Maciej Mika, Arian Jan\u00adkow\u00adski<\/p>\n<p><strong>II miej\u00adsce<\/strong> zaj\u0119\u0142a szko\u0142a w\u00a0Enschede z\u00a0insce\u00adni\u00adza\u00adcj\u0105 wier\u00adsza pt ?Zuk? Jana Brzechwy.<\/p>\n<p>Wyst\u0105\u00adpili:<\/p>\n<p>Ania Zapo\u00adtoczna i\u00a0\u0141ukasz Zapotoczny<\/p>\n<p><strong>III miej\u00adsce<\/strong> zaj\u0119\u0142a szko\u0142a w\u00a0Utrech\u00adcie z\u00a0insce\u00adni\u00adza\u00adcj\u0105 wier\u00adsza pt.\u00a0\u201cPingwin\u201d Wandy Cho\u00adtom\u00adskiej oraz\u00a0wier\u00adsza pt.: \u201cRodzina pin\u00adgwina idzie do\u00a0kina\u201d Leona Szweda.<\/p>\n<p>Wyst\u0105\u00adpili: Patryk Gere\u00admek, Jan Eggen\u00adkamp, Seba\u00adstian Zasadny, Laura van den Brink, Alex Ockhu\u00adizen, Aaron Ockhu\u00adizen<\/p>\n<p><strong>Oce\u00adnia\u0142o jury w\u00a0sk\u0142adzie:<\/strong><\/p>\n<p><strong>Mag\u00adda\u00adlena Rzep\u00adniew\u00adska<\/strong> ze\u00a0Wsp\u00f3l\u00adnoty Pol\u00adskiej w\u00a0Warszawie<\/p>\n<p><strong>Janusz Dawi\u00addo\u00adwicz<\/strong>\u2013Kon\u00adsul Amba\u00adsady RP w\u00a0Hadze<\/p>\n<p><strong>Magda Noga<\/strong>\u2013sym\u00adpa\u00adtyk\u00a0FPSN<\/p>\n<p><strong>Mirka Skot\u00adnicka<\/strong>\u2013Lapot, cz\u0142on\u00adkini grupy za\u0142o\u00ad\u017cy\u00adciel\u00adskiej\u00a0FPSN<\/p>\n<p><strong>Krzysz\u00adtof Bir\u00adlet<\/strong>&#8211; sym\u00adpa\u00adtyk\u00a0FPSN<\/p>\n<p><strong>Wier\u00adszo\u00adwi\u00adsko pro\u00adwa\u00addzili Mag\u00adda\u00adlena Duijn\u00adho\u00aduwer, Edyta Ja\u015b\u00adkowiec oraz\u00a0Tomasz Kara\u00adwaj\u00adczyk ze\u00a0Szko\u0142y Pol\u00adskiej w\u00a0Rotterdamie.<\/strong><\/p>\n<p>Wier\u00adszo\u00adwi\u00adsko\u00a02006<\/p>\n<p>Ilosc dzieci: 88<\/p>\n<p>Doro\u00ads\u0142ych: oko\u0142o\u00a0150<\/p>\n<p>Ilosc szkol: 9<\/p>\n<p>Zosta\u0142y po\u00a0raz kolejny zapro\u00adszone, by\u00a0pre\u00adzen\u00adto\u00adwa\u0107 poziom recy\u00adto\u00adwa\u00adnia pol\u00adskiej poezji dzie\u00adci\u0119\u00adcej, owoc nauki j\u0119zyka pol\u00adskiego w\u00a0Holan\u00addii. Nie\u00adma\u0142y to\u00a0wk\u0142ad pracy zar\u00f3wno dzieci jak i\u00a0ich rodzi\u00adc\u00f3w, nauczy\u00adcieli, orga\u00adni\u00adza\u00adto\u00adr\u00f3w, wszyst\u00adkich dzia\u00ad\u0142a\u00adj\u0105\u00adcych spo\u0142ecznie.<\/p>\n<p>Pami\u0119\u00adtam, ze\u00a0idea tego feno\u00adme\u00adnal\u00adnego przed\u00adsi\u0119\u00adwzi\u0119\u00adcia zro\u00addzi\u0142a si\u0119 7 lat temu w\u00a0Amba\u00adsa\u00addzie Pol\u00adskiej w\u00a0Hadze.Wtedy to\u00a0tez odby\u0142y si\u0119 wyst\u0119py recy\u00adta\u00adtor\u00adskie z\u00a0ele\u00admen\u00adtami muzyki i\u00a0naszego pol\u00adskiego folk\u00adloru. Bra\u0142y w\u00a0niej udzia\u0142 dzieci z\u00a0nie\u00admal wszyst\u00adkich pol\u00adskich szk\u00f3\u0142 zrze\u00adszo\u00adnych w\u00a0Forum w\u00a0Holandii..<\/p>\n<p>Od\u00a06 lat rok rocz\u00adnie powta\u00adrzana gala pol\u00adskiej poezji dzie\u00adci\u0119\u00adcej nabiera coraz wi\u0119k\u00adszego roz\u00adma\u00adchu. Ranga i\u00a0towa\u00adrzy\u00adsz\u0105ce emo\u00adcje staja si\u0119 coraz to\u00a0bar\u00addziej eks\u00adcy\u00adtu\u00adj\u0105ce, a\u00a0dzieci nasze opa\u00adno\u00adwuj\u0105 naj\u00adpi\u0119k\u00adniej\u00adsze pol\u00adskie strofy i\u00a0nie tylko.\u2026 Ucz\u0105 si\u0119 nie tylko m\u00f3wi\u0107, ale\u00a0s\u0142u\u00adcha\u0107 i\u00a0prze\u00ad\u017cy\u00adwa\u0107. Wyst\u0119\u00adpu\u00adj\u0105c, pre\u00adzen\u00adtuj\u0105 kunszt gry ma\u0142ych czy m\u0142o\u00addych akto\u00adr\u00f3w. Wygrana we\u00a0wsp\u00f3\u0142\u00adza\u00adwod\u00adnic\u00adtwie jest praw\u00addzi\u00adwym zwy\u00adci\u0119\u00adstwem, okla\u00adski publicz\u00adno\u00ad\u015bci, zdo\u00adby\u00adwane medale i\u00a0pochwa\u0142y dodaj\u0105 dopingu do\u00a0dal\u00adszej nauki. A\u00a0medale sa pi\u0119kne, z\u00a0bia\u0142o czer\u00adwo\u00adnym, bli\u00adskim sercu zabar\u00adwie\u00adniem wst\u0119gi.<\/p>\n<p>Na\u00a0Wier\u00adszo\u00adwi\u00adsku powstaje tez nie\u00adpo\u00adwta\u00adrzalna wi\u0119\u017a pomi\u0119\u00addzy dzie\u0107mi, rodzi\u00adcami, nauczy\u00adcie\u00adlami jak i\u00a0przed\u00adsta\u00adwi\u00adcie\u00adlami pol\u00adskiej dyplo\u00adma\u00adcji, \u015bwiata arty\u00adstycz\u00adnego.\u00a0Mo\u017cemy by\u0107 dumni nie tylko z\u00a0naszych pociech. Uczymy si\u0119 od\u00a0sie\u00adbie, wymie\u00adniamy do\u015bwiad\u00adcze\u00adnia i\u00a0utwier\u00addzamy si\u0119 w\u00a0tym, ze\u00a0to, co robimy ma sens. My\u015bl\u0105c o\u00a0Wier\u00adszo\u00adwi\u00adsku przy\u00adpo\u00admi\u00adnaj\u0105 mi si\u0119 takty z\u00a0pami\u0119t\u00adnej \u201cLoko\u00admo\u00adtywy\u201d J. Tuwima:<\/p>\n<p>A\u00a0sk\u0105d\u017ce to, jak\u017ce to, czemu tak\u00a0gna,<\/p>\n<p>A\u00a0co to\u00a0to, co to, kto to\u00a0tak pcha,<\/p>\n<p>Ze\u00a0p\u0119dzi, ze\u00a0wali, ze\u00a0bucha, buch\u00a0buch,<\/p>\n<p>To\u00a0para organizator\u00a2w wpra\u00adwi\u0142a to\u00a0w\u00a0ruch.\u2026<\/p>\n<p>Dzi\u0119ki wi\u0119c za\u00a0te wielk\u0105 \u201cpar\u0119\u201d, organizatorzy!.<\/p>\n<p>\u201cTak to\u00a0to, tak to\u00a0to, tak to\u00a0to, tak\u00a0to\u00a0to!\u2026\u201d<\/p>\n<p>Cie\u00adsz\u0119 si\u0119, ze\u00a0mogli\u00ad\u015bmy to\u00a0zn\u00f3w prze\u017cy\u0107.<\/p>\n<p>Renata Grech Rouweler<\/p>\n<p>Pol\u00adska Szko\u0142a Twente<\/p>\n<p>dyplomy:<\/p>\n<p><a href=\"https:\/\/i0.wp.com\/www.wierszowisko.com\/wp-content\/uploads\/2014\/03\/wierszowisko-2006.jpg\"><img loading=\"lazy\" class=\"alignnone size-medium wp-image-2225\" src=\"https:\/\/i0.wp.com\/www.wierszowisko.com\/wp-content\/uploads\/2014\/03\/wierszowisko-2006-212x300.jpg?resize=212%2C300\" alt=\"wierszowisko 2006\" width=\"212\" height=\"300\" srcset=\"https:\/\/i0.wp.com\/www.wierszowisko.com\/wp-content\/uploads\/2014\/03\/wierszowisko-2006.jpg?resize=212%2C300&amp;ssl=1 212w, https:\/\/i0.wp.com\/www.wierszowisko.com\/wp-content\/uploads\/2014\/03\/wierszowisko-2006.jpg?resize=724%2C1024&amp;ssl=1 724w, https:\/\/i0.wp.com\/www.wierszowisko.com\/wp-content\/uploads\/2014\/03\/wierszowisko-2006.jpg?resize=106%2C150&amp;ssl=1 106w, https:\/\/i0.wp.com\/www.wierszowisko.com\/wp-content\/uploads\/2014\/03\/wierszowisko-2006.jpg?resize=400%2C566&amp;ssl=1 400w, https:\/\/i0.wp.com\/www.wierszowisko.com\/wp-content\/uploads\/2014\/03\/wierszowisko-2006.jpg?w=794&amp;ssl=1 794w\" sizes=\"(max-width: 212px) 100vw, 212px\" data-recalc-dims=\"1\" \/><\/a> <a href=\"https:\/\/i0.wp.com\/www.wierszowisko.com\/wp-content\/uploads\/2014\/03\/wierszowisko-20062.jpg\"><img loading=\"lazy\" class=\"alignnone size-medium wp-image-2226\" src=\"https:\/\/i0.wp.com\/www.wierszowisko.com\/wp-content\/uploads\/2014\/03\/wierszowisko-20062-212x300.jpg?resize=212%2C300\" alt=\"wierszowisko 20062\" width=\"212\" height=\"300\" srcset=\"https:\/\/i0.wp.com\/www.wierszowisko.com\/wp-content\/uploads\/2014\/03\/wierszowisko-20062.jpg?resize=212%2C300&amp;ssl=1 212w, https:\/\/i0.wp.com\/www.wierszowisko.com\/wp-content\/uploads\/2014\/03\/wierszowisko-20062.jpg?resize=724%2C1024&amp;ssl=1 724w, https:\/\/i0.wp.com\/www.wierszowisko.com\/wp-content\/uploads\/2014\/03\/wierszowisko-20062.jpg?resize=106%2C150&amp;ssl=1 106w, https:\/\/i0.wp.com\/www.wierszowisko.com\/wp-content\/uploads\/2014\/03\/wierszowisko-20062.jpg?resize=400%2C566&amp;ssl=1 400w, https:\/\/i0.wp.com\/www.wierszowisko.com\/wp-content\/uploads\/2014\/03\/wierszowisko-20062.jpg?w=794&amp;ssl=1 794w\" sizes=\"(max-width: 212px) 100vw, 212px\" data-recalc-dims=\"1\" \/><\/a> <a href=\"https:\/\/i0.wp.com\/www.wierszowisko.com\/wp-content\/uploads\/2014\/03\/wierszowisko-20063.jpg\"><img loading=\"lazy\" class=\"alignnone size-medium wp-image-2227\" src=\"https:\/\/i0.wp.com\/www.wierszowisko.com\/wp-content\/uploads\/2014\/03\/wierszowisko-20063-212x300.jpg?resize=212%2C300\" alt=\"wierszowisko 20063\" width=\"212\" height=\"300\" srcset=\"https:\/\/i0.wp.com\/www.wierszowisko.com\/wp-content\/uploads\/2014\/03\/wierszowisko-20063.jpg?resize=212%2C300&amp;ssl=1 212w, https:\/\/i0.wp.com\/www.wierszowisko.com\/wp-content\/uploads\/2014\/03\/wierszowisko-20063.jpg?resize=724%2C1024&amp;ssl=1 724w, https:\/\/i0.wp.com\/www.wierszowisko.com\/wp-content\/uploads\/2014\/03\/wierszowisko-20063.jpg?resize=106%2C150&amp;ssl=1 106w, https:\/\/i0.wp.com\/www.wierszowisko.com\/wp-content\/uploads\/2014\/03\/wierszowisko-20063.jpg?resize=400%2C566&amp;ssl=1 400w, https:\/\/i0.wp.com\/www.wierszowisko.com\/wp-content\/uploads\/2014\/03\/wierszowisko-20063.jpg?w=794&amp;ssl=1 794w\" sizes=\"(max-width: 212px) 100vw, 212px\" data-recalc-dims=\"1\" \/><\/a> <a href=\"https:\/\/i0.wp.com\/www.wierszowisko.com\/wp-content\/uploads\/2014\/03\/wierszowisko-20064.jpg\"><img loading=\"lazy\" class=\"alignnone size-medium wp-image-2228\" src=\"https:\/\/i0.wp.com\/www.wierszowisko.com\/wp-content\/uploads\/2014\/03\/wierszowisko-20064-212x300.jpg?resize=212%2C300\" alt=\"wierszowisko 20064\" width=\"212\" height=\"300\" srcset=\"https:\/\/i0.wp.com\/www.wierszowisko.com\/wp-content\/uploads\/2014\/03\/wierszowisko-20064.jpg?resize=212%2C300&amp;ssl=1 212w, https:\/\/i0.wp.com\/www.wierszowisko.com\/wp-content\/uploads\/2014\/03\/wierszowisko-20064.jpg?resize=724%2C1024&amp;ssl=1 724w, https:\/\/i0.wp.com\/www.wierszowisko.com\/wp-content\/uploads\/2014\/03\/wierszowisko-20064.jpg?resize=106%2C150&amp;ssl=1 106w, https:\/\/i0.wp.com\/www.wierszowisko.com\/wp-content\/uploads\/2014\/03\/wierszowisko-20064.jpg?resize=400%2C566&amp;ssl=1 400w, https:\/\/i0.wp.com\/www.wierszowisko.com\/wp-content\/uploads\/2014\/03\/wierszowisko-20064.jpg?w=794&amp;ssl=1 794w\" sizes=\"(max-width: 212px) 100vw, 212px\" data-recalc-dims=\"1\" \/><\/a><\/p>\n<p><a href=\"https:\/\/i0.wp.com\/www.wierszowisko.com\/wp-content\/uploads\/2014\/03\/img269.jpg\"><img loading=\"lazy\" class=\"alignnone size-medium wp-image-2237\" src=\"https:\/\/i0.wp.com\/www.wierszowisko.com\/wp-content\/uploads\/2014\/03\/img269-300x218.jpg?resize=300%2C218\" alt=\"img269\" width=\"300\" height=\"218\" srcset=\"https:\/\/i0.wp.com\/www.wierszowisko.com\/wp-content\/uploads\/2014\/03\/img269.jpg?resize=300%2C218&amp;ssl=1 300w, https:\/\/i0.wp.com\/www.wierszowisko.com\/wp-content\/uploads\/2014\/03\/img269.jpg?resize=1024%2C744&amp;ssl=1 1024w, https:\/\/i0.wp.com\/www.wierszowisko.com\/wp-content\/uploads\/2014\/03\/img269.jpg?resize=150%2C109&amp;ssl=1 150w, https:\/\/i0.wp.com\/www.wierszowisko.com\/wp-content\/uploads\/2014\/03\/img269.jpg?resize=400%2C291&amp;ssl=1 400w, https:\/\/i0.wp.com\/www.wierszowisko.com\/wp-content\/uploads\/2014\/03\/img269.jpg?w=1280&amp;ssl=1 1280w, https:\/\/i0.wp.com\/www.wierszowisko.com\/wp-content\/uploads\/2014\/03\/img269.jpg?w=1920&amp;ssl=1 1920w\" sizes=\"(max-width: 300px) 100vw, 300px\" data-recalc-dims=\"1\" \/><\/a> <a href=\"https:\/\/i0.wp.com\/www.wierszowisko.com\/wp-content\/uploads\/2014\/03\/img268.jpg\"><img loading=\"lazy\" class=\"alignnone size-medium wp-image-2236\" src=\"https:\/\/i0.wp.com\/www.wierszowisko.com\/wp-content\/uploads\/2014\/03\/img268-300x218.jpg?resize=300%2C218\" alt=\"img268\" width=\"300\" height=\"218\" srcset=\"https:\/\/i0.wp.com\/www.wierszowisko.com\/wp-content\/uploads\/2014\/03\/img268.jpg?resize=300%2C218&amp;ssl=1 300w, https:\/\/i0.wp.com\/www.wierszowisko.com\/wp-content\/uploads\/2014\/03\/img268.jpg?resize=1024%2C744&amp;ssl=1 1024w, https:\/\/i0.wp.com\/www.wierszowisko.com\/wp-content\/uploads\/2014\/03\/img268.jpg?resize=150%2C109&amp;ssl=1 150w, https:\/\/i0.wp.com\/www.wierszowisko.com\/wp-content\/uploads\/2014\/03\/img268.jpg?resize=400%2C291&amp;ssl=1 400w, https:\/\/i0.wp.com\/www.wierszowisko.com\/wp-content\/uploads\/2014\/03\/img268.jpg?w=1280&amp;ssl=1 1280w, https:\/\/i0.wp.com\/www.wierszowisko.com\/wp-content\/uploads\/2014\/03\/img268.jpg?w=1920&amp;ssl=1 1920w\" sizes=\"(max-width: 300px) 100vw, 300px\" data-recalc-dims=\"1\" \/><\/a> <a href=\"https:\/\/i0.wp.com\/www.wierszowisko.com\/wp-content\/uploads\/2014\/03\/img270.jpg\"><img loading=\"lazy\" class=\"alignnone size-medium wp-image-2238\" src=\"https:\/\/i0.wp.com\/www.wierszowisko.com\/wp-content\/uploads\/2014\/03\/img270-300x218.jpg?resize=300%2C218\" alt=\"img270\" width=\"300\" height=\"218\" srcset=\"https:\/\/i0.wp.com\/www.wierszowisko.com\/wp-content\/uploads\/2014\/03\/img270.jpg?resize=300%2C218&amp;ssl=1 300w, https:\/\/i0.wp.com\/www.wierszowisko.com\/wp-content\/uploads\/2014\/03\/img270.jpg?resize=1024%2C744&amp;ssl=1 1024w, https:\/\/i0.wp.com\/www.wierszowisko.com\/wp-content\/uploads\/2014\/03\/img270.jpg?resize=150%2C109&amp;ssl=1 150w, https:\/\/i0.wp.com\/www.wierszowisko.com\/wp-content\/uploads\/2014\/03\/img270.jpg?resize=400%2C291&amp;ssl=1 400w, https:\/\/i0.wp.com\/www.wierszowisko.com\/wp-content\/uploads\/2014\/03\/img270.jpg?w=1280&amp;ssl=1 1280w, https:\/\/i0.wp.com\/www.wierszowisko.com\/wp-content\/uploads\/2014\/03\/img270.jpg?w=1920&amp;ssl=1 1920w\" sizes=\"(max-width: 300px) 100vw, 300px\" data-recalc-dims=\"1\" \/><\/a><\/p>\n<p>wi\u0119cej zdj\u0119\u0107 na pod linkiem:<\/p>\n<p>http:\/\/public.fotki.com\/m_birlet\/birlet_new_photos\/2006-03-12_nl_9_archive\/page7.html<\/p>\n<p><em>(sorry geen ver\u00adta\u00adling voorhanden)<\/em><\/p>\n","protected":false},"excerpt":{"rendered":"<p>VI Festi\u00adwal Pol\u00adskiej Poezji dla Dzieci Wier\u00adszo\u00adwi\u00adsko 2006: \u201eOswo\u00adjone i dzi\u00adkie, o zwie\u00adrz\u0105t\u00adkach wierszyki\u201d <\/p>\n<p>Zwy\u00adci\u0119zcy<\/p>\n<p>Wyst\u0119py indy\u00adwi\u00addu\u00adalne.<\/p>\n<p> Kate\u00adgo\u00adria wie\u00adkowa od 4 do 6 lat. <\/p>\n<p>I miej\u00adsce: Natalka van Dijk ze szko\u0142y w Rot\u00adter\u00adda\u00admie z wier\u00adszem pt. \u201cKotek\u2019 Ewy Skar\u017cy\u0144skiej<\/p>\n<p>II miej\u00adsce: Janina Kubicka ze szko\u0142y w Nij\u00adme\u00adgen z wier\u00adszem pt. \u201cEntliczek Pen\u00adtli\u00adczek\u201d Jana Brzechwy<\/p>\n<p>III [&#8230;]<\/p>\n","protected":false},"author":1,"featured_media":0,"parent":107,"menu_order":8,"comment_status":"closed","ping_status":"closed","template":"","meta":{"ngg_post_thumbnail":0,"spay_email":""},"_links":{"self":[{"href":"https:\/\/www.wierszowisko.com\/index.php?rest_route=\/wp\/v2\/pages\/220"}],"collection":[{"href":"https:\/\/www.wierszowisko.com\/index.php?rest_route=\/wp\/v2\/pages"}],"about":[{"href":"https:\/\/www.wierszowisko.com\/index.php?rest_route=\/wp\/v2\/types\/page"}],"author":[{"embeddable":true,"href":"https:\/\/www.wierszowisko.com\/index.php?rest_route=\/wp\/v2\/users\/1"}],"replies":[{"embeddable":true,"href":"https:\/\/www.wierszowisko.com\/index.php?rest_route=%2Fwp%2Fv2%2Fcomments&post=220"}],"version-history":[{"count":8,"href":"https:\/\/www.wierszowisko.com\/index.php?rest_route=\/wp\/v2\/pages\/220\/revisions"}],"predecessor-version":[{"id":4635,"href":"https:\/\/www.wierszowisko.com\/index.php?rest_route=\/wp\/v2\/pages\/220\/revisions\/4635"}],"up":[{"embeddable":true,"href":"https:\/\/www.wierszowisko.com\/index.php?rest_route=\/wp\/v2\/pages\/107"}],"wp:attachment":[{"href":"https:\/\/www.wierszowisko.com\/index.php?rest_route=%2Fwp%2Fv2%2Fmedia&parent=220"}],"curies":[{"name":"wp","href":"https:\/\/api.w.org\/{rel}","templated":true}]}}