{"id":218,"date":"2014-03-08T23:12:17","date_gmt":"2014-03-08T23:12:17","guid":{"rendered":"http:\/\/www.wierszowisko.com\/?page_id=218"},"modified":"2015-03-07T21:09:24","modified_gmt":"2015-03-07T21:09:24","slug":"2007-wierszowisko","status":"publish","type":"page","link":"https:\/\/www.wierszowisko.com\/?page_id=218","title":{"rendered":"2007 Wierszowisko"},"content":{"rendered":"<div><strong>VII Festi\u00adwal Pol\u00adskiej Poezji dla Dzieci Wier\u00adszo\u00adwi\u00adsko 2007 : \u201cCztery Pory\u00a0Roku\u201d<\/strong><\/div>\n<p><strong>Kate\u00adgo\u00adria indy\u00adwi\u00addu\u00adalna 4\u20136\u00a0lat<\/strong><\/p>\n<p><strong>I\u00a0miej\u00adsce:<\/strong> Piotr van Dijk, 4 lata, Rot\u00adter\u00addam<br \/>\n<strong> II miejsce:<\/strong><\/p>\n<ul>\n<li>\n<ul>\n<li>Nata\u00adlia Lewenko, 5 lat, Eindhoven<\/li>\n<li>Natalka van Dijk, 6 lat, Rotterdam<\/li>\n<\/ul>\n<\/li>\n<\/ul>\n<p><strong> III miej\u00adsce<\/strong> Aron Ockhu\u00adizen, 6 lat, Utrecht<\/p>\n<p><em> Wyr\u00f3\u017cnienie<\/em><\/p>\n<ul>\n<li>Vin\u00adcent Len\u00adgow\u00adski, 6 lat, Nijmegen<\/li>\n<li>Mar\u00adtyna Obrocka, 4 lata,\u00a0Haga<\/li>\n<li>Zuzanna Grzonka, 6 lat,\u00a0Haga<\/li>\n<\/ul>\n<p><strong>Kate\u00adgo\u00adria indy\u00adwi\u00addu\u00adalna 7\u20139\u00a0lat<\/strong><\/p>\n<p><strong>I\u00a0miej\u00adsce:<\/strong><\/p>\n<ul>\n<li>\n<ul>\n<li>Arian Jan\u00adkow\u00adski, 9 lat, Tilburg<\/li>\n<li>Krzy\u015b van Dijk, 8 lat, Rotterdam<\/li>\n<\/ul>\n<\/li>\n<\/ul>\n<p><strong> II miej\u00adsce:<\/strong> Mate\u00adusz Mie\u00adrze\u00adjek, 9 lat, Til\u00adburg<br \/>\n<strong> III miej\u00adsce:<\/strong> Karo\u00adlina Bus\u00adsel, 9 lat, Eindhoven<\/p>\n<p><em> Wyr\u00f3\u017cnienie<\/em><\/p>\n<ul>\n<li>Ceci\u00adlia Bal\u00adzer, 7 lat, Utrecht<\/li>\n<li>Marek Spit, 7 lat, Eindhoven<\/li>\n<\/ul>\n<p><strong>Kate\u00adgo\u00adria indy\u00adwi\u00addu\u00adalna 10\u201313\u00a0lat<\/strong><br \/>\n<strong> I\u00a0miej\u00adsce:<\/strong> Natha\u00adlie Brand, 11 lat, Rot\u00adter\u00addam<br \/>\n<strong> II miej\u00adsce<\/strong> Patrick Lagarde, Til\u00adburg<br \/>\n<strong> III miejsce:<\/strong><\/p>\n<ul>\n<li>\n<ul>\n<li>Bianca de Wit, 10 lat, Rotterdam<\/li>\n<li>Ilona de Baar, 10 lat, Eindhoven<\/li>\n<\/ul>\n<\/li>\n<\/ul>\n<p><strong>Wyst\u0119py zbio\u00adrowe<\/strong><br \/>\n<strong>I\u00a0miej\u00adsce<\/strong> Szko\u0142a w\u00a0Rot\u00adter\u00adda\u00admie z\u00a0wier\u00adszem: \u201cLi\u015bcie lec\u0105\u201d Hanny Ochockiej<\/p>\n<p><strong>II miej\u00adsce<\/strong><\/p>\n<ul>\n<li>\n<ul>\n<li>Szko\u0142a w\u00a0Ein\u00addho\u00adven z\u00a0insce\u00adni\u00adza\u00adcja opra\u00adco\u00adwana na\u00a0pod\u00adsta\u00adwie r\u00f3\u017c\u00adno\u00adrod\u00adnych wier\u00adszy o\u00a0tema\u00adtyce jesien\u00adnej pt.: \u201cJesienna ballada\u201d<\/li>\n<li>Szko\u0142a w\u00a0Utrech\u00adcie z\u00a0insce\u00adni\u00adza\u00adcja El\u017c\u00adbiety Kasz\u00adte\u00adlan i\u00a0innych auto\u00adr\u00f3w pt.:\u00a0\u201cZima\u201d<\/li>\n<\/ul>\n<\/li>\n<\/ul>\n<p><strong>III miej\u00adsce<\/strong> Szko\u0142a w\u00a0Til\u00adburgu z\u00a0insce\u00adni\u00adza\u00adcja pt.: \u201cA jak przyj\u00addzie wiosna?\u201d<\/p>\n<p>Puchar Kon\u00adsula Amba\u00adsady RP w\u00a0Hadze, przy\u00adznany po\u00a0raz pierw\u00adszy pod\u00adczas VII Wier\u00adszo\u00adwi\u00adska otrzy\u00adma\u0142 Orga\u00adni\u00adza\u00adtor Wier\u00adszo\u00adwi\u00adska \u2014 Forum Pol\u00adskich Szk\u00f3\u0142 w\u00a0Holandii.<\/p>\n<p><strong>Jury\u00a0 VII Festi\u00adwalu Pol\u00adskiej Poezji dla Dzieci<\/strong> obra\u00addo\u00adwa\u0142o w\u00a0sk\u0142adzie:<\/p>\n<p>&#8211; Pan Janusz Dawi\u00addo\u00adwicz\u2013 \u00a0Kon\u00adsul Amba\u00adsady RP w\u00a0Hadze<\/p>\n<p>&#8211; \u0141ukasz D\u0119b\u00adski \u2014 autor wier\u00adszy i\u00a0ksi\u0105\u00ad\u017cek edu\u00adka\u00adcyj\u00adnych dla dzieci<\/p>\n<p>\u2013Anna Kaszuba-Debska-malarka, ilu\u00adstra\u00adtorka, autorka fil\u00adm\u00f3w i\u00a0ksi\u0105\u00ad\u017cek dla dzieci<\/p>\n<p>&#8211; Agnieszka Gla\u00adpiak \u2014 repre\u00adzen\u00adtant\u00a0STEP<\/p>\n<p>&#8211; Kry\u00adstyna Buko\u00adwiec \u2014 repre\u00adzen\u00adtant\u00a0PNKV<\/p>\n<p>&#8211; Krzysz\u00adtof Bir\u00adlet \u2014 redak\u00adtor tygo\u00addnika \u201cNie\u00addziela w\u00a0Holandii\u201d<\/p>\n<p><strong>Ju\u017c po\u00a0wszyst\u00adkim!<\/strong><br \/>\n11 marca 2007 odby\u0142 si\u0119 ju\u017c VII festi\u00adwal Pol\u00adskiej Poezji dla Dzieci, Wierszowisko.<\/p>\n<p>Na\u00a0pi\u0119k\u00adnej sali w\u00a0Cen\u00adtrum Kul\u00adtu\u00adral\u00adnym Mal\u00adden\u00adstijn, spo\u00adtkali si\u0119 ucznio\u00adwie, nauczy\u00adciele i\u00a0rodzice z\u00a09 Pol\u00adskich Szkol, dzia\u00ad\u0142a\u00adj\u0105\u00adcych na\u00a0tere\u00adnie Holan\u00addii.\u00a0Ofi\u00adcjalne wyniki poda\u00ad\u0142am, to\u00a0by\u0142y suche fakty a\u00a0teraz pozwo\u00adli\u00adcie, ze\u00a0napi\u00adsze cos od\u00a0sie\u00adbie.\u00a0Wier\u00adszo\u00adwi\u00adsko to\u00a0nie\u00adzwy\u00adkle wyda\u00adrze\u00adnie. Jed\u00adnego dnia, na\u00a0jed\u00adnej sce\u00adnie, spo\u00adty\u00adkaj\u0105 si\u0119 ucznio\u00adwie naszych szkol. Sp\u0119\u00addzamy ze\u00a0sob\u0105 ca\u0142y dzie\u0144, pozna\u00adjemy si\u0119, rywa\u00adli\u00adzu\u00adjemy ze\u00a0sob\u0105, ale\u00a0i\u00a0uczymy si\u0119 od\u00a0sie\u00adbie, zaprzy\u00adja\u017a\u00adniamy. Podobno to\u00a0nazywa si\u0119 fachowo inte\u00adgra\u00adcja \u015brodo\u00adwi\u00adska polo\u00adnij\u00adnego. A\u00a0to \u015brodo\u00adwi\u00adsko jest zupe\u0142\u00adnie wyj\u0105t\u00adkowe. W\u00a0jed\u00adnej sali zbiera si\u0119 naj\u00adcen\u00adniej\u00adsza ener\u00adgia, jaka to\u00a0\u015brodo\u00adwi\u00adsko ma. Nasze dzieci, m\u0142o\u00addzie\u017c i\u00a0ich opie\u00adku\u00adno\u00adwie. Wszy\u00adscy chc\u0105 by\u0107 razem, m\u00a2wi\u0107 po\u00a0pol\u00adsku, pozna\u00adwa\u0107 pol\u00adska lite\u00adra\u00adtur\u0119, jak naj\u00adpi\u0119k\u00adniej m\u00a2wi\u0107 po\u00a0pol\u00adsku a\u00a0to jest prze\u00adcie\u017c naszym celem. Przy\u00adpo\u00admi\u00adna\u0107 kolej\u00adnym poko\u00adle\u00adniom, ze\u00a0j\u0119zyk pol\u00adski, cho\u00adcia\u017c trudny, jest r\u00f3w\u00adnie\u017c j\u0119zy\u00adkiem nie\u00adzwy\u00adkle pi\u0119k\u00adnym. Nie mo\u017cna wyt\u0142u\u00adma\u00adczy\u0107 tego lepiej ni\u017c poprzez tek\u00adsty Brze\u00adchwy, Tuwima i\u00a0mniej lub bar\u00addziej zna\u00adnych pol\u00adskich poet\u00f3w, kt\u00f3\u00adrzy\u00a0tak pi\u0119k\u00adnie pisali i\u00a0pisza dla dzieci. By\u0107 mo\u017ce jest to\u00a0tylko moje\u00a0wra\u00ad\u017ce\u00adnie, ale\u00a0chyba w\u00a0tym roku nie by\u0142o czu\u0107 takiej ogrom\u00adnej rywa\u00adli\u00adza\u00adcji. Ka\u017cdy chcia\u0142 po\u00a0pro\u00adstu da\u0107 z\u00a0sie\u00adbie wszystko, wyst\u0105\u00adpi\u0107, poka\u00adza\u0107 si\u0119 publicz\u00adno\u00ad\u015bci, prze\u00ad\u0142a\u00adma\u0107 strach, trem\u0119, nie\u00ad\u015bmia\u00ad\u0142o\u015b\u0107, wielu uda\u0142o si\u0119 to\u00a0zna\u00adko\u00admi\u00adcie a\u00a0nagrody, jak\u00adkol\u00adwiek\u00a0 mile widziane, nie by\u0142y ju\u017c naj\u00adwa\u017c\u00adniej\u00adsze. To\u00a0moje bar\u00addzo subiek\u00adtywne wra\u00ad\u017ce\u00adnie. By\u0107 mo\u017ce, dla\u00adtego, ze\u00a0dopiero po\u00a0sied\u00admiu latach orga\u00adni\u00adzo\u00adwa\u00adnia Wier\u00adszo\u00adwi\u00adska, to\u00a0by\u0142 ten pierw\u00adszy raz, kiedy bez wi\u0119k\u00adszych stres\u00a2w i\u00a0niepokoj\u00a2w, po\u00a0pro\u00adstu ogl\u0105\u00adda\u00ad\u0142am wyst\u0119py dzieci! Dla\u00adczego? Bo wie\u00addzia\u00ad\u0142am, ze\u00a0wszystko jest przy\u00adgo\u00adto\u00adwane jak nale\u017cy a\u00a0nad ca\u0142o\u00ad\u015bci\u0105 czuwa jesz\u00adcze sporo innych wspa\u00adnia\u00ad\u0142ych os\u00a2b. Zarz\u0105d Forum, czyli Ste\u00adfan Zaczkie\u00adwicz, Magda Dijk\u00adstra oraz\u00a0Wio\u00adletta Moni\u00adkow\u00adska, dziel\u00adnie wspie\u00adraj\u0105 mnie w\u00a0moich sza\u00adlo\u00adnych pomy\u00ads\u0142ach od\u00a0wielu lat, za\u00a0co jestem im bar\u00addzo wdzi\u0119czna.<\/p>\n<p>Pro\u00adwa\u00addz\u0105cy cala imprez\u0119, \u201cstra\u017c\u00adnicy\u201d sce\u00adna\u00adriu\u00adsza, dba\u00adj\u0105cy o\u00a0mila atmos\u00adfer\u0119, o\u00a0pro\u00adfe\u00adsjo\u00adnalna kon\u00adfe\u00adnan\u00adsjerke, o\u00a0mikro\u00adfony i\u00a0cale mn\u00f3\u00adstwo innych drobiazg\u00a2w, czyli Tomek Kara\u00adwaj\u00adczyk, Magda Duijn\u00adho\u00aduwer oraz\u00a0Edyta Jasko\u00adwiec ze\u00a0Szko\u0142y Pol\u00adskiej w\u00a0Rot\u00adter\u00adda\u00admie. Mam wra\u00ad\u017ce\u00adnie, ze\u00a0bez nich nie uda\u00ad\u0142oby mi si\u0119 tego zor\u00adga\u00adni\u00adzo\u00adwa\u0107 w\u00a0og\u00f3le! Wiel\u00adkie zaan\u00adga\u00ad\u017co\u00adwa\u00adnie Jury spra\u00adwi\u0142o, ze\u00a0ze spo\u00adkoj\u00adnym sumie\u00adniem ocze\u00adki\u00adwa\u00ad\u0142am na\u00a0wyniki.\u00a0 Kalinka i\u00a0Kac\u00adper Deb\u00adscy, dziel\u00adnie poma\u00adgali rodzi\u00adcom w\u00a0spe\u0142\u00adnia\u00adniu zada\u00adnia juror\u00a2w oraz\u00a0wdzi\u0119cz\u00adnie poma\u00adgali na\u00a0sce\u00adnie przy wr\u0119\u00adcza\u00adniu nagr\u00a2d i\u00a0medali!\u00a0 Po\u00a0raz pierw\u00adszy uda\u0142o mi si\u0119 w\u00a0ko\u0144cu zadba\u0107 o\u00a0przed\u00adsta\u00adwie\u00adnie teatralne dla wyst\u0119\u00adpu\u00adj\u0105\u00adcych dzieci. Tak dla odde\u00adchu, dla roz\u00adlu\u017a\u00adnie\u00adnia przed\u00a0og\u0142o\u00adsze\u00adniem wynik\u00a2w kon\u00adkursu. Pom\u00a2g\u0142 mi w\u00a0tym teatr z\u00a0Rot\u00adter\u00addamu pod\u00a0kie\u00adrun\u00adkiem Pani Ewy Van Leeu\u00adwen. Etiuda o\u00a0Czer\u00adwo\u00adnym Kap\u00adturku pod\u00adbi\u0142a serca publicz\u00adno\u00ad\u015bci zar\u00a2wno tej\u00a0naj\u00adm\u0142od\u00adszej jak i\u00a0nieco star\u00adszej! Zaska\u00adku\u00adj\u0105ce dia\u00adlogi, \u015bwietna gra aktor\u00adska, rewe\u00adla\u00adcyjny Wilk, kt\u00f3ry\u00a0wg. przed\u00adsta\u00adwi\u00adcieli Szko\u0142y w\u00a0Nij\u00adme\u00adgen powi\u00adnien otrzy\u00adma\u0107 spe\u00adcjalna nagrod\u0119 Publicz\u00adno\u00ad\u015bci (pomys\u0142 na\u00a0rok nast\u0119pny!!!)\u00a0 oraz\u00a0du\u017co zdro\u00adwego \u015bmie\u00adchu, to\u00a0zas\u0142uga akto\u00adr\u00f3w tego teatru. Dzi\u0119\u00adku\u00adjemy i\u00a0cze\u00adkamy na\u00a0wi\u0119\u00adcej! Jestem pod\u00a0wra\u00ad\u017ce\u00adniem nie\u00adzwy\u00adk\u0142ego entu\u00adzja\u00adzmu rodzi\u00adc\u00f3w i\u00a0nauczy\u00adcieli. Ta rado\u015b\u0107 z\u00a0otrzy\u00adma\u00adnych nagr\u00f3d, wyraz dumy na\u00a0twa\u00adrzach rodzi\u00adc\u00f3w wyst\u0119\u00adpu\u00adj\u0105\u00adcych dzieci?..Warto tam by\u0107 dla tego widoku.\u00a0 Widz\u0105c to\u00a0wszystko mam poczu\u00adcie dobrze spe\u0142\u00adnio\u00adnego obo\u00adwi\u0105zku. I\u00a0chce mi si\u0119 ju\u017c zaczy\u00adna\u0107 przy\u00adgo\u00adto\u00adwa\u00adnia do\u00a0kolej\u00adnego, VIII ju\u017c Wierszowiska.<\/p>\n<p>By\u0142y te\u017c oczy\u00adwi\u00ad\u015bcie \u0142zy i\u00a0smutne, zawie\u00addzione miny, bo nie\u00adstety tak jak w\u00a0ka\u017c\u00addym kon\u00adkur\u00adsie obok nagro\u00addzo\u00adnych byli r\u00f3w\u00adnie\u017c ci, kt\u00f3\u00adrzy\u00a0nagr\u00f3d ani miejsc nie zdo\u00adbyli. My\u015bl\u0119 jed\u00adnak, ze\u00a0jest to\u00a0dobra oka\u00adzja do\u00a0nauki tego, ze\u00a0nie zawsze mo\u017cna wygra\u0107 i\u00a0jak pora\u00addzi\u0107 sobie z\u00a0tym fak\u00adtem. Co roku pisze o\u00a0wa\u017c\u00adnej roli rodzi\u00adc\u00f3w i\u00a0nauczy\u00adcieli w\u00a0takich przy\u00adpad\u00adkach. Nasza rola jest pomoc dzie\u00adciom zro\u00adzu\u00admie\u0107 ten przy\u00adkry fakt \u017cyciowy i\u00a0zmo\u00adty\u00adwo\u00adwa\u0107 do\u00a0jesz\u00adcze lep\u00adszej pracy w\u00a0przy\u00adgo\u00adto\u00adwa\u00adniach do\u00a0roku nast\u0119p\u00adnego. A\u00a0na efekty mo\u017cna popa\u00adtrze\u0107 na\u00a0sce\u00adnie! Co rok pre\u00adzen\u00adta\u00adcje sa coraz wspanialsze!!!!<\/p>\n<p>Bar\u00addzo milym akcen\u00adtem na\u00a0zako\u0144\u00adcze\u00adnie by\u0142a mo\u017c\u00adli\u00adwo\u015b\u0107 spo\u00adtka\u00adnia si\u0119 z\u00a0auto\u00adrami piek\u00adnych ksi\u0105\u00ad\u017cek dla dzieci, Ania i\u00a0\u0141uka\u00adszem Deb\u00adskimi. Ich wk\u0142ad i\u00a0zaan\u00adga\u00ad\u017co\u00adwa\u00adnie w\u00a0orga\u00adni\u00adza\u00adcje Wier\u00adszo\u00adwi\u00adska jest naprawde ogromny. Oboje przez caly rok poma\u00adgaja mi w\u00a0przy\u00adgo\u00adto\u00adwa\u00adniach do\u00a0kolej\u00adnych spotkan.<\/p>\n<p>Bar\u00addzo dzi\u0119\u00adkuj\u0119 w\u00a0imie\u00adniu organizator\u00a2w naszym spon\u00adso\u00adrom. Sto\u00adwa\u00adrzy\u00adsze\u00adnie Wsp\u00a2lnota Pol\u00adska w\u00a0War\u00adsza\u00adwie, Polsko-Niderlandzkie Sto\u00adwa\u00adrzy\u00adsze\u00adnie Kul\u00adtu\u00adralne, Sto\u00adwa\u00adrzy\u00adsze\u00adnie Eks\u00adper\u00adt\u00f3w Pol\u00adskich w\u00a0Holan\u00addii STEP oraz\u00a0Amba\u00adsada RP w\u00a0Hadze, to\u00a0orga\u00adni\u00adza\u00adcje, bez kt\u00f3\u00adrych\u00a0trudno by\u0142oby przy\u00adgo\u00adto\u00adwa\u0107 Wier\u00adszo\u00adwi\u00adsko. Dzi\u0119\u00adku\u00adjemy w\u00a0imie\u00adniu dzieci, rodzi\u00adc\u00f3w i\u00a0nauczy\u00adcieli! Gra\u00adtu\u00adluje w\u00a0imie\u00adniu organizator\u00a2w WSZYSTKIM, kt\u00f3\u00adrzy\u00a0poja\u00adwili si\u0119 w\u00a0Malden<\/p>\n<p>11 marca 2007. I\u00a0dzi\u0119\u00adko\u00adwa\u0107\u00a0 Wam wszyst\u00adkim za\u00a0ogrom pracy w\u0142o\u00ad\u017cony w\u00a0przy\u00adgo\u00adto\u00adwa\u00adnie tego dnia razem z\u00a0orga\u00adni\u00adza\u00adto\u00adrami nie prze\u00adstan\u0119 jesz\u00adcze d\u0142ugo. Moje\u00a0uk\u0142ony dla ka\u017c\u00addego\u00a0 z\u00a0osobna.<\/p>\n<p><strong>Graag wil\u00adlen wij de beman\u00adning \u2014 direc\u00adtie, tech\u00adnici en bar mede\u00adwer\u00adkers van Mal\u00adden\u00adstijn har\u00adte\u00adlijk bedan\u00adken. Jul\u00adlie heb\u00adben ons enorm gehol\u00adpen tij\u00addens de orga\u00adni\u00adsa\u00adtie van het Festi\u00adval en heb\u00adben gezorgd voor een soepel en fijn ver\u00adloop van het\u00a0 gehele gebeu\u00adren. DANK JULLIE WEL!<\/strong><\/p>\n<p><strong>Ook wil\u00adlen we\u00a0een paar woor\u00adden rich\u00adten aan het Neder\u00adland\u00adsta\u00adlige publiek van ons Festi\u00adval. Wat fijn dat jul\u00adlie er waren! \u00a0Om jul\u00adlie kin\u00adde\u00adren te onder\u00adsteu\u00adnen en\/of om gewoon bij ons te zijn en te genie\u00adten van alle door de kin\u00adde\u00adren uit\u00adge\u00advo\u00aderde cre\u00adaties. Knap\u2013 zo lang vol\u00adho\u00aduden luiste\u00adrend naar gedich\u00adten \u2013in min\u00a0of meer een vre\u00ademde Poolse taal\u2013 . \u00a0Bedankt voor jul\u00adlie\u00a0komst!<\/strong><\/p>\n<p>W\u00a0imie\u00adniu Zarz\u0105du Forum Pol\u00adskich Szk\u00f3\u0142 w\u00a0Holan\u00addii,<br \/>\n<strong><em>Ma\u0142\u00adgo\u00adrzata Evertse-Sm\u00f3\u0142ka<\/em><\/strong><\/p>\n<p><a href=\"https:\/\/i0.wp.com\/www.wierszowisko.com\/wp-content\/uploads\/2014\/03\/wierszowisko-20061.jpg\"><img loading=\"lazy\" class=\"alignnone size-medium wp-image-2241\" src=\"https:\/\/i0.wp.com\/www.wierszowisko.com\/wp-content\/uploads\/2014\/03\/wierszowisko-20061-212x300.jpg?resize=212%2C300\" alt=\"wierszowisko 2006\" width=\"212\" height=\"300\" srcset=\"https:\/\/i0.wp.com\/www.wierszowisko.com\/wp-content\/uploads\/2014\/03\/wierszowisko-20061.jpg?resize=212%2C300&amp;ssl=1 212w, https:\/\/i0.wp.com\/www.wierszowisko.com\/wp-content\/uploads\/2014\/03\/wierszowisko-20061.jpg?resize=724%2C1024&amp;ssl=1 724w, https:\/\/i0.wp.com\/www.wierszowisko.com\/wp-content\/uploads\/2014\/03\/wierszowisko-20061.jpg?resize=106%2C150&amp;ssl=1 106w, https:\/\/i0.wp.com\/www.wierszowisko.com\/wp-content\/uploads\/2014\/03\/wierszowisko-20061.jpg?resize=400%2C566&amp;ssl=1 400w, https:\/\/i0.wp.com\/www.wierszowisko.com\/wp-content\/uploads\/2014\/03\/wierszowisko-20061.jpg?w=794&amp;ssl=1 794w\" sizes=\"(max-width: 212px) 100vw, 212px\" data-recalc-dims=\"1\" \/><\/a> <a href=\"https:\/\/i0.wp.com\/www.wierszowisko.com\/wp-content\/uploads\/2014\/03\/wierszowisko-200621.jpg\"><img loading=\"lazy\" class=\"alignnone size-medium wp-image-2242\" src=\"https:\/\/i0.wp.com\/www.wierszowisko.com\/wp-content\/uploads\/2014\/03\/wierszowisko-200621-212x300.jpg?resize=212%2C300\" alt=\"wierszowisko 20062\" width=\"212\" height=\"300\" srcset=\"https:\/\/i0.wp.com\/www.wierszowisko.com\/wp-content\/uploads\/2014\/03\/wierszowisko-200621.jpg?resize=212%2C300&amp;ssl=1 212w, https:\/\/i0.wp.com\/www.wierszowisko.com\/wp-content\/uploads\/2014\/03\/wierszowisko-200621.jpg?resize=724%2C1024&amp;ssl=1 724w, https:\/\/i0.wp.com\/www.wierszowisko.com\/wp-content\/uploads\/2014\/03\/wierszowisko-200621.jpg?resize=106%2C150&amp;ssl=1 106w, https:\/\/i0.wp.com\/www.wierszowisko.com\/wp-content\/uploads\/2014\/03\/wierszowisko-200621.jpg?resize=400%2C566&amp;ssl=1 400w, https:\/\/i0.wp.com\/www.wierszowisko.com\/wp-content\/uploads\/2014\/03\/wierszowisko-200621.jpg?w=794&amp;ssl=1 794w\" sizes=\"(max-width: 212px) 100vw, 212px\" data-recalc-dims=\"1\" \/><\/a> <a href=\"https:\/\/i0.wp.com\/www.wierszowisko.com\/wp-content\/uploads\/2014\/03\/wierszowisko-200631.jpg\"><img loading=\"lazy\" class=\"alignnone size-medium wp-image-2243\" src=\"https:\/\/i0.wp.com\/www.wierszowisko.com\/wp-content\/uploads\/2014\/03\/wierszowisko-200631-212x300.jpg?resize=212%2C300\" alt=\"wierszowisko 20063\" width=\"212\" height=\"300\" srcset=\"https:\/\/i0.wp.com\/www.wierszowisko.com\/wp-content\/uploads\/2014\/03\/wierszowisko-200631.jpg?resize=212%2C300&amp;ssl=1 212w, https:\/\/i0.wp.com\/www.wierszowisko.com\/wp-content\/uploads\/2014\/03\/wierszowisko-200631.jpg?resize=724%2C1024&amp;ssl=1 724w, https:\/\/i0.wp.com\/www.wierszowisko.com\/wp-content\/uploads\/2014\/03\/wierszowisko-200631.jpg?resize=106%2C150&amp;ssl=1 106w, https:\/\/i0.wp.com\/www.wierszowisko.com\/wp-content\/uploads\/2014\/03\/wierszowisko-200631.jpg?resize=400%2C566&amp;ssl=1 400w, https:\/\/i0.wp.com\/www.wierszowisko.com\/wp-content\/uploads\/2014\/03\/wierszowisko-200631.jpg?w=794&amp;ssl=1 794w\" sizes=\"(max-width: 212px) 100vw, 212px\" data-recalc-dims=\"1\" \/><\/a> <a href=\"https:\/\/i0.wp.com\/www.wierszowisko.com\/wp-content\/uploads\/2014\/03\/wierszowisko-200641.jpg\"><img loading=\"lazy\" class=\"alignnone size-medium wp-image-2244\" src=\"https:\/\/i0.wp.com\/www.wierszowisko.com\/wp-content\/uploads\/2014\/03\/wierszowisko-200641-212x300.jpg?resize=212%2C300\" alt=\"wierszowisko 20064\" width=\"212\" height=\"300\" srcset=\"https:\/\/i0.wp.com\/www.wierszowisko.com\/wp-content\/uploads\/2014\/03\/wierszowisko-200641.jpg?resize=212%2C300&amp;ssl=1 212w, https:\/\/i0.wp.com\/www.wierszowisko.com\/wp-content\/uploads\/2014\/03\/wierszowisko-200641.jpg?resize=724%2C1024&amp;ssl=1 724w, https:\/\/i0.wp.com\/www.wierszowisko.com\/wp-content\/uploads\/2014\/03\/wierszowisko-200641.jpg?resize=106%2C150&amp;ssl=1 106w, https:\/\/i0.wp.com\/www.wierszowisko.com\/wp-content\/uploads\/2014\/03\/wierszowisko-200641.jpg?resize=400%2C566&amp;ssl=1 400w, https:\/\/i0.wp.com\/www.wierszowisko.com\/wp-content\/uploads\/2014\/03\/wierszowisko-200641.jpg?w=794&amp;ssl=1 794w\" sizes=\"(max-width: 212px) 100vw, 212px\" data-recalc-dims=\"1\" \/><\/a><\/p>\n<p><a href=\"https:\/\/i0.wp.com\/www.wierszowisko.com\/wp-content\/uploads\/2014\/03\/2007-wiersz-pt-Fryzjer.jpg\"><img loading=\"lazy\" class=\"alignnone size-medium wp-image-2230\" src=\"https:\/\/i0.wp.com\/www.wierszowisko.com\/wp-content\/uploads\/2014\/03\/2007-wiersz-pt-Fryzjer-300x218.jpg?resize=300%2C218\" alt=\"2007-wiersz pt Fryzjer\" width=\"300\" height=\"218\" srcset=\"https:\/\/i0.wp.com\/www.wierszowisko.com\/wp-content\/uploads\/2014\/03\/2007-wiersz-pt-Fryzjer.jpg?resize=300%2C218&amp;ssl=1 300w, https:\/\/i0.wp.com\/www.wierszowisko.com\/wp-content\/uploads\/2014\/03\/2007-wiersz-pt-Fryzjer.jpg?resize=1024%2C744&amp;ssl=1 1024w, https:\/\/i0.wp.com\/www.wierszowisko.com\/wp-content\/uploads\/2014\/03\/2007-wiersz-pt-Fryzjer.jpg?resize=150%2C109&amp;ssl=1 150w, https:\/\/i0.wp.com\/www.wierszowisko.com\/wp-content\/uploads\/2014\/03\/2007-wiersz-pt-Fryzjer.jpg?resize=400%2C291&amp;ssl=1 400w, https:\/\/i0.wp.com\/www.wierszowisko.com\/wp-content\/uploads\/2014\/03\/2007-wiersz-pt-Fryzjer.jpg?w=1280&amp;ssl=1 1280w, https:\/\/i0.wp.com\/www.wierszowisko.com\/wp-content\/uploads\/2014\/03\/2007-wiersz-pt-Fryzjer.jpg?w=1920&amp;ssl=1 1920w\" sizes=\"(max-width: 300px) 100vw, 300px\" data-recalc-dims=\"1\" \/><\/a> <a href=\"https:\/\/i0.wp.com\/www.wierszowisko.com\/wp-content\/uploads\/2014\/03\/wiersz-pt-Fryzjer-2.jpg\"><img loading=\"lazy\" class=\"alignnone size-medium wp-image-2231\" src=\"https:\/\/i0.wp.com\/www.wierszowisko.com\/wp-content\/uploads\/2014\/03\/wiersz-pt-Fryzjer-2-218x300.jpg?resize=218%2C300\" alt=\"wiersz pt Fryzjer -2\" width=\"218\" height=\"300\" srcset=\"https:\/\/i0.wp.com\/www.wierszowisko.com\/wp-content\/uploads\/2014\/03\/wiersz-pt-Fryzjer-2.jpg?resize=218%2C300&amp;ssl=1 218w, https:\/\/i0.wp.com\/www.wierszowisko.com\/wp-content\/uploads\/2014\/03\/wiersz-pt-Fryzjer-2.jpg?resize=744%2C1024&amp;ssl=1 744w, https:\/\/i0.wp.com\/www.wierszowisko.com\/wp-content\/uploads\/2014\/03\/wiersz-pt-Fryzjer-2.jpg?resize=109%2C150&amp;ssl=1 109w, https:\/\/i0.wp.com\/www.wierszowisko.com\/wp-content\/uploads\/2014\/03\/wiersz-pt-Fryzjer-2.jpg?resize=400%2C550&amp;ssl=1 400w, https:\/\/i0.wp.com\/www.wierszowisko.com\/wp-content\/uploads\/2014\/03\/wiersz-pt-Fryzjer-2.jpg?w=1280&amp;ssl=1 1280w, https:\/\/i0.wp.com\/www.wierszowisko.com\/wp-content\/uploads\/2014\/03\/wiersz-pt-Fryzjer-2.jpg?w=1920&amp;ssl=1 1920w\" sizes=\"(max-width: 218px) 100vw, 218px\" data-recalc-dims=\"1\" \/><\/a><\/p>\n<p>&nbsp;<\/p>\n<p>wi\u0119cej zdj\u0119\u0107 pod linkiem:<\/p>\n<p>http:\/\/public.fotki.com\/m_birlet\/birlet_new_photos\/2007-03-11-vii-wier\/page2.html<\/p>\n","protected":false},"excerpt":{"rendered":"<p>VII Festi\u00adwal Pol\u00adskiej Poezji dla Dzieci Wier\u00adszo\u00adwi\u00adsko 2007 : \u201cCztery Pory Roku\u201d <\/p>\n<p>Kate\u00adgo\u00adria indy\u00adwi\u00addu\u00adalna 4\u20136 lat<\/p>\n<p>I miej\u00adsce: Piotr van Dijk, 4 lata, Rot\u00adter\u00addam II miejsce:<\/p>\n<p> Nata\u00adlia Lewenko, 5 lat, Eindhoven Natalka van Dijk, 6 lat, Rotterdam <\/p>\n<p> III miej\u00adsce Aron Ockhu\u00adizen, 6 lat, Utrecht<\/p>\n<p> Wyr\u00f3\u017cnienie<\/p>\n<p> Vin\u00adcent Len\u00adgow\u00adski, 6 lat, Nijmegen Mar\u00adtyna Obrocka, 4 [&#8230;]<\/p>\n","protected":false},"author":1,"featured_media":0,"parent":107,"menu_order":7,"comment_status":"closed","ping_status":"closed","template":"","meta":{"ngg_post_thumbnail":0,"spay_email":""},"_links":{"self":[{"href":"https:\/\/www.wierszowisko.com\/index.php?rest_route=\/wp\/v2\/pages\/218"}],"collection":[{"href":"https:\/\/www.wierszowisko.com\/index.php?rest_route=\/wp\/v2\/pages"}],"about":[{"href":"https:\/\/www.wierszowisko.com\/index.php?rest_route=\/wp\/v2\/types\/page"}],"author":[{"embeddable":true,"href":"https:\/\/www.wierszowisko.com\/index.php?rest_route=\/wp\/v2\/users\/1"}],"replies":[{"embeddable":true,"href":"https:\/\/www.wierszowisko.com\/index.php?rest_route=%2Fwp%2Fv2%2Fcomments&post=218"}],"version-history":[{"count":7,"href":"https:\/\/www.wierszowisko.com\/index.php?rest_route=\/wp\/v2\/pages\/218\/revisions"}],"predecessor-version":[{"id":2427,"href":"https:\/\/www.wierszowisko.com\/index.php?rest_route=\/wp\/v2\/pages\/218\/revisions\/2427"}],"up":[{"embeddable":true,"href":"https:\/\/www.wierszowisko.com\/index.php?rest_route=\/wp\/v2\/pages\/107"}],"wp:attachment":[{"href":"https:\/\/www.wierszowisko.com\/index.php?rest_route=%2Fwp%2Fv2%2Fmedia&parent=218"}],"curies":[{"name":"wp","href":"https:\/\/api.w.org\/{rel}","templated":true}]}}