{"id":213,"date":"2014-03-08T23:09:00","date_gmt":"2014-03-08T23:09:00","guid":{"rendered":"http:\/\/www.wierszowisko.com\/?page_id=213"},"modified":"2015-09-24T16:55:56","modified_gmt":"2015-09-24T16:55:56","slug":"2009-wierszowisko","status":"publish","type":"page","link":"https:\/\/www.wierszowisko.com\/?page_id=213","title":{"rendered":"2009 Wierszowisko"},"content":{"rendered":"<header>\n<h1>2009<\/h1>\n<\/header>\n<div><\/div>\n<p><strong>IX Festi\u00adwal Pol\u00adskiej Poezji dla Dzieci Wier\u00adszo\u00adwi\u00adsko 2009 : \u201cBajki, ba\u015bnie, bajeczki\u2026\u201d<\/strong><\/p>\n<p><strong><br \/>\n<\/strong><\/p>\n<p><strong>Wyniki kon\u00adkursu<\/strong><\/p>\n<p>wyst\u0119p indy\u00adwi\u00addu\u00adalny<br \/>\n<strong>Kate\u00adgo\u00adria wie\u00adkowa 4\u20136\u00a0lat<\/strong><\/p>\n<p><strong> I\u00a0miejsce:<\/strong><\/p>\n<p>Piotr van Dijk ze\u00a0szko\u0142y w\u00a0Rot\u00adter\u00adda\u00admie i\u00a0Adam Gry\u00adgo\u00adruk ze\u00a0szko\u0142y w\u00a0Bredzie<\/p>\n<p><strong>Kate\u00adgo\u00adria wie\u00adkowa\u00a07\u20139 lat <\/strong><\/p>\n<p><strong>I\u00a0miej\u00adsce: <\/strong>Natalka van Dijk ze\u00a0szko\u0142y w\u00a0Rot\u00adter\u00adda\u00admie<br \/>\n<strong>II miej\u00adsce: <\/strong><\/p>\n<p><strong> <\/strong>Borys Rzepa ze\u00a0szko\u0142y w\u00a0Hadze oraz\u00a0i\u00a0Laura de Meij van Stre\u00adef\u00adkerk szko\u0142y w\u00a0Hadze<\/p>\n<p><strong>III miej\u00adsce: <\/strong><\/p>\n<p><strong> <\/strong>Nata\u00adlia Sevriens ze\u00a0szko\u0142y w\u00a0Ein\u00addho\u00adven i\u00a0Maciej Lis ze\u00a0szko\u0142y w\u00a0Bredzie<\/p>\n<p><strong>Kate\u00adgo\u00adria 10\u201313\u00a0lat<\/strong><\/p>\n<p><strong> <\/strong><strong>I\u00a0miej\u00adsce: <\/strong>Chris van Dijk ze\u00a0szko\u0142y w\u00a0Rot\u00adter\u00adda\u00admie<br \/>\n<strong>II miej\u00adsce: <\/strong>Agnieszka Piskor ze\u00a0szko\u0142y w\u00a0Hadze<br \/>\n<strong>III miej\u00adsce: <\/strong><\/p>\n<p><strong> <\/strong>Kaja Pie\u00adcyk z\u00a0Rot\u00adter\u00addamu i\u00a0Jeremy van Soelen ze\u00a0szko\u0142y w\u00a0Utrechcie<\/p>\n<p><strong>Spe\u00adcjalne wyr\u00f3\u017c\u00adnie\u00adnie \u2013 Puchar Kon\u00adsula Amba\u00adsady RP w\u00a0Hadze otrzy\u00adma\u0142: <\/strong>Maciej Gru\u00adcha\u0142a ze\u00a0SPK w\u00a0Hadze<\/p>\n<p><strong>Wyst\u0119py zbio\u00adrowe:<\/strong><\/p>\n<p><strong>I\u00a0miej\u00adsce:<\/strong> szko\u0142a w\u00a0Til\u00adburgu za\u00a0\u201eStare bajki w\u00a0nowej sza\u00adcie\u201d<br \/>\n<strong>II miej\u00adsce:<\/strong> szkola w\u00a0Rot\u00adter\u00adda\u00admie za\u00a0\u201eKra\u00adsno\u00adludki\u201d<br \/>\n<strong>III miej\u00adsce<\/strong>:\u00a0szko\u0142a w\u00a0Nij\u00adme\u00adgen za\u00a0\u201eSzew\u00adczyk Dratewka\u201d<\/p>\n<p>&nbsp;<\/p>\n<p><strong>Po\u00a0raz dzie\u00adwi\u0105ty mog\u0119 napi\u00adsa\u0107\u2026 Ju\u017c\u00a0po!<\/strong><\/p>\n<p>22 marca 2009 odby\u0142 sie IX Festi\u00adwal Pol\u00adskiej Poezji dla Dzieci \u201cWier\u00adszo\u00adwi\u00adsko\u201d. Tego\u00adrocz\u00adnym tema\u00adtem by\u0142y \u201dBajki, ba\u015bnie, bajeczki\u2026\u201d. Zaro\u00adi\u0142o sie Cul\u00adtu\u00adre\u00adele\u00adcen\u00adtrum Mal\u00adden\u00adstijn w\u00a0Mal\u00adden od\u00a0smo\u00adk\u00f3w, cza\u00adrow\u00adnic, kr\u00f3\u00adl\u00f3w, ksi\u0119\u017c\u00adni\u00adczek, ryce\u00adrzy, gierm\u00adk\u00f3w, kra\u00adsnali, stwo\u00adrze\u0144 prze\u00adr\u00f3\u017c\u00adnych i\u00a0robacz\u00adk\u00f3w kolo\u00adro\u00adwych! Prze\u00adj\u0119te buziaki, impo\u00adnu\u00adj\u0105ce wr\u0119cz deko\u00adra\u00adcje, sku\u00adpie\u00adnie, jesz\u00adcze ostat\u00adnia pr\u00f3ba i\u2026.na\u00a0scen\u0119!<\/p>\n<p>Swoje inter\u00adpre\u00adta\u00adcje pol\u00adskiej poezji przed\u00adsta\u00adwi\u0142o nam 72 uczni\u00f3w z\u00a08 szkol zrze\u00adszo\u00adnych w\u00a0Forum Pol\u00adskich Szkol w\u00a0Holan\u00addii oraz\u00a0po raz pierw\u00adszy, ucznio\u00adwie ze\u00a0Szkol\u00adnego Punktu Kon\u00adsul\u00adta\u00adcyj\u00adnego przy Amba\u00adsa\u00addzie RP w\u00a0Hadze.<\/p>\n<p>Sp\u0119\u00addzi\u00adli\u00ad\u015bmy razem cala nie\u00addziele. Wielu z\u00a0nas przy\u00adje\u00adcha\u0142o naprawd\u0119 z\u00a0daleka, zabie\u00adra\u00adj\u0105c cza\u00adsami maluszki jesz\u00adcze w\u00a0w\u00f3z\u00adkach, kt\u00f3re jed\u00adnak dziel\u00adnie wytrwa\u0142y do\u00a0ko\u0144ca Wier\u00adszo\u00adwi\u00adska. Moj podziw i\u00a0sza\u00adcu\u00adnek dla wszyst\u00adkich rodzi\u00adc\u00f3w, kt\u00f3\u00adrzy\u00a0w\u0142o\u00ad\u017cyli tak ogromny wysi\u00ad\u0142ek w\u00a0to, \u017ceby\u00a0wyst\u0119\u00adpu\u00adj\u0105cy na\u00a0sce\u00adnie mali akto\u00adrzy byli okla\u00adski\u00adwani przez tak licz\u00adnie zgro\u00adma\u00addzona publicz\u00adno\u015b\u0107. Zdaje sobie spraw\u0119, jaki to\u00a0wysi\u00ad\u0142ek utrzy\u00adma\u0107 we\u00a0wzgl\u0119d\u00adnym spo\u00adkoju np.\u00a0dwulatka przez tyle godzin! Gra\u00adni\u00adczy z\u00a0cudem a\u00a0jed\u00adnak widzia\u00ad\u0142am tylu rodzi\u00adc\u00f3w z\u00a0takimi w\u0142a\u00ad\u015bnie male\u0144\u00adstwami. Moje\u00a0szcze\u00adg\u00f3lne podzi\u0119\u00adko\u00adwa\u00adnia dla tych wszyst\u00adkich matek i\u00a0ojc\u00f3w.<\/p>\n<p>Nie b\u0119d\u0119 pisa\u0107 o\u00a0rze\u00adczach oczy\u00adwi\u00adstych. O\u00a0tym, ze\u00a0taka impreza jest nam wszyst\u00adkim potrzebna, ze\u00a0warto sp\u0119\u00addzi\u0107 ta jedn\u0105 nie\u00addziel\u0119 wsp\u00f3l\u00adnie, ze\u00a0nasze dzieci ucz\u0105 sie tak wiele o\u00a0sobie i\u00a0o\u00a0\u015bwie\u00adcie, przy\u00adgo\u00adto\u00adwu\u00adj\u0105c si\u0119 do\u00a0wyst\u0105\u00adpie\u00adnia na\u00a0Wier\u00adszo\u00adwi\u00adsku. O\u00a0tym\u00a0wiemy.<\/p>\n<p>Chcia\u00ad\u0142a\u00adbym napi\u00adsa\u0107 o\u00a0tym, jak bar\u00addzo jestem wdzi\u0119czna za\u00a0ten nie\u00adsa\u00admo\u00adwity wk\u0142ad pracy i\u00a0ener\u00adgii w\u00a0przy\u00adgo\u00adto\u00adwa\u00adnie i\u00a0w\u00a0reali\u00adza\u00adcje tego przed\u00adsi\u0119\u00adwzi\u0119\u00adcia. Bo o\u00a0ludziach, kt\u00f3\u00adrzy\u00a0wk\u0142a\u00addaj\u0105 w\u00a0to tyle serca trzeba pisa\u0107, m\u00f3wi\u0107.<\/p>\n<p>Skar\u00ad\u017cymy si\u0119 na\u00a0znie\u00adczu\u00adlic\u0119, na\u00a0brak moty\u00adwa\u00adcji, na\u00a0brak czasu i\u00a0co tam jesz\u00adcze. Takie \u017cycie, takie czasy. Dla\u00adtego fakt, \u017ce\u00a0co roku spo\u00adty\u00adkamy si\u0119 wszy\u00adscy razem na\u00a0kolej\u00adnym Festi\u00adwalu jest tak wyj\u0105t\u00adkowe. Nie szkoda nam czasu na\u00a0to, \u017ceby\u00a0po\u0107wi\u00adczy\u0107 z\u00a0dzie\u0107mi w\u00a0domu, przy\u00adgo\u00adto\u00adwa\u0107 je do\u00a0swo\u00adjej roli, zro\u00adbi\u0107 deko\u00adra\u00adcje, uszyc kostiumy. Nie szkoda, bo nie robimy tego dla nikogo innego jak dla naszych w\u0142a\u00adsnych dzieci. To\u00a0one korzy\u00adstaj\u0105 z\u00a0tego naj\u00adwi\u0119\u00adcej, to\u00a0one sa potem bogat\u00adsze o\u00a0to wyj\u0105t\u00adkowe do\u015bwiad\u00adcze\u00adnie. Uczymy nasze dzieci jak sie zacho\u00adwa\u0107 w\u00a0takiej nie\u00adco\u00addzien\u00adnej w\u00a0ko\u0144cu sytu\u00adacji, uczymy je, ze\u00a0sie\u00addz\u0105c na\u00a0widowni i\u00a0podzi\u00adwia\u00adj\u0105c wyst\u0119py innych uczni\u00f3w, oka\u00adzu\u00adjemy wyst\u0119\u00adpu\u00adj\u0105\u00adcym sza\u00adcu\u00adnek. Sza\u00adcu\u00adnek dla ich pracy, odwagi jed\u00adno\u00adcze\u00ad\u015bnie maj\u0105c nadzieje, \u017ce\u00a0kiedy nasze w\u0142a\u00adsne lato\u00adro\u00ad\u015ble wejd\u0105 na\u00a0scen\u0119, tego samego b\u0119dziemy mogli ocze\u00adki\u00adwa\u0107 od\u00a0innych. To\u00a0wa\u017cna lek\u00adcja. Dajemy dzie\u00adciom przy\u00adk\u0142ad a\u00a0wia\u00addomo, \u017ce\u00a0tylko wtedy jeste\u00ad\u015bmy wia\u00adry\u00adgodni, je\u015bli dzieci zoba\u00adcz\u0105 w\u00a0nas ten wzo\u00adrzec. Wyda\u00adwa\u00ad\u0142oby sie, \u017ce\u00a0to takie nie\u00adistotne a\u00a0jednak\u2026.<\/p>\n<p>Ka\u017cdy wyst\u0119p jest wyj\u0105t\u00adkowy. Dzieci wk\u0142a\u00addaj\u0105 w\u00a0to tyle serca, czasu, maj\u0105c nadzieje, ze\u00a0jury doceni te wysi\u0142ki i\u00a0nagro\u00addzi jak naj\u00adwy\u017c\u00adszym miej\u00adscem. Jed\u00adnak kon\u00adkurs to\u00a0kon\u00adkurs. A\u00a0w\u00a0naszym kon\u00adkur\u00adsie trzeba by\u0107 naprawd\u0119 dobrym, \u017ceby\u00a0zdo\u00adby\u0107 jakie\u015b miej\u00adsce! Czy to\u00a0\u017ale? Nie wiem. Jestem zwo\u00adlen\u00adniczk\u0105 usta\u00adwia\u00adnia poprzeczki raczej za\u00a0wysoko ni\u017c za\u00a0nisko. A\u00a0im wcze\u00ad\u015bniej nasze dzieci naucza sie si\u0119\u00adga\u0107 wysoko, tym p\u00f3\u017a\u00adniej bedzie im \u0142atwiej. \u00a0Jed\u00adnak wszy\u00adscy dobrze wiemy, \u017ce\u00a0nie tylko o\u00a0zdo\u00adby\u00adcie pierw\u00adszych nagr\u00f3d tutaj cho\u00addzi. Wygry\u00adwamy wszy\u00adscy bio\u00adr\u0105c udzia\u0142 w\u00a0takim przed\u00adsi\u0119\u00adwzi\u0119\u00adciu a\u00a0i\u00a0nikt nie mo\u017ce chyba narze\u00adka\u0107, ze\u00a0wyszed\u0142 z\u00a0pustymi rekami! Ka\u017cde dziecko zosta\u0142o uro\u00adczy\u00ad\u015bcie ude\u00adko\u00adro\u00adwane meda\u00adlem, obda\u00adro\u00adwane pi\u0119k\u00adnym dyplo\u00admem i\u00a0drob\u00adnym upo\u00admin\u00adkiem ksi\u0105\u017ckowym.<\/p>\n<p>Juz dobrze. Koniec filo\u00adzo\u00adfo\u00adwa\u00adnia i\u00a0mora\u00adli\u00adza\u00adtor\u00adskich wywo\u00add\u00f3w, teraz czas na\u00a0podzi\u0119\u00adko\u00adwa\u00adnia. Bo bar\u00addzo chcia\u00ad\u0142a\u00adbym og\u0142o\u00adsi\u0107 ca\u0142emu \u015bwiatu, \u017ce\u00a0jest z\u00a0nami kilka zupe\u0142\u00adnie wyj\u0105t\u00adko\u00adwych os\u00f3b. Zazna\u00adczam na\u00a0pocz\u0105tku: kolej\u00adno\u015b\u0107 przypadkowa!<\/p>\n<p><strong>Tomasz Kara\u00adwaj\u00adczyk<\/strong>&#8211; dobry duch tego festi\u00adwalu. Zapro\u00adjek\u00adto\u00adwa\u0142 dyplomy, zaj\u0105\u0142 sie ich dru\u00adko\u00adwa\u00adniem, opra\u00adco\u00adwa\u0142, posk\u0142a\u00adda\u0142 i\u00a0wydru\u00adko\u00adwa\u0142 sce\u00adna\u00adriusz dnia, przy\u00adgo\u00adto\u00adwa\u0142 spe\u00adcjalna pre\u00adzen\u00adta\u00adcje video, aby wier\u00adszo\u00adwi\u00adskowe s\u0142o\u00adneczko (logo Wier\u00adszo\u00adwi\u00adska, zapro\u00adjek\u00adto\u00adwane przez Ann\u0119 Kaszub\u0119-D\u0119bsk\u0105) towa\u00adrzy\u00adszy\u0142o wszyst\u00adkim pod\u00adczas trwa\u00adnia imprezy. Pre\u00adzen\u00adto\u00adwa\u0142, wpro\u00adwa\u00addza\u0142 po\u00a0scho\u00addach kolej\u00adnych uczest\u00adni\u00adk\u00f3w, ska\u00adka\u0142, \u015bpie\u00adwa\u0142, prze\u00adbie\u00adra\u0142 sie aby uatrak\u00adcyj\u00adni\u0107 ten dzie\u0144. Aby wpro\u00adwa\u00addzi\u0107 wspa\u00adnia\u0142\u0105 atmos\u00adfer\u0119 na\u00a0sali i\u00a0pomoc, stre\u00admo\u00adwa\u00adnym cza\u00adsami, wyko\u00adnaw\u00adcom! Tomku, bez Cie\u00adbie to\u00a0s\u0142o\u00adneczko nie \u015bwie\u00adci\u00ad\u0142oby takim blaskiem!<\/p>\n<p><strong>Magda Duijn\u00adho\u00aduwer<\/strong> czyli wsp\u00f3\u0142\u00adpro\u00adwa\u00addz\u0105ca\u00a0Wier\u00adszo\u00adwi\u00adsko\u00a0razem z\u00a0Tom\u00adkiem\u2013 zagrze\u00adwa\u00adj\u0105ca do\u00a0wsp\u00f3l\u00adnego \u015bpie\u00adwa\u00adnia, swoim u\u015bmie\u00adchem zach\u0119\u00adca\u00adj\u0105ca publicz\u00adno\u015b\u0107 do\u00a0zabawy, razem z\u00a0Tom\u00adkiem two\u00adrz\u0105ca naj\u00adlep\u00adszy zespol pro\u00adwa\u00addz\u0105\u00adcych ta wyj\u0105t\u00adkow\u0105 imprez\u0119. Magda, bar\u00addzo wszy\u00adsycy liczymy na\u00a0Twoja obec\u00adno\u015b\u0107 na\u00a0kolej\u00adnych festi\u00adwa\u00adlach bo juz nikt nie wyobra\u017ca sobie tego dnia bez Twojego\u00a0\u015bpiewu!<\/p>\n<p>Moje\u00a0gor\u0105ce podzi\u0119\u00adko\u00adwa\u00adnia dla Jury, kt\u00f3\u00adrego\u00a0cz\u0142on\u00adko\u00adwie po\u015bwie\u00adcili sw\u00f3j wolny dzie\u0144 na\u00a0to, aby pod\u00adj\u0105\u0107 sie tego trud\u00adnego i\u00a0odpo\u00adwie\u00addzial\u00adnego zada\u00adnia, jakim jest oce\u00adnia\u00adnie wyst\u0119\u00adp\u00f3w naszych ma\u0142ych aktor\u00f3w.<\/p>\n<p><strong>Pan Leszek Rowicki<\/strong>&#8211; Kon\u00adsul Amba\u00adsady RP w\u00a0Hadze, kt\u00f3ry\u00a0spe\u00adcjal\u00adnie dla nas skr\u00f3\u00adci\u0142 swoje waka\u00adcje w\u00a0Pol\u00adsce. To\u00a0bar\u00addzo wa\u017cne , ze\u00a0popar\u00adcie Amba\u00adsady jest tak widoczne. Dzi\u0119\u00adku\u00adjemy za\u00a0wspar\u00adcie finan\u00adsowe oraz\u00a0za wspa\u00adniale nagrody, kt\u00f3\u00adrymi mogli\u00ad\u015bmy obda\u00adro\u00adwa\u0107 uczest\u00adni\u00adk\u00f3w Wier\u00adszo\u00adwi\u00adska, dzi\u0119ki przy\u00adchyl\u00adno\u00ad\u015bci Pana Konsula.<\/p>\n<p><strong>Kry\u00adstyna Buko\u00adwiec<\/strong>&#8211; przed\u00adsta\u00adwi\u00adcielka Polsko-Niderlandzkiego Sto\u00adwa\u00adrzy\u00adsze\u00adnia Kul\u00adtu\u00adral\u00adnego, kt\u00f3re wspiera nas co roku r\u00f3w\u00adnie\u017c finan\u00adsowo. Kry\u00adstyna jest z\u00a0nami pra\u00adwie od\u00a0pierw\u00adszego Wier\u00adszo\u00adwi\u00adska, nie\u00adzmien\u00adnie wspie\u00adra\u00adj\u0105c nasza dzia\u00adla\u00adnosc. Dzi\u0119\u00adkuj\u0119 ser\u00addecz\u00adnie za\u00a0to, ze\u00a0po tylu latach nadal jeste\u015b z\u00a0nami Krysiu.<\/p>\n<p><strong>Krzysz\u00adtof Bir\u00adlet<\/strong>&#8211; redak\u00adtor tygo\u00addnika Niedziela.nl czyli patrona medial\u00adnego Wier\u00adszo\u00adwi\u00adska, nasz \u201cnadworny\u201d foto\u00adgraf, dzi\u0119ki kt\u00f3\u00adremu\u00a0mamy tak wspa\u00adnia\u0142\u0105 doku\u00admen\u00adta\u00adcje ka\u017c\u00addego festi\u00adwalu. Jego entu\u00adzjazm jest zara\u017a\u00adliwy! :\u00a0<a href=\"http:\/\/www.niedziela.nl\/index.php?option=com_wrapper&amp;view=wrapper&amp;Itemid=122\" target=\"_blank\">A\u00a0tutaj ju\u017c wkr\u00f3tce mo\u017cna poogl\u0105\u00adda\u0107 efekty jego ci\u0119\u017c\u00adkiej pracy 22 marca w\u00a0Malden<\/a><\/p>\n<p><strong>Ma\u0142\u00adgo\u00adrzata Bos-Karczewska<\/strong>&#8211; przed\u00adsta\u00adwi\u00adcielka Por\u00adtalu Polo\u00adnii Holen\u00adder\u00adskiej Polonia.nl \u00a0wie\u00adlo\u00adlet\u00adniego spon\u00adsora Festi\u00adwalu. Ma\u0142\u00adgo\u00adsia brala udzia\u0142 w\u00a0pra\u00adcach Jury po\u00a0raz pierw\u00adszy ale\u00a0wydaje mi sie ( i\u00a0mam taka nadzieje!) , ze\u00a0nie po\u00a0raz ostatni. A\u00a0juz nast\u0119p\u00adnego dnia na\u00a0por\u00adtalu\u00a0<a href=\"http:\/\/www.polonia.nl\/\" target=\"_blank\">www.polonia.nl<\/a> mogli\u00ad\u015bmy prze\u00adczy\u00adta\u0107 spra\u00adwoz\u00adda\u00adnie z\u00a0Wier\u00adszo\u00adwi\u00adska, za\u00a0co bar\u00addzo dzi\u0119kuj\u0119!<\/p>\n<p><a href=\"http:\/\/www.flickr.com\/photos\/polonia_nl\/sets\/72157615704391863\/\" target=\"_blank\">Zdj\u0119\u00adcia z\u00a0Mal\u00adden mo\u017cna zna\u00adle\u017a\u0107 na\u00a0stro\u00adnach Polo\u00adnii w\u00a0albumie<\/a><\/p>\n<p><strong>Kata\u00adrzyna i\u00a0Jacek Czer\u00adnia\u00adko\u00adwie<\/strong>\u2013sym\u00adpa\u00adtycy FPSN, r\u00f3w\u00adnie\u017c po\u00a0raz pierw\u00adszy bio\u00adr\u0105cy udzia\u0142 w\u00a0pra\u00adcach Jury. Bar\u00addzo dzi\u0119\u00adkuj\u0119 Wam za\u00a0spon\u00adta\u00adnicz\u00adno\u015b\u0107, zaan\u00adga\u00ad\u017co\u00adwa\u00adnie i\u00a0mile s\u0142owa. Nie ukry\u00adwam, ze\u00a0licz\u0119 na\u00a0dal\u00adsza wsp\u00f3\u0142prac\u0119!<\/p>\n<p>Zarz\u0105d FPSN czyli\u00a0<strong>Ste\u00adfan <\/strong><strong>\u017b<\/strong><strong>acz\u00adkie\u00adwicz, Wio\u00adletta Moni\u00adkow\u00adska, Mag\u00adda\u00adlena Dijk\u00adstra i\u00a0Agnieszka Gla\u00adpiak<\/strong>&#8211; kochani, jeste\u00ad\u015bcie naj\u00adwspa\u00adnial\u00adszym zarz\u0105\u00addem pod\u00a0(Wier\u00adszo\u00adwi\u00adsko\u00adwym!) s\u0142o\u0144\u00adcem! Praca z\u00a0Wami, to\u00a0naj\u00adwi\u0119k\u00adsza przy\u00adjem\u00adno\u015b\u0107. Dzi\u0119\u00adkuj\u0119 Wam za\u00a0ta ci\u0119\u017ck\u0105 prace, kt\u00f3\u00adrej\u00a0rezul\u00adtaty by\u0142y bar\u00addzo widoczne!<\/p>\n<p>Chcia\u00ad\u0142a\u00adbym podzi\u0119\u00adko\u00adwa\u0107 r\u00f3w\u00adnie\u017c pozo\u00adsta\u00ad\u0142ym spon\u00adso\u00adrom, bez kt\u00f3\u00adrych\u00a0nie by\u0142oby mo\u017c\u00adliwe zor\u00adga\u00adni\u00adzo\u00adwa\u00adnie tego wydarzenia.<\/p>\n<p><strong>Sto\u00adwa\u00adrzy\u00adsze\u00adnie Wsp\u00f3l\u00adnota Pol\u00adska w\u00a0War\u00adsza\u00adwie<\/strong>, kt\u00f3re jest naszym g\u0142\u00f3w\u00adnym spon\u00adso\u00adrem. Co roku przy\u00adzna\u00adj\u0105c nam dofi\u00adnan\u00adso\u00adwa\u00adnie, umo\u017c\u00adli\u00adwia Zarz\u0105\u00addowi FPSN prze\u00adpro\u00adwa\u00addze\u00adnie tego spo\u00adtka\u00adnia z\u00a0pol\u00adska poezja, zapew\u00adnia\u00adj\u0105c uczniom naszych szk\u00f3\u00ad\u0142ek pi\u0119kne nagrody. Bar\u00addzo dzie\u00adku\u00adjemy Wsp\u00f3l\u00adno\u00adcie Pol\u00adskiej za\u00a0to zaufa\u00adnie, kt\u00f3\u00adrego\u00a0posta\u00adramy sie nie zawie\u015b\u0107 r\u00f3w\u00adnie\u017c w\u00a0nast\u0119p\u00adnych latach.<\/p>\n<p><strong>Ksi\u0119\u00adgar\u00adnia Inter\u00adne\u00adtowa \u201cKapi\u00adtan Polek\u201d<\/strong> czyli\u00a0<strong>Ma\u0142\u00adgo\u00adrzata Mun\u00adzer,<\/strong> kt\u00f3ra\u00a0zadba\u0142a w\u00a0tym roku o\u00a0dodat\u00adkowa atrak\u00adcje tego dnia. Festi\u00adwal Pol\u00adskiej Poezji dla Dzieci to\u00a0ide\u00adalne wr\u0119cz miej\u00adsce na\u00a0pre\u00adzen\u00adta\u00adcje naj\u00adnow\u00adszych wydaw\u00adnictw, nowo\u00ad\u015bci pol\u00adskiej lite\u00adra\u00adtury dzie\u00adci\u0119\u00adcej. Dzi\u0119ki hoj\u00adno\u00ad\u015bci Ma\u0142\u00adgosi, zwy\u00adziezcy Kon\u00adkursu Pla\u00adstycz\u00adnego zostali obda\u00adro\u00adwani pi\u0119k\u00adnymi ksi\u0105\u017c\u00adkami a\u00a0i\u00a0uczest\u00adni\u00adkom kon\u00adkursu recy\u00adta\u00adtor\u00adskiego zapew\u00adni\u0142a kon\u00adtakt z\u00a0wyj\u0105t\u00adkowo cie\u00adka\u00adwymi pozy\u00adcjami ksi\u0105\u017c\u00adko\u00adwymi. Ma\u0142\u00adgo\u00adsiu, wed\u0142ug mnie zapo\u00adwiada sie bar\u00addzo cie\u00adkawa i\u00a0mila wsp\u00f3\u0142praca.<\/p>\n<p>Jak co roku jestem pod\u00a0wra\u00ad\u017ce\u00adniem wyj\u0105t\u00adko\u00adwej go\u015bcin\u00adno\u00ad\u015bci\u00a0<strong>Cen\u00adtrum Kul\u00adtu\u00adral\u00adnego w\u00a0Mal\u00adden<\/strong>. Przy\u00adchyl\u00adno\u015b\u0107 kie\u00adrow\u00adnic\u00adtwa Cen\u00adtrum oraz\u00a0nie\u00adzwy\u00adk\u0142a \u017cycz\u00adli\u00adwo\u015b\u0107 pra\u00adcu\u00adj\u0105\u00adcych przy obs\u0142u\u00addze Wier\u00adszo\u00adwi\u00adska pra\u00adcow\u00adni\u00adk\u00f3w tego cen\u00adtrum jest godna podziwu. Tak milo jest wra\u00adca\u0107 w\u00a0miej\u00adsce, gdzie spo\u00adtyka nas takie wspa\u00adniale przy\u00adje\u00adcie ka\u017c\u00addego\u00a0roku!<\/p>\n<p>Podzi\u0119\u00adko\u00adwa\u00adnia nale\u017c\u0105 sie r\u00f3w\u00adnie\u017c przed\u00adsta\u00adwi\u00adcie\u00adlom\u00a0<strong>Szko\u0142y w\u00a0Til\u00adburgu<\/strong>, za\u00a0wyszu\u00adka\u00adnie i\u00a0zakup nagr\u00f3d Wierszowiska.<\/p>\n<p>Pro\u00adsz\u0119 r\u00f3w\u00adnie\u017c o\u00a0przy\u00adj\u0119\u00adcie podzi\u0119\u00adko\u00adwa\u0144\u00a0<strong>Szko\u0142\u0119<\/strong> <strong>w\u00a0Rot\u00adter\u00adda\u00admie<\/strong> za\u00a0prze\u00adpro\u00adwa\u00addze\u00adnie corocz\u00adnego Kon\u00adkursu Pla\u00adstycz\u00adnego\u00a0FPSN.<\/p>\n<p>Roz\u00adpi\u00adsa\u00ad\u0142am sie ale\u00a0licz\u0119 na\u00a0wyro\u00adzu\u00admia\u00ad\u0142o\u015b\u0107. Sta\u00adram sie taki tekst napi\u00adsa\u0107 jak naj\u00adszyb\u00adciej po\u00a0zako\u0144\u00adcze\u00adniu Wier\u00adszo\u00adwi\u00adska. Jest to\u00a0dla mnie rodzaj pod\u00adsu\u00admo\u00adwa\u00adnia, zako\u0144\u00adcze\u00adnia kolej\u00adnego roku pracy nad\u00a0tym pro\u00adjek\u00adtem i\u00a0otwar\u00adcie na\u00a0przy\u00adgo\u00adto\u00adwa\u00adnie nast\u0119pnego.<\/p>\n<p>Dzi\u0119\u00adkuj\u0119 rodzi\u00adcom, nauczy\u00adcie\u00adlom, opie\u00adku\u00adnom ale\u00a0przede wszyst\u00adkim k\u0142a\u00adniam sie nisko wszyst\u00adkim dzie\u00adciom. Jestem dumna, ze\u00a0mog\u0119 pra\u00adco\u00adwa\u0107 z\u00a0Wami wszyst\u00adkimi. To\u00a0ogromny zaszczyt.<\/p>\n<p>Mam tylko nadzieje, ze\u00a0i\u00a0za\u00a0rok nie zabrak\u00adnie mi Waszej obec\u00adno\u00ad\u015bci, pozy\u00adtyw\u00adnej ener\u00adgii, entu\u00adzja\u00adzmu i\u00a0przychylno\u015bci.<\/p>\n<p>Dzi\u0119\u00adkuj\u0119 z\u00a0ca\u0142ego serca.<\/p>\n<div>\n<p>W\u00a0imie\u00adniu Zarz\u0105du Forum Pol\u00adskich Szk\u00f3\u0142 w\u00a0Holan\u00addii,<br \/>\n<strong><em>Ma\u0142\u00adgo\u00adrzata Evertse-Sm\u00f3\u0142ka<\/em><\/strong><\/p>\n<\/div>\n","protected":false},"excerpt":{"rendered":"<p> 2009 <\/p>\n<p>IX Festi\u00adwal Pol\u00adskiej Poezji dla Dzieci Wier\u00adszo\u00adwi\u00adsko 2009 : \u201cBajki, ba\u015bnie, bajeczki\u2026\u201d<\/p>\n<\/p>\n<p>Wyniki kon\u00adkursu<\/p>\n<p>wyst\u0119p indy\u00adwi\u00addu\u00adalny Kate\u00adgo\u00adria wie\u00adkowa 4\u20136 lat<\/p>\n<p> I miejsce:<\/p>\n<p>Piotr van Dijk ze szko\u0142y w Rot\u00adter\u00adda\u00admie i Adam Gry\u00adgo\u00adruk ze szko\u0142y w Bredzie<\/p>\n<p>Kate\u00adgo\u00adria wie\u00adkowa 7\u20139 lat <\/p>\n<p>I miej\u00adsce: Natalka van Dijk ze szko\u0142y w Rot\u00adter\u00adda\u00admie [&#8230;]<\/p>\n","protected":false},"author":1,"featured_media":0,"parent":107,"menu_order":5,"comment_status":"closed","ping_status":"closed","template":"","meta":{"ngg_post_thumbnail":0,"spay_email":""},"_links":{"self":[{"href":"https:\/\/www.wierszowisko.com\/index.php?rest_route=\/wp\/v2\/pages\/213"}],"collection":[{"href":"https:\/\/www.wierszowisko.com\/index.php?rest_route=\/wp\/v2\/pages"}],"about":[{"href":"https:\/\/www.wierszowisko.com\/index.php?rest_route=\/wp\/v2\/types\/page"}],"author":[{"embeddable":true,"href":"https:\/\/www.wierszowisko.com\/index.php?rest_route=\/wp\/v2\/users\/1"}],"replies":[{"embeddable":true,"href":"https:\/\/www.wierszowisko.com\/index.php?rest_route=%2Fwp%2Fv2%2Fcomments&post=213"}],"version-history":[{"count":4,"href":"https:\/\/www.wierszowisko.com\/index.php?rest_route=\/wp\/v2\/pages\/213\/revisions"}],"predecessor-version":[{"id":2548,"href":"https:\/\/www.wierszowisko.com\/index.php?rest_route=\/wp\/v2\/pages\/213\/revisions\/2548"}],"up":[{"embeddable":true,"href":"https:\/\/www.wierszowisko.com\/index.php?rest_route=\/wp\/v2\/pages\/107"}],"wp:attachment":[{"href":"https:\/\/www.wierszowisko.com\/index.php?rest_route=%2Fwp%2Fv2%2Fmedia&parent=213"}],"curies":[{"name":"wp","href":"https:\/\/api.w.org\/{rel}","templated":true}]}}