{"id":211,"date":"2014-03-08T23:08:15","date_gmt":"2014-03-08T23:08:15","guid":{"rendered":"http:\/\/www.wierszowisko.com\/?page_id=211"},"modified":"2015-09-24T16:55:52","modified_gmt":"2015-09-24T16:55:52","slug":"2011-wierszowisko","status":"publish","type":"page","link":"https:\/\/www.wierszowisko.com\/?page_id=211","title":{"rendered":"2011 Wierszowisko"},"content":{"rendered":"<div><\/div>\n<div>\n<p><strong>Ju\u017c po\u2026 ju\u017c po\u00a0raz jedenasty!<\/strong><\/p>\n<p>Tym razem nie b\u0119d\u0119 si\u0119 roz\u00adpi\u00adsy\u00adwa\u0107. Naj\u00adwa\u017c\u00adniej\u00adsze jest to, co wszy\u00adscy wczo\u00adraj zoba\u00adczy\u00adli\u00ad\u015bmy, prze\u00ad\u017cy\u00adli\u00ad\u015bmy. Wra\u00ad\u017ce\u00adnie zosta\u00adnie a\u00a0opi\u00adsy\u00adwa\u00adnie tego z\u00a0ch\u0119\u00adci\u0105 zosta\u00adwi\u00ad\u0142a\u00adbym komu\u015b, kto naprawd\u0119 pi\u0119k\u00adnie potrafi ubra\u0107 w\u00a0s\u0142owa to, co dzia\u0142o si\u0119 13 marca 2011 na\u00a0w\u00a0Kul\u00adtu\u00adral\u00adnym Cen\u00adtrum w\u00a0Mal\u00adden ko\u0142o Nij\u00adme\u00adgen. Ale\u00a0tymczasem\u2026.<\/p>\n<p>W\u00a0XI Festi\u00adwalu Pol\u00adskiej Poezji dla Dzieci, Wier\u00adszo\u00adwi\u00adsko 2011 wzi\u0119\u0142o udzia\u0142 92 uczni\u00f3w sobot\u00adnich szk\u00f3\u0142 polo\u00adnij\u00adnych na\u00a0tere\u00adnie Holan\u00addii, Bel\u00adgii i\u00a0Nie\u00admiec.\u00a0 Tym samym, nasz Festi\u00adwal mo\u017cna ju\u017c ofi\u00adcjal\u00adnie nazwa\u0107 festi\u00adwa\u00adlem mi\u0119\u00addzy\u00adna\u00adro\u00addo\u00adwym! Dla tych, kt\u00f3\u00adrzy\u00a0obecni byli na\u00a0naszym pierw\u00adszym spo\u00adtka\u00adniu w\u00a01999 roku w\u00a0Ein\u00addho\u00adven, jest to\u00a0z\u00a0pew\u00adno\u00ad\u015bci\u0105 bar\u00addzo mi\u0142a nie\u00adspo\u00addzianka. Kto by\u00a0pomy\u00ad\u015bla\u0142, \u017ce\u00a0b\u0119dziemy si\u0119 spo\u00adty\u00adka\u0107 a\u017c tyle\u00a0lat\u2026..<\/p>\n<p>Tema\u00adtem tego\u00adrocz\u00adnej edy\u00adcji festi\u00adwalu orga\u00adni\u00adzo\u00adwa\u00adnego przez Forum Pol\u00adskich Szk\u00f3\u0142 w\u00a0Holan\u00addii by\u0142o \u201eZnasz-li ten kraj\u201d.\u00a0 Ucznio\u00adwie od\u00a03 do\u00a013 lat dosko\u00adnale pora\u00addzili sobie z\u00a0tym cyta\u00adtem Adama Mic\u00adkie\u00adwi\u00adcza. Na\u00a0sce\u00adnie zoba\u00adczy\u00adli\u00ad\u015bmy pi\u0119kny Pol\u00adski kra\u00adjo\u00adbraz, nasze rzeki, morze, g\u00f3ry, naj\u00ads\u0142yn\u00adniej\u00adsze mia\u00adsta, naj\u00adwy\u00adbit\u00adniej\u00adszych Pola\u00adk\u00f3w, pi\u0119kny folk\u00adlor i\u00a0sporo histo\u00adrii, z\u00a0kt\u00f3\u00adrej mo\u017cemy by\u0107 prze\u00adcie\u017c dumni. Us\u0142y\u00adsze\u00adli\u00ad\u015bmy s\u0142owa naj\u00adwspa\u00adnial\u00adszych pol\u00adskich poet\u00f3w w\u00a0cudow\u00adnym wyko\u00adna\u00adniu uczni\u00f3w pol\u00adskich szk\u00f3\u0142 z\u00a0Bredy, Ein\u00addho\u00adven, Gro\u00adnin\u00adgen, Hagi, Oss, Mete\u00adrik, Rot\u00adter\u00addamu, Til\u00adburga, Utrechtu a\u00a0tak\u017ce z\u00a0pol\u00adskich szko\u0142 w\u00a0Bruk\u00adseli i\u00a0Dus\u00adsel\u00addorfu. Uk\u0142ony dla wszyst\u00adkich wyst\u0119\u00adpu\u00adj\u0105\u00adcych! Nale\u017c\u0105 si\u0119 Wam ogromne brawa za\u00a0wasz\u0105 prac\u0119 i\u00a0odwag\u0119.<\/p>\n<p>G\u0142\u0119\u00adbo\u00adkie uk\u0142ony dla wszyst\u00adkich nauczy\u00adcieli i\u00a0rodzi\u00adc\u00f3w, kt\u00f3\u00adrzy\u00a0przy\u00adgo\u00adto\u00adwy\u00adwali do\u00a0tych wyst\u0119\u00adp\u00f3w naszych m\u0142o\u00addych akto\u00adr\u00f3w. \u00a0Bez waszej pracy, zaan\u00adga\u00ad\u017co\u00adwa\u00adnia nie mogli\u00adby\u00ad\u015bmy us\u0142y\u00adsze\u0107 tylu pi\u0119k\u00adnych pre\u00adzen\u00adta\u00adcji. Dzi\u0119\u00adkuje Wam z\u00a0ca\u0142ego serca.<\/p>\n<p>Tego\u00adroczne Wier\u00adszo\u00adwi\u00adsko mia\u0142o pi\u0119kn\u0105 opraw\u0119 gra\u00adficzn\u0105, powsta\u0142a osobna strona inter\u00adne\u00adtowa z\u00a0infor\u00adma\u00adcjami na\u00a0temat festi\u00adwalu, poja\u00adwi\u00adli\u00ad\u015bmy si\u0119 na\u00a0Face\u00adbo\u00adoku, ale\u00a0przede wszyst\u00adkim, mogli\u00ad\u015bmy nagro\u00addzi\u0107 nasze m\u0142ode talenty wspa\u00adnia\u00ad\u0142ymi nagro\u00addami. To\u00a0wszystko, dzi\u0119ki spon\u00adso\u00adrom, bez kt\u00f3\u00adrych\u00a0by\u0142oby nam naprawd\u0119 bar\u00addzo trudno zor\u00adga\u00adni\u00adzo\u00adwa\u0107 cokol\u00adwiek. Nie b\u0119d\u0119 ich wszyst\u00adkich tutaj wymie\u00adnia\u0107. Szcze\u00adg\u00f3\u00ad\u0142owe infor\u00adma\u00adcje mo\u017cna zna\u00adle\u017a\u0107 na\u00a0naszej stro\u00adnie inter\u00adne\u00adto\u00adwej na\u00a0kt\u00f3r\u0105 ser\u00addecz\u00adnie zapra\u00adszamy: www.fpsn.nl\/wierszowisko\/ O\u00a0jed\u00adnej oso\u00adbie jed\u00adnak chcia\u00ad\u0142a\u00adbym wspo\u00admnie\u0107. Wyrazy naj\u00adwi\u0119k\u00adszej wdzi\u0119cz\u00adno\u00ad\u015bci dla Pani Sena\u00adtor RP Bar\u00adbary Borys \u2014 Dami\u0119c\u00adkiej i\u00a0jej biura sena\u00adtor\u00adskiego. Po\u00a0raz kolejny oka\u00adzuje si\u0119, \u017ce\u00a0jedna osoba, nawet tak drobna, mo\u017ce mie\u0107 si\u0142\u0119 spraw\u00adcz\u0105 nie do\u00a0oce\u00adnie\u00adnia i\u00a0opi\u00adsa\u00adnia. Dzi\u0119kujemy!!!<\/p>\n<p>Ko\u0144\u00adcz\u0105c ju\u017c, chcia\u0142\u00adbym podzie\u00adli\u0107 si\u0119 z\u00a0Wami moj\u0105 naj\u00adwi\u0119k\u00adsz\u0105 rado\u00ad\u015bci\u0105 z\u00a0XI Wier\u00adszo\u00adwi\u00adska. Bar\u00addzo mnie ucie\u00adszy\u0142 fakt, ze\u00a0widow\u00adnia zape\u0142\u00adniona by\u0142a ca\u0142\u00adko\u00adwi\u00adcie od\u00a0samego pocz\u0105tku imprezy! \u017be s\u0142u\u00adcha\u00adli\u00ad\u015bmy, okla\u00adski\u00adwa\u00adli\u00ad\u015bmy si\u0119 nawza\u00adjem, ze\u00a0podzi\u00adwia\u00adli\u00ad\u015bmy uczni\u00f3w innych szk\u00f3\u0142.\u00a0 Jestem dumna, bo publicz\u00adno\u015b\u0107 by\u0142a wczo\u00adraj naprawd\u0119 wy\u015bmie\u00adnita!\u00a0 W\u00a0nast\u0119p\u00adnym roku posta\u00adramy si\u0119 jesz\u00adcze tylko, \u017ceby\u00a0nie wycho\u00addzi\u0107 t\u0142u\u00admem od\u00a0razu po\u00a0otrzy\u00adma\u00adniu nagrody, ale\u00a0zosta\u0107 naprawd\u0119 do\u00a0ko\u0144ca, bo Juro\u00adrom i\u00a0orga\u00adni\u00adza\u00adto\u00adrom jest cza\u00adsami przy\u00adkro, \u017ce\u00a0m\u00f3wi\u0105 dzi\u0119\u00adkuje i\u00a0do widze\u00adnia do\u00a0t\u0142o\u00adcz\u0105\u00adcych si\u0119 przy wyj\u00ad\u015bciu ple\u00adc\u00f3w tej\u00a0wspa\u00adnia\u00ad\u0142ej publicz\u00adno\u00ad\u015bci a\u00a0ostat\u00adnich nagro\u00addzo\u00adnych okla\u00adskuje ju\u017c tylko po\u0142owa tej\u017ce widowni, ale\u00a0jestem pewna, \u017ce\u00a0za rok b\u0119dzie ju\u017c zupe\u0142\u00adnie inaczej!<\/p>\n<p>I\u00a0skoro o\u00a0orga\u00adni\u00adza\u00adto\u00adrach mowa\u2026. Chcia\u00ad\u0142am zazna\u00adczy\u0107 i\u00a0przy\u00adpo\u00admnie\u0107, ze\u00a0orga\u00adni\u00adza\u00adto\u00adrem Wier\u00adszo\u00adwi\u00adska jest Forum Pol\u00adskich Szk\u00f3\u0142 w\u00a0Holan\u00addii a\u00a0ca\u0142o\u015b\u0107 imprezy przy\u00adgo\u00adto\u00adwa\u0142a wyj\u0105t\u00adkowo zdolna grupa orga\u00adni\u00adza\u00adcyjna, czyli: Ste\u00adfan Zaczkie\u00adwicz, Magda Dijk\u00adstra, Tomasz Kara\u00adwaj\u00adczyk, Ela Roden\u00adburg, Woj\u00adtek Cecherz.\u00a0 Oraz\u00a0ni\u017cej pod\u00adpi\u00adsana, w\u00a0chwili obec\u00adnej bar\u00addzo zm\u0119\u00adczona, ale\u00a0jesz\u00adcze bar\u00addziej szcz\u0119\u00ad\u015bliwa z\u00a0kolej\u00adnego uda\u00adnego Festi\u00adwalu Pol\u00adskiej Poezji dla Dzieci,<\/p>\n<p>Ma\u0142\u00adgo\u00adrzata Evertse-Sm\u00f3\u0142ka<\/p>\n<p><strong><br \/>\n<\/strong><\/p>\n<h2><strong>Wyniki<\/strong><\/h2>\n<div>\n<p>XI Festi\u00adwal Pol\u00adskiej Poezji dla Dzieci Wier\u00adszo\u00adwi\u00adsko 2011 : \u201cZnasz-li ten\u00a0kraj\u2026\u201d<\/p>\n<p><strong>w\u00a0kate\u00adgo\u00adrii (3\u20136\u00a0lat)<\/strong><\/p>\n<div>1. Maja Bart\u00adczak \u2014 Rot\u00adter\u00addam<br \/>\n2. Ola Sasin \u2014\u00a0Haga<\/div>\n<div>3. ex aequo Basia Walor\u00adska \u2014 Ein\u00addho\u00adven oraz\u00a0Kac\u00adper Jab\u0142o\u0144\u00adski \u2014 Belgia<\/div>\n<div>Wyr\u00f3\u017c\u00adnie\u00adnia:<\/div>\n<div>Rok\u00adsana Macie\u00adjew\u00adska \u2014\u00a0Haga<\/div>\n<div>Kaja S\u0142o\u00adwi\u00adkow\u00adska \u2014\u00a0Haga<\/div>\n<div><\/div>\n<div><strong>w\u00a0kate\u00adgo\u00adrii (7\u20139\u00a0lat)<\/strong><\/div>\n<div><strong><br \/>\n<\/strong><\/div>\n<div>1. Piotr van Dijk \u2014 Rotterdam<\/div>\n<div>2. ex aequo Igor Szczerba \u2014 Til\u00adburg oraz\u00a0Vic\u00adto\u00adria Cwienk \u2014 Dusseldorf<\/div>\n<div>3. ex aequo Adrianna Boer\u00adland \u2014 Utrecht oraz\u00a0Eliza Goed\u00adkoop \u2014\u00a0Haga<\/div>\n<div>Wyr\u00f3\u017c\u00adnie\u00adnia:<\/div>\n<div>Oli\u00adwia Witek \u2014 SPK\u00a0Haga<\/div>\n<div>Gerard Steur \u2014 Utrecht<\/div>\n<div><\/div>\n<div><strong>w\u00a0kate\u00adgo\u00adrii (10\u201313 lat)<\/strong><\/div>\n<div><strong><br \/>\n<\/strong><\/div>\n<div>1. Natalka van Dijk \u2014 Rotterdam<\/div>\n<div>2. ex aequo Emilka Kara\u00adwaj\u00adczyk \u2014 Oss oraz\u00a0Liza Han\u00addzie\u00adwicz \u2014 Rotterdam<\/div>\n<div>3. Patry\u00adcja Ko\u0142odko \u2014 Belgia<\/div>\n<div>Wyr\u00f3\u017c\u00adnie\u00adnia:<\/div>\n<div>Alex Ockhu\u00adizen \u2014 Utrecht<\/div>\n<div><\/div>\n<div><strong>w\u00a0kate\u00adgo\u00adrii wyst\u0119p zbiorowy:<\/strong><\/div>\n<div><\/div>\n<\/div>\n<div><strong>I\u00a0miej\u00adsce <\/strong>otrzy\u00adma\u0142o przed\u00adsta\u00adwie\u00adnie <strong>Szko\u0142y w\u00a0Utrech\u00adcie<\/strong> pt.\u00a0\u201cNad morzem\u201d Doroty Gel\u00adl\u00adner i\u00a0innych autor\u00f3w.<\/div>\n<div>Wyst\u0119\u00adpu\u00adj\u0105cy\u00a0to:<\/div>\n<div>\n<div>\n<ul>\n<li>Adriana Boer\u00adland<\/li>\n<li>Maja Boer\u00adland<\/li>\n<li>Mar\u00adlena Boerland<\/li>\n<li>Zuzanna Boer\u00adland<\/li>\n<li>Sofia Steur<\/li>\n<li>Gerard Steur<\/li>\n<li>Aron Ockhu\u00adizen<\/li>\n<li>Alex Ockhu\u00adizen<\/li>\n<li>Robert Eggen\u00adkamp<\/li>\n<\/ul>\n<\/div>\n<div><strong>II\u00a0 miej\u00adsce<\/strong> otrzy\u00adma\u0142a minia\u00adtura teatralna <strong>Szko\u0142y w\u00a0Rot\u00adter\u00adda\u00admie <\/strong>pt.\u00a0\u201eJak Boruta Pol\u00adsk\u0119 poznawa\u0142\u201d\u00a0tekst\u00a0:\u00a0Aneta Nowo\u00adryta re\u017cy\u00adse\u00adria : Agata Bartnik.Wyst\u0119puj\u0105cy to:<\/p>\n<ul>\n<li>Maja Bart\u00adczak<\/li>\n<li>Helenka Rein\u00adders<\/li>\n<li>Zuzia Olszew\u00adska<\/li>\n<li>Wik\u00adto\u00adria Omelczuk<\/li>\n<li>Keisia Fran\u00adklin<\/li>\n<li>Isa\u00adbel Pronkhorst<\/li>\n<li>Witold Kam\u00adphorst<\/li>\n<li>Max\u00a0van der\u00a0Veen<\/li>\n<li>Daniel Huits<\/li>\n<li>Piotr van\u00a0Dijk<\/li>\n<li>Natalka van\u00a0Dijk<\/li>\n<li>Liza Han\u00addzie\u00adwicz<\/li>\n<li>Pola Han\u00addzie\u00adwicz<\/li>\n<li>Patryk Ochma\u0144\u00adski<\/li>\n<li>Miko\u00ad\u0142aj Stojanowicz<\/li>\n<li>Eva Ver\u00adbiest<\/li>\n<li>Jakub Sza\u00adruga<\/li>\n<li>Chris van\u00a0Dijk<\/li>\n<\/ul>\n<\/div>\n<div><strong>III\u00a0 miej\u00adsce<\/strong> zaj\u0119\u0142o przed\u00adsta\u00adwie\u00adnie <strong>SPK\u00a0 przy Amba\u00adsa\u00addzie RP w\u00a0Hadze<\/strong> pt.\u00a0\u201cW Sopli\u00adco\u00adwie\u201d autor i\u00a0 re\u017cy\u00adser:\u00a0 El\u017c\u00adbieta Si\u0142uch.Wyst\u0119puj\u0105cy to:<\/p>\n<ul>\n<li>Micha\u0142 Pia\u00adsko\u00adwiak<\/li>\n<li>Woj\u00adciech Kulozik<\/li>\n<li>Pau\u00adlina Kosi\u0144ska<\/li>\n<li>Julia Pycek<\/li>\n<li>Jacek G\u0119bka<\/li>\n<li>Kasper Oosthoek<\/li>\n<li>Tony Mun\u00adzer<\/li>\n<li>Julia Dewor<\/li>\n<li>Nata\u00adlia Rudnicka<\/li>\n<\/ul>\n<p>Spe\u00adcjalny puchar Kon\u00adsula RP w\u00a0Hadze, Pana Leszka Rowic\u00adkiego, w\u00a0tym roku zdo\u00adby\u0142a <strong>Szko\u0142a w\u00a0Oss.<\/strong><\/p>\n<\/div>\n<div>\n<div><strong><strong>zdj\u0119\u00adcia<\/strong><\/strong><\/div>\n<ul>\n<li>fot.\u00a0Agnieszka Doskocz<\/li>\n<li><a href=\"http:\/\/www.flickr.com\/photos\/polonia_nl\/sets\/72157626262653352\/\" target=\"_blank\">fot.\u00a0Ania Rybczynska-Bijl i\u00a0Henk Bijl\/Polonia.nl<\/a><\/li>\n<\/ul>\n<\/div>\n<div><strong>o\u00a0nas w\u00a0mediach:<\/strong><\/div>\n<div>\n<ul>\n<li><a href=\"http:\/\/www.polonia.nl\/?p=4735\" target=\"_blank\">www.polonia.nl<\/a><\/li>\n<\/ul>\n<\/div>\n<p>wi\u0119\u00adcej o\u00a0wier\u00adszo\u00adwi\u00adsku na\u00a0naszej stro\u00adnie <a href=\"http:\/\/www.wierszowisko.nl\" target=\"_blank\">www.wierszowisko.com<\/a><\/p>\n<\/div>\n<p><strong>XI Festi\u00adval van Poolse Po\u00ebzie voor Kin\u00adde\u00adren \u2013 Wier\u00adszo\u00adwi\u00adsko\u00a02010<\/strong><\/p>\n<p>Het bestuur van het Forum Poolse Scho\u00adlen in Neder\u00adland (FPSN) heeft de eer U\u00a0uit te nodi\u00adgen voor de po\u00ebzie\u00adge\u00adbeur\u00adte\u00adnis van 2011 in Neder\u00adland: XI Festi\u00adval van Poolse Po\u00ebzie voor Kin\u00adde\u00adren \u2013 Wierszowisko.<\/p>\n<p>Op het podium van Sociaal Cul\u00adtu\u00adreel Cen\u00adtrum Mal\u00adden\u00adste\u00adijn in Mal\u00adden zul\u00adlen leer\u00adlin\u00adgen, tus\u00adsen de 4 en 13 jaar, van negen in het forum opge\u00adno\u00admen scho\u00adlen zich pre\u00adsen\u00adte\u00adren met het voor\u00addra\u00adgen van Poolse po\u00ebzie.<\/p>\n<p>In totaal zul\u00adlen er onge\u00adveer hon\u00adderd kin\u00adde\u00adren optreden!<\/p>\n<p><strong>Het Wier\u00adszo\u00adwi\u00adsko zal pla\u00adat\u00adsvin\u00adden op 13 maart in het Sociaal Cul\u00adtu\u00adreel Cen\u00adtrum Mal\u00adden\u00adste\u00adijn te Mal\u00adden om\u00a012.00.<\/strong><\/p>\n<p>&nbsp;<\/p>\n<p><strong>http:\/\/www.maldensteijn.nl<\/strong><\/p>\n<p>De bije\u00aden\u00adkomst heeft als doel het popu\u00adla\u00adir\u00adder maken van Poolse po\u00ebzie voor kin\u00adde\u00adren en jon\u00adge\u00adren, en de inte\u00adgra\u00adtie van de Poolse samen\u00adle\u00adving in Nederland.<\/p>\n<p><strong>Het Wier\u00adszo\u00adwi\u00adsko is het enige eve\u00adne\u00adment van dit soort op Euro\u00adpese schaal<\/strong>, het maakt Poolse lite\u00adra\u00adtuur toegan\u00adke\u00adlijk voor kin\u00adde\u00adren, inte\u00adgre\u00adert leer\u00adlin\u00adgen, lera\u00adren en ouders van alle Poolse scho\u00adlen in Neder\u00adland; we\u00a0wor\u00adden gesteund door andere Poolse orga\u00adni\u00adsa\u00adties zoals het inter\u00adnet\u00adpor\u00adtaal Polonia.nl, de Pools-Nederlandse Cul\u00adtu\u00adrele Vere\u00adni\u00adging, inter\u00adnet\u00adpor\u00adtaal Niedziela.nl, Poolse Ambas\u00adsade in Den Haag met aan\u00adwe\u00adzi\u00adgheid van Con\u00adsul Leszek Rowicki en Senaat ver\u00adte\u00adgen\u00adwo\u00ador\u00addi\u00adger Bar\u00adbara Borys-Dami\u0119cka. Dit bewijst onder ande\u00adren de uit\u00adste\u00adkende samen\u00adwer\u00adking van de Poolse geme\u00aden\u00adschap in Nederland.<\/p>\n<p>Meer infor\u00adma\u00adtie kunt U\u00a0vin\u00adden op onze website www.fpsn.nl of onder de tele\u00adfo\u00adon\u00adnum\u00admers +31(0)344\u00a0624\u00a0163 of +31 (0)610388521.<\/p>\n<p>Met vra\u00adgen kunt u\u00a0terecht bij dit e-mail adres: <a href=\"mailto:info@fpsn.nl\">info@fpsn.nl<\/a><\/p>\n<p>In naam van het FPSN bestuur,<\/p>\n<p>Ma\u0142\u00adgo\u00adrzata Evertse-Sm\u00f3\u0142ka<\/p>\n<\/div>\n","protected":false},"excerpt":{"rendered":"\n<p>Ju\u017c po\u2026 ju\u017c po raz jedenasty!<\/p>\n<p>Tym razem nie b\u0119d\u0119 si\u0119 roz\u00adpi\u00adsy\u00adwa\u0107. Naj\u00adwa\u017c\u00adniej\u00adsze jest to, co wszy\u00adscy wczo\u00adraj zoba\u00adczy\u00adli\u00ad\u015bmy, prze\u00ad\u017cy\u00adli\u00ad\u015bmy. Wra\u00ad\u017ce\u00adnie zosta\u00adnie a opi\u00adsy\u00adwa\u00adnie tego z ch\u0119\u00adci\u0105 zosta\u00adwi\u00ad\u0142a\u00adbym komu\u015b, kto naprawd\u0119 pi\u0119k\u00adnie potrafi ubra\u0107 w s\u0142owa to, co dzia\u0142o si\u0119 13 marca 2011 na w Kul\u00adtu\u00adral\u00adnym Cen\u00adtrum w Mal\u00adden ko\u0142o Nij\u00adme\u00adgen. Ale tymczasem\u2026.<\/p>\n<p>W [&#8230;]<\/p>\n","protected":false},"author":1,"featured_media":0,"parent":107,"menu_order":3,"comment_status":"closed","ping_status":"closed","template":"","meta":{"ngg_post_thumbnail":0,"spay_email":""},"_links":{"self":[{"href":"https:\/\/www.wierszowisko.com\/index.php?rest_route=\/wp\/v2\/pages\/211"}],"collection":[{"href":"https:\/\/www.wierszowisko.com\/index.php?rest_route=\/wp\/v2\/pages"}],"about":[{"href":"https:\/\/www.wierszowisko.com\/index.php?rest_route=\/wp\/v2\/types\/page"}],"author":[{"embeddable":true,"href":"https:\/\/www.wierszowisko.com\/index.php?rest_route=\/wp\/v2\/users\/1"}],"replies":[{"embeddable":true,"href":"https:\/\/www.wierszowisko.com\/index.php?rest_route=%2Fwp%2Fv2%2Fcomments&post=211"}],"version-history":[{"count":15,"href":"https:\/\/www.wierszowisko.com\/index.php?rest_route=\/wp\/v2\/pages\/211\/revisions"}],"predecessor-version":[{"id":2545,"href":"https:\/\/www.wierszowisko.com\/index.php?rest_route=\/wp\/v2\/pages\/211\/revisions\/2545"}],"up":[{"embeddable":true,"href":"https:\/\/www.wierszowisko.com\/index.php?rest_route=\/wp\/v2\/pages\/107"}],"wp:attachment":[{"href":"https:\/\/www.wierszowisko.com\/index.php?rest_route=%2Fwp%2Fv2%2Fmedia&parent=211"}],"curies":[{"name":"wp","href":"https:\/\/api.w.org\/{rel}","templated":true}]}}