{"id":2,"date":"2014-03-06T18:54:54","date_gmt":"2014-03-06T18:54:54","guid":{"rendered":"http:\/\/www.wierszowisko.com\/?page_id=2"},"modified":"2015-01-21T19:32:55","modified_gmt":"2015-01-21T19:32:55","slug":"wierszowisko","status":"publish","type":"page","link":"https:\/\/www.wierszowisko.com\/?page_id=2","title":{"rendered":"2014 Wierszowisko"},"content":{"rendered":"<p>Forum Pol\u00adskich Szk\u00f3\u0142 w Holan\u00addii orga\u00adni\u00adzuje cykliczny Festi\u00adwal Pol\u00adskiej Poezji dla Dzieci Wier\u00adszo\u00adwi\u00adsko<\/p>\n<p><a href=\"https:\/\/i0.wp.com\/www.wierszowisko.com\/wp-content\/uploads\/2014\/03\/plakat_W_2014.png\"><img loading=\"lazy\" class=\"size-medium wp-image-1803 aligncenter\" src=\"https:\/\/i0.wp.com\/www.wierszowisko.com\/wp-content\/uploads\/2014\/03\/plakat_W_2014-212x300.png?resize=212%2C300\" alt=\"plakat_W_2014\" width=\"212\" height=\"300\" srcset=\"https:\/\/i0.wp.com\/www.wierszowisko.com\/wp-content\/uploads\/2014\/03\/plakat_W_2014.png?resize=212%2C300&amp;ssl=1 212w, https:\/\/i0.wp.com\/www.wierszowisko.com\/wp-content\/uploads\/2014\/03\/plakat_W_2014.png?resize=725%2C1024&amp;ssl=1 725w, https:\/\/i0.wp.com\/www.wierszowisko.com\/wp-content\/uploads\/2014\/03\/plakat_W_2014.png?w=838&amp;ssl=1 838w\" sizes=\"(max-width: 212px) 100vw, 212px\" data-recalc-dims=\"1\" \/><\/a><\/p>\n<p><strong>Czym jest Wierszowisko?<\/strong><\/p>\n<p>Dla nas, os\u00f3b zwi\u0105\u00adza\u00adnych z FPSN, jest to nie\u00adzwy\u00adk\u0142e wyda\u00adrze\u00adnie. Co roku, jed\u00adnego dnia, na jed\u00adnej sce\u00adnie, spo\u00adty\u00adkaj\u0105 si\u0119 ucznio\u00adwie naszych szk\u00f3\u0142. Sp\u0119\u00addzamy ze sob\u0105 ca\u0142y dzie\u0144, pozna\u00adjemy si\u0119, rywa\u00adli\u00adzu\u00adjemy ze sob\u0105, ale i uczymy si\u0119 od sie\u00adbie, zaprzy\u00adja\u017a\u00adniamy. Podobno nazywa si\u0119 to fachowo inte\u00adgra\u00adcj\u0105 \u015brodo\u00adwi\u00adska polonijnego.<\/p>\n<p><strong>Kto mo\u017ce wzi\u0105\u0107 udzia\u0142 w Wierszowisku?<\/strong><\/p>\n<p>W Wier\u00adszo\u00adwi\u00adsku mog\u0105 wzi\u0105\u0107 udzia\u0142 dzieci od 4 do 13 lat z pol\u00adskich szk\u00f3\u00ad\u0142ek zrze\u00adszo\u00adnych w Forum Pol\u00adskich Szk\u00f3\u0142 w Holandii.<\/p>\n<p>W jed\u00adnej sali zbiera si\u0119 naj\u00adcen\u00adniej\u00adsza ener\u00adgia, jak\u0105 nasza wsp\u00f3l\u00adnota ma w oso\u00adbach dzieci, m\u0142o\u00addzie\u017cy i ich opie\u00adku\u00adn\u00f3w. Wszy\u00adscy chc\u0105 by\u0107 razem, m\u00f3wi\u0107 po pol\u00adsku, pozna\u00adwa\u0107 pol\u00adsk\u0105 lite\u00adra\u00adtur\u0119, jak naj\u00adpi\u0119k\u00adniej m\u00f3wi\u0107 po pol\u00adsku. Poka\u00adzu\u00adjemy kolej\u00adnym poko\u00adle\u00adniom, \u017ce j\u0119zyk pol\u00adski, cho\u00adcia\u017c trudny, jest r\u00f3w\u00adnie\u017c j\u0119zy\u00adkiem nie\u00adzwy\u00adkle pi\u0119k\u00adnym. Nie mo\u017cna prze\u00adka\u00adza\u0107 tego lepiej ni\u017c poprzez tek\u00adsty Brze\u00adchwy, Tuwima i mniej lub bar\u00addziej zna\u00adnych pol\u00adskich poet\u00f3w, kt\u00f3\u00adrzy tak pi\u0119k\u00adnie pisali i pisz\u0105 dla dzieci. Obec\u00adnie wszy\u00adscy skar\u017c\u0105 si\u0119 na znie\u00adczu\u00adlic\u0119, na brak moty\u00adwa\u00adcji, na brak czasu i na wiele innych rze\u00adczy. Dla\u00adtego fakt, \u017ce co roku spo\u00adty\u00adkaj\u0105 si\u0119 wszy\u00adscy razem na kolej\u00adnym Festi\u00adwalu jest tak wyj\u0105t\u00adkowy. Nikomu nie szkoda czasu na to, \u017ceby po\u0107wi\u00adczy\u0107 z dzie\u0107mi w domu, przy\u00adgo\u00adto\u00adwa\u0107 je do swo\u00adjej roli, zro\u00adbi\u0107 deko\u00adra\u00adcje, uszy\u0107 kostiumy. A dziecko raz zara\u00ad\u017cone bak\u00adcy\u00adlem Wier\u00adszo\u00adwi\u00adska, nie pozbywa si\u0119 go tak szybko. Dla\u00adtego te\u017c absol\u00adwenci, pro\u00adsz\u0105, aby pami\u0119\u00adta\u0107 o nich przy obsa\u00addach r\u00f3l do kolej\u00adnych wyst\u0119\u00adp\u00f3w. Zasady naszego Festi\u00adwalu udo\u00adst\u0119p\u00adni\u00adli\u00ad\u015bmy Macie\u00adrzy Pol\u00adskiej w Lon\u00addy\u00adnie, kt\u00f3ra zor\u00adga\u00adni\u00adzo\u00adwa\u0142a swoje pierw\u00adsze Wier\u00adszo\u00adwi\u00adsko na Wyspach Bry\u00adtyj\u00adskich w maju 2012.<\/p>\n<p><img loading=\"lazy\" class=\"alignnone size-medium wp-image-794\" src=\"https:\/\/i0.wp.com\/www.wierszowisko.com\/wp-content\/uploads\/2014\/03\/Info_2014-212x300.jpg?resize=212%2C300\" alt=\"Info_2014\" width=\"212\" height=\"300\" srcset=\"https:\/\/i0.wp.com\/www.wierszowisko.com\/wp-content\/uploads\/2014\/03\/Info_2014.jpg?resize=212%2C300&amp;ssl=1 212w, https:\/\/i0.wp.com\/www.wierszowisko.com\/wp-content\/uploads\/2014\/03\/Info_2014.jpg?resize=723%2C1024&amp;ssl=1 723w, https:\/\/i0.wp.com\/www.wierszowisko.com\/wp-content\/uploads\/2014\/03\/Info_2014.jpg?w=1240&amp;ssl=1 1240w\" sizes=\"(max-width: 212px) 100vw, 212px\" data-recalc-dims=\"1\" \/><\/p>\n","protected":false},"excerpt":{"rendered":"<p>Forum Pol\u00adskich Szk\u00f3\u0142 w Holan\u00addii orga\u00adni\u00adzuje cykliczny Festi\u00adwal Pol\u00adskiej Poezji dla Dzieci Wier\u00adszo\u00adwi\u00adsko<\/p>\n<\/p>\n<p>Czym jest Wierszowisko?<\/p>\n<p>Dla nas, os\u00f3b zwi\u0105\u00adza\u00adnych z FPSN, jest to nie\u00adzwy\u00adk\u0142e wyda\u00adrze\u00adnie. Co roku, jed\u00adnego dnia, na jed\u00adnej sce\u00adnie, spo\u00adty\u00adkaj\u0105 si\u0119 ucznio\u00adwie naszych szk\u00f3\u0142. Sp\u0119\u00addzamy ze sob\u0105 ca\u0142y dzie\u0144, pozna\u00adjemy si\u0119, rywa\u00adli\u00adzu\u00adjemy ze sob\u0105, ale i uczymy si\u0119 od sie\u00adbie, [&#8230;]<\/p>\n","protected":false},"author":1,"featured_media":0,"parent":107,"menu_order":1,"comment_status":"closed","ping_status":"closed","template":"","meta":{"ngg_post_thumbnail":0,"spay_email":""},"_links":{"self":[{"href":"https:\/\/www.wierszowisko.com\/index.php?rest_route=\/wp\/v2\/pages\/2"}],"collection":[{"href":"https:\/\/www.wierszowisko.com\/index.php?rest_route=\/wp\/v2\/pages"}],"about":[{"href":"https:\/\/www.wierszowisko.com\/index.php?rest_route=\/wp\/v2\/types\/page"}],"author":[{"embeddable":true,"href":"https:\/\/www.wierszowisko.com\/index.php?rest_route=\/wp\/v2\/users\/1"}],"replies":[{"embeddable":true,"href":"https:\/\/www.wierszowisko.com\/index.php?rest_route=%2Fwp%2Fv2%2Fcomments&post=2"}],"version-history":[{"count":10,"href":"https:\/\/www.wierszowisko.com\/index.php?rest_route=\/wp\/v2\/pages\/2\/revisions"}],"predecessor-version":[{"id":2050,"href":"https:\/\/www.wierszowisko.com\/index.php?rest_route=\/wp\/v2\/pages\/2\/revisions\/2050"}],"up":[{"embeddable":true,"href":"https:\/\/www.wierszowisko.com\/index.php?rest_route=\/wp\/v2\/pages\/107"}],"wp:attachment":[{"href":"https:\/\/www.wierszowisko.com\/index.php?rest_route=%2Fwp%2Fv2%2Fmedia&parent=2"}],"curies":[{"name":"wp","href":"https:\/\/api.w.org\/{rel}","templated":true}]}}