{"id":1958,"date":"2014-09-26T15:12:14","date_gmt":"2014-09-26T15:12:14","guid":{"rendered":"http:\/\/www.wierszowisko.com\/?page_id=1958"},"modified":"2015-02-24T23:38:43","modified_gmt":"2015-02-24T23:38:43","slug":"2015-wierszowisko","status":"publish","type":"page","link":"https:\/\/www.wierszowisko.com\/?page_id=1958","title":{"rendered":"2015 Wierszowisko"},"content":{"rendered":"<p><span class=\"userContent\">&#8220;CO NAM OPOWIECIE NA PI\u0118TNASTOLECIE?&#8221; <\/span><\/p>\n<p><span class=\"userContent\">To temat jubileuszowego Wierszowiska 2015 <\/span><a href=\"https:\/\/i0.wp.com\/www.wierszowisko.com\/wp-content\/uploads\/2015\/02\/plakat_wierszowisko_2015.jpg\"><img loading=\"lazy\" class=\" size-medium wp-image-2179 alignleft\" src=\"https:\/\/i0.wp.com\/www.wierszowisko.com\/wp-content\/uploads\/2015\/02\/plakat_wierszowisko_2015-212x300.jpg?resize=212%2C300\" alt=\"Wierszowisko 2015\" width=\"212\" height=\"300\" srcset=\"https:\/\/i0.wp.com\/www.wierszowisko.com\/wp-content\/uploads\/2015\/02\/plakat_wierszowisko_2015.jpg?resize=212%2C300&amp;ssl=1 212w, https:\/\/i0.wp.com\/www.wierszowisko.com\/wp-content\/uploads\/2015\/02\/plakat_wierszowisko_2015.jpg?resize=724%2C1024&amp;ssl=1 724w, https:\/\/i0.wp.com\/www.wierszowisko.com\/wp-content\/uploads\/2015\/02\/plakat_wierszowisko_2015.jpg?resize=106%2C150&amp;ssl=1 106w, https:\/\/i0.wp.com\/www.wierszowisko.com\/wp-content\/uploads\/2015\/02\/plakat_wierszowisko_2015.jpg?resize=400%2C566&amp;ssl=1 400w, https:\/\/i0.wp.com\/www.wierszowisko.com\/wp-content\/uploads\/2015\/02\/plakat_wierszowisko_2015.jpg?w=1754&amp;ssl=1 1754w, https:\/\/i0.wp.com\/www.wierszowisko.com\/wp-content\/uploads\/2015\/02\/plakat_wierszowisko_2015.jpg?w=1280&amp;ssl=1 1280w\" sizes=\"(max-width: 212px) 100vw, 212px\" data-recalc-dims=\"1\" \/><\/a>czyli XV Festiwalu Polskiej Poezji dla Dzieci &#8211; Wierszowisko 2015.<\/p>\n<p>Duma Forum Polskich Szk\u00f3\u0142 w Holandii \u2013 <strong>Wierszowisko<\/strong> uros\u0142o do rangi wydarzenia si\u0119gaj\u0105cego poza granice Holandii, na kt\u00f3re wszyscy niecierpliwie czekaj\u0105. Ten cykliczny Festiwal Polskiej Poezji dla Dzieci odb\u0119dzie si\u0119 po raz 15ty w marcu 2015 roku. Tradycyjnie ju\u017c spotkamy si\u0119 w o\u015brodku Maldenstijn w Malden na po\u0142udniu Holandii. W tym wspania\u0142ym miejscu mo\u017cemy profesjonalnie ugo\u015bci\u0107 naszych m\u0142odych artyst\u00f3w, ich rodzic\u00f3w, widz\u00f3w, a tak\u017ce wielu go\u015bci od lat odwiedzaj\u0105cych festiwal.<\/p>\n<p>Na wyst\u0119py przyje\u017cd\u017caj\u0105 przedstawiciele organizacji wpieraj\u0105cych b\u0105d\u017a wsp\u00f3\u0142pracuj\u0105cych z Forum Polskich Szk\u00f3\u0142 w Holandii. W jury regularnie mamy zaszczyt go\u015bci\u0107 przedstawicieli Ambasady RP w Hadze, Senatu RP, PNKV, pisarzy literatury dzieci\u0119cej i m\u0142odzie\u017cowej, uznanych artyst\u00f3w polskich scen teatralnych, przedstawicieli szk\u00f3\u0142 z innych kraj\u00f3w, przedstawicieli \u015brodowisk literackich i muzycznych, czy te\u017c firm sponsoruj\u0105cych festiwal. Nasz Festiwal jest okazj\u0105 dla dzieci mieszkaj\u0105cych w Holandii do zaprezentowania na prawdziwej scenie, w prawdziwym teatrze swoich umiej\u0119tno\u015bci aktorskich i recytatorskich.<\/p>\n<p>G\u0142\u00f3wnym <strong>celem Wierszowiska<\/strong> jest popularyzacja polskiej poezji dla dzieci i m\u0142odzie\u017cy. Przybli\u017camy j\u0105 nie tylko uczniom polskich szk\u00f3\u0142, ale tak\u017ce ich rodzicom oraz wszystkim osobom sympatyzuj\u0105cym. Na pomys\u0142 zorganizowania festiwalu poezji dzieci\u0119cej, pi\u0119tna\u015bcie lat temu, jedna z nauczycielek ze szko\u0142y w Tilburgu, Dorota Per\u0142owska. Mia\u0142o to na celu stymulacj\u0119 dzieci do nauki polskich wierszy z wykorzystaniem elementu rywalizacji i ch\u0119ci bycia najlepszym. Okaza\u0142o si\u0119, \u017ce jest to pomys\u0142 wr\u0119cz genialny w swojej prostocie, a jednocze\u015bnie bardzo efektywny. Zamiast narzeka\u0144 typu <em>a po co mi to<\/em>, <em>jakie to nudne i trudne<\/em>, wiersze zostaj\u0105 wr\u0119cz <em>po\u0142ykane<\/em>, a s\u0142owa trudne i nudne znikaj\u0105 ze s\u0142ownik\u00f3w naszych pociech.<\/p>\n<p>Dla nas natomiast, os\u00f3b zwi\u0105zanych z FPSN, jest to niezwyk\u0142e wydarzenie. Jednego dnia, na jednej scenie, spotykaj\u0105 si\u0119 uczniowie naszych szk\u00f3\u0142. Sp\u0119dzamy ze sob\u0105 ca\u0142y dzie\u0144, poznajemy si\u0119, rywalizujemy ze sob\u0105, ale i uczymy si\u0119 od siebie, zaprzyja\u017aniamy.<\/p>\n<p>Podobno nazywa si\u0119 to fachowo integracj\u0105 \u015brodowiska polonijnego. A to \u015brodowisko jest zupe\u0142nie wyj\u0105tkowe. W jednej sali zbiera si\u0119 najcenniejsza energia, jak\u0105 nasza wsp\u00f3lnota ma w osobach dzieci, m\u0142odzie\u017cy i ich opiekun\u00f3w. Wszyscy chc\u0105 by\u0107 razem, m\u00f3wi\u0107 po polsku, poznawa\u0107 polsk\u0105 literatur\u0119, jak najpi\u0119kniej m\u00f3wi\u0107 po polsku. Pokazujemy kolejnym pokoleniom, \u017ce j\u0119zyk polski, chocia\u017c trudny, jest r\u00f3wnie\u017c j\u0119zykiem niezwykle pi\u0119knym. Nie mo\u017cna przekaza\u0107 tego lepiej ni\u017c poprzez teksty Brzechwy, Tuwima i mniej lub bardziej znanych polskich poet\u00f3w, kt\u00f3rzy tak pi\u0119knie pisali i pisz\u0105 dla dzieci.<\/p>\n<p>Obecnie wszyscy skar\u017c\u0105 si\u0119 na znieczulic\u0119, na brak motywacji, na brak czasu i na wiele innych rzeczy. Dlatego fakt, \u017ce co roku spotykaj\u0105 si\u0119 wszyscy razem na kolejnym Festiwalu jest tak wyj\u0105tkowy. Nikomu nie szkoda czasu na to, \u017ceby po\u0107wiczy\u0107 z dzie\u0107mi w domu, przygotowa\u0107 je do swojej roli, zrobi\u0107 dekoracje, uszy\u0107 kostiumy. A dziecko raz zara\u017cone bakcylem Wierszowiska, nie pozbywa si\u0119 go tak szybko. Dlatego te\u017c absolwenci, prosz\u0105, aby pami\u0119ta\u0107 o nich przy obsadach r\u00f3l do kolejnych wyst\u0119p\u00f3w. Informacje na temat wszystkich edycji Festiwalu mo\u017cna znale\u017a\u0107 na naszej stronie internetowej: www.wierszowisko.com<\/p>\n<p>Ocenia\u0107 wszystkie wyst\u0119py b\u0119dzie wspania\u0142e Jury w sk\u0142adzie, kt\u00f3rego zasiada miedzy innymi:<\/p>\n<ul>\n<li>Dorota Hulsenboom &#8211; Per\u0142owska \u2013 Przewodnicz\u0105ca Jury<\/li>\n<li>Senator Barbara Borys-Damiecka \u2013 Senator RP<\/li>\n<li>Ma\u0142gorzata Pacek \u2013 Konsul Ambasady RP w Hadze<\/li>\n<li>\u0141ukasz D\u0119bski \u2013 pisarz, poeta, animator kultury<\/li>\n<li>Ma\u0142gorzata Ma\u0142yska \u2013 przedstawiciel ORPEG-PCN w Lublinie<\/li>\n<\/ul>\n<p style=\"padding-left: 30px;\">Oraz przedstawiciele organizacji polonijnych<\/p>\n<ul>\n<li>Waldemar Pankiw &#8211; przedstawiciel\u00a0 PNKV<\/li>\n<li>Agnieszka Steur \u2013 pisarka, j\u0119zykoznawca<\/li>\n<\/ul>\n<p>Nasz Jubileuszowy Festiwal jeste\u015bmy zmuszeni zorganizowa\u0107 opieraj\u0105c si\u0119 wy\u0142\u0105cznie na darczy\u0144cach. S\u0105 to organizacje polonijne na terenie Kr\u00f3lestwa Niderland\u00f3w takie ja wymienione ju\u017c wcze\u015bniej, czyli portal internetowy www.polonia.nl, www.niedziela.nl , Polsko-Niderlandzkie Stowarzyszenie Kulturalne, Scena Polska w Holandii, Polskie Radio Amsterdam, Pracuj FM, gazeta i TV PoPolsku.<\/p>\n<p>Wi\u0119kszo\u015b\u0107 potrzebnych do realizacji projektu \u015brodk\u00f3w liczymy zebra\u0107 w\u015br\u00f3d polskich i polsko-holenderskich firm, dzia\u0142aj\u0105cych na terenie Holandii. W ubieg\u0142ym roku uda\u0142o nam si\u0119 zebra\u0107 g\u0142\u00f3wnie od polskich sklep\u00f3w w Niderlandach, polskich firm przewozowych oraz drobnych polskich przedsi\u0119biorc\u00f3w.<br \/>\nInformacje o udziale go\u015bci honorowych.<\/p>\n<p>Festiwal Polskiej Poezji dla Dzieci nie jest obj\u0119tym \u017cadnym patronatem. Wspieraj\u0105 nas portale internetowe dzia\u0142aj\u0105ce na terenie Kr\u00f3lestwa Niderland\u00f3w takie jak:<\/p>\n<ul>\n<li>www.linktopoland.com<\/li>\n<li>www.niedziela.nl,<\/li>\n<li>www.popolsku.nl,<\/li>\n<li>www.naszapolonia.nl.<\/li>\n<\/ul>\n<p>Artyku\u0142y na temat Wierszowiska pokazuj\u0105 si\u0119 w polskiej prasie w Holandii takiej jak Biuletyn PNKV, PoPolsku, Goniec Polski. Audycje o Festiwalu emituj\u0105 radio PracujFM, Telewizja PoPolsku. Wielkim wsparciem jest dla nas TVP Polonia. Dzi\u0119ki jej dyrektorowi, \u0141ukaszowi Kardasowi, informacje na temat Wierszowiska oraz relacje z kolejnych edycji, ukazuj\u0105 si\u0119 na antenie tej stacji. Bardzo liczymy na Patronat medialny TVP Polonii.\u00a0 Byliby\u015bmy r\u00f3wnie\u017c bardzo wdzi\u0119czni, gdyby imprez\u0119 mog\u0142a poprowadzi\u0107 redaktor Magdalena Emilianowicz z programu \u201ePolacy tu i tam\u201d.<\/p>\n<p>Szczeg\u00f3\u0142owe informacje mo\u017cna znale\u017a\u0107 na naszej stronie internetowej www.wierszowisko.com lub pod numerem telefonu +31(0)610388521. Wszelkie pytania prosimy kierowa\u0107 r\u00f3wnie\u017c na adres: info@wierszowisko.com<\/p>\n<p>Z serdecznymi pozdrowieniami,<\/p>\n<p>Ma\u0142gorzata Sm\u00f3\u0142ka &amp; Tomasz Karawajczyk<\/p>\n<ul>\n<li><a title=\"Regulamin\" href=\"http:\/\/www.wierszowisko.com\/?page_id=2052\">Regulamin XV Wierszowiska<\/a><\/li>\n<li><a title=\"Jury XV Wierszowiska\" href=\"http:\/\/www.wierszowisko.com\/?p=2067\">Sk\u0142ad JURY <\/a><\/li>\n<li><a title=\"Patronat Honorowy MEN\" href=\"http:\/\/www.wierszowisko.com\/?p=2046\">Patronat Honorowy<\/a><\/li>\n<li><a title=\"Patroni medialni\" href=\"http:\/\/www.wierszowisko.com\/?page_id=2304\">Patronat Medialny<\/a><\/li>\n<li><a title=\"Historia\" href=\"http:\/\/www.wierszowisko.com\/?page_id=2089\">Historia Wierszowiska<\/a><\/li>\n<\/ul>\n<p>&nbsp;<\/p>\n","protected":false},"excerpt":{"rendered":"<p>&#8220;CO NAM OPOWIECIE NA PI\u0118TNASTOLECIE?&#8221; <\/p>\n<p>To temat jubileuszowego Wierszowiska 2015 czyli XV Festiwalu Polskiej Poezji dla Dzieci &#8211; Wierszowisko 2015.<\/p>\n<p>Duma Forum Polskich Szk\u00f3\u0142 w Holandii \u2013 Wierszowisko uros\u0142o do rangi wydarzenia si\u0119gaj\u0105cego poza granice Holandii, na kt\u00f3re wszyscy niecierpliwie czekaj\u0105. Ten cykliczny Festiwal Polskiej Poezji dla Dzieci odb\u0119dzie si\u0119 po raz 15ty w [&#8230;]<\/p>\n","protected":false},"author":1,"featured_media":0,"parent":0,"menu_order":0,"comment_status":"closed","ping_status":"open","template":"","meta":{"ngg_post_thumbnail":0,"spay_email":""},"_links":{"self":[{"href":"https:\/\/www.wierszowisko.com\/index.php?rest_route=\/wp\/v2\/pages\/1958"}],"collection":[{"href":"https:\/\/www.wierszowisko.com\/index.php?rest_route=\/wp\/v2\/pages"}],"about":[{"href":"https:\/\/www.wierszowisko.com\/index.php?rest_route=\/wp\/v2\/types\/page"}],"author":[{"embeddable":true,"href":"https:\/\/www.wierszowisko.com\/index.php?rest_route=\/wp\/v2\/users\/1"}],"replies":[{"embeddable":true,"href":"https:\/\/www.wierszowisko.com\/index.php?rest_route=%2Fwp%2Fv2%2Fcomments&post=1958"}],"version-history":[{"count":12,"href":"https:\/\/www.wierszowisko.com\/index.php?rest_route=\/wp\/v2\/pages\/1958\/revisions"}],"predecessor-version":[{"id":2090,"href":"https:\/\/www.wierszowisko.com\/index.php?rest_route=\/wp\/v2\/pages\/1958\/revisions\/2090"}],"wp:attachment":[{"href":"https:\/\/www.wierszowisko.com\/index.php?rest_route=%2Fwp%2Fv2%2Fmedia&parent=1958"}],"curies":[{"name":"wp","href":"https:\/\/api.w.org\/{rel}","templated":true}]}}