{"id":179,"date":"2014-03-08T22:52:27","date_gmt":"2014-03-08T22:52:27","guid":{"rendered":"http:\/\/www.wierszowisko.com\/?page_id=179"},"modified":"2015-09-24T16:55:43","modified_gmt":"2015-09-24T16:55:43","slug":"2010-wierszowisko","status":"publish","type":"page","link":"https:\/\/www.wierszowisko.com\/?page_id=179","title":{"rendered":"2010 Wierszowisko"},"content":{"rendered":"<p><strong>X Festi\u00adwal Pol\u00adskiej Poezji dla Dzieci Wier\u00adszo\u00adwi\u00adsko 2010 : \u201eWszystko jest\u00a0muzyk\u0105\u201d<\/strong><\/p>\n<p><strong><\/strong><\/p>\n<p>\n<div class=\"ngg-galleryoverview ngg-slideshow\"\n\tid=\"ngg-slideshow-3608581280f181cfcab88bd1b3b95ef1-7518915070\"\n\tdata-nextgen-gallery-id=\"2\"\n\tdata-gallery-id=\"3608581280f181cfcab88bd1b3b95ef1\"\n\t\tdata-gallery-name=\"W2010\"\n\t\tstyle=\"max-width: 600px;\n\t\t\tmax-height: 400px;\n\t\t\tdisplay: none;\">\n\n\t\n\t\t<a href=\"https:\/\/www.wierszowisko.com\/wp-content\/gallery\/w2010\/wierszowisko_2010_AD_019.jpg?t=1670363851\"\n\t\t\ttitle=\"\"\n\t\t\tdata-src=\"https:\/\/www.wierszowisko.com\/wp-content\/gallery\/w2010\/wierszowisko_2010_AD_019.jpg?t=1670363851\"\n\t\t\tdata-thumbnail=\"https:\/\/www.wierszowisko.com\/wp-content\/gallery\/w2010\/thumbs\/thumbs_wierszowisko_2010_AD_019.jpg?t=1670363851\"\n\t\t\tdata-image-id=\"2\"\n\t\t\tdata-image-name=\"wierszowisko_2010_AD_019.jpg\"\n\t\t\tdata-title=\"wierszowisko_2010_AD_019\"\n\t\t\tdata-description=\"\"\n\t\t\t\t\t\t\t\t\t\t\t\t\t\t\tclass=\"shutterset_3608581280f181cfcab88bd1b3b95ef1\">\n\t\t\t\n\t\t\t<img data-image-id='2'\n\t\t\t\ttitle=\"\"\n\t\t\t\talt=\"wierszowisko_2010_AD_019\"\n\t\t\t\tsrc=\"https:\/\/www.wierszowisko.com\/wp-content\/gallery\/w2010\/wierszowisko_2010_AD_019.jpg?t=1670363851\"\n\t\t\t\tstyle=\"max-height: 380px;\"\/>\n\t\t<\/a>\n\n\t\t\n\t\t<a href=\"https:\/\/www.wierszowisko.com\/wp-content\/gallery\/w2010\/wierszowisko_2010_AD_020.jpg?t=1394319380\"\n\t\t\ttitle=\" \"\n\t\t\tdata-src=\"https:\/\/www.wierszowisko.com\/wp-content\/gallery\/w2010\/wierszowisko_2010_AD_020.jpg?t=1394319380\"\n\t\t\tdata-thumbnail=\"https:\/\/www.wierszowisko.com\/wp-content\/gallery\/w2010\/thumbs\/thumbs_wierszowisko_2010_AD_020.jpg?t=1394319380\"\n\t\t\tdata-image-id=\"3\"\n\t\t\tdata-image-name=\"wierszowisko_2010_AD_020.jpg\"\n\t\t\tdata-title=\"wierszowisko_2010_AD_020\"\n\t\t\tdata-description=\" \"\n\t\t\t\t\t\t\t\t\t\t\t\t\t\t\tclass=\"shutterset_3608581280f181cfcab88bd1b3b95ef1\">\n\t\t\t\n\t\t\t<img data-image-id='3'\n\t\t\t\ttitle=\" \"\n\t\t\t\talt=\"wierszowisko_2010_AD_020\"\n\t\t\t\tsrc=\"https:\/\/www.wierszowisko.com\/wp-content\/gallery\/w2010\/wierszowisko_2010_AD_020.jpg?t=1394319380\"\n\t\t\t\tstyle=\"max-height: 380px;\"\/>\n\t\t<\/a>\n\n\t\t\n\t\t<a href=\"https:\/\/www.wierszowisko.com\/wp-content\/gallery\/w2010\/wierszowisko_2010_AD_021.jpg?t=1394319383\"\n\t\t\ttitle=\" \"\n\t\t\tdata-src=\"https:\/\/www.wierszowisko.com\/wp-content\/gallery\/w2010\/wierszowisko_2010_AD_021.jpg?t=1394319383\"\n\t\t\tdata-thumbnail=\"https:\/\/www.wierszowisko.com\/wp-content\/gallery\/w2010\/thumbs\/thumbs_wierszowisko_2010_AD_021.jpg?t=1394319383\"\n\t\t\tdata-image-id=\"4\"\n\t\t\tdata-image-name=\"wierszowisko_2010_AD_021.jpg\"\n\t\t\tdata-title=\"wierszowisko_2010_AD_021\"\n\t\t\tdata-description=\" \"\n\t\t\t\t\t\t\t\t\t\t\t\t\t\t\tclass=\"shutterset_3608581280f181cfcab88bd1b3b95ef1\">\n\t\t\t\n\t\t\t<img data-image-id='4'\n\t\t\t\ttitle=\" \"\n\t\t\t\talt=\"wierszowisko_2010_AD_021\"\n\t\t\t\tsrc=\"https:\/\/www.wierszowisko.com\/wp-content\/gallery\/w2010\/wierszowisko_2010_AD_021.jpg?t=1394319383\"\n\t\t\t\tstyle=\"max-height: 380px;\"\/>\n\t\t<\/a>\n\n\t\t\n\t\t<a href=\"https:\/\/www.wierszowisko.com\/wp-content\/gallery\/w2010\/wierszowisko_2010_AD_186.jpg?t=1394319385\"\n\t\t\ttitle=\" \"\n\t\t\tdata-src=\"https:\/\/www.wierszowisko.com\/wp-content\/gallery\/w2010\/wierszowisko_2010_AD_186.jpg?t=1394319385\"\n\t\t\tdata-thumbnail=\"https:\/\/www.wierszowisko.com\/wp-content\/gallery\/w2010\/thumbs\/thumbs_wierszowisko_2010_AD_186.jpg?t=1394319385\"\n\t\t\tdata-image-id=\"5\"\n\t\t\tdata-image-name=\"wierszowisko_2010_AD_186.jpg\"\n\t\t\tdata-title=\"wierszowisko_2010_AD_186\"\n\t\t\tdata-description=\" \"\n\t\t\t\t\t\t\t\t\t\t\t\t\t\t\tclass=\"shutterset_3608581280f181cfcab88bd1b3b95ef1\">\n\t\t\t\n\t\t\t<img data-image-id='5'\n\t\t\t\ttitle=\" \"\n\t\t\t\talt=\"wierszowisko_2010_AD_186\"\n\t\t\t\tsrc=\"https:\/\/www.wierszowisko.com\/wp-content\/gallery\/w2010\/wierszowisko_2010_AD_186.jpg?t=1394319385\"\n\t\t\t\tstyle=\"max-height: 380px;\"\/>\n\t\t<\/a>\n\n\t\t\n\t\t<a href=\"https:\/\/www.wierszowisko.com\/wp-content\/gallery\/w2010\/wierszowisko_2010_AD_198.jpg?t=1394319389\"\n\t\t\ttitle=\" \"\n\t\t\tdata-src=\"https:\/\/www.wierszowisko.com\/wp-content\/gallery\/w2010\/wierszowisko_2010_AD_198.jpg?t=1394319389\"\n\t\t\tdata-thumbnail=\"https:\/\/www.wierszowisko.com\/wp-content\/gallery\/w2010\/thumbs\/thumbs_wierszowisko_2010_AD_198.jpg?t=1394319389\"\n\t\t\tdata-image-id=\"6\"\n\t\t\tdata-image-name=\"wierszowisko_2010_AD_198.jpg\"\n\t\t\tdata-title=\"wierszowisko_2010_AD_198\"\n\t\t\tdata-description=\" \"\n\t\t\t\t\t\t\t\t\t\t\t\t\t\t\tclass=\"shutterset_3608581280f181cfcab88bd1b3b95ef1\">\n\t\t\t\n\t\t\t<img data-image-id='6'\n\t\t\t\ttitle=\" \"\n\t\t\t\talt=\"wierszowisko_2010_AD_198\"\n\t\t\t\tsrc=\"https:\/\/www.wierszowisko.com\/wp-content\/gallery\/w2010\/wierszowisko_2010_AD_198.jpg?t=1394319389\"\n\t\t\t\tstyle=\"max-height: 380px;\"\/>\n\t\t<\/a>\n\n\t\t\n\t\t<a href=\"https:\/\/www.wierszowisko.com\/wp-content\/gallery\/w2010\/wierszowisko_2010_AD_199.jpg?t=1394319394\"\n\t\t\ttitle=\" \"\n\t\t\tdata-src=\"https:\/\/www.wierszowisko.com\/wp-content\/gallery\/w2010\/wierszowisko_2010_AD_199.jpg?t=1394319394\"\n\t\t\tdata-thumbnail=\"https:\/\/www.wierszowisko.com\/wp-content\/gallery\/w2010\/thumbs\/thumbs_wierszowisko_2010_AD_199.jpg?t=1394319394\"\n\t\t\tdata-image-id=\"7\"\n\t\t\tdata-image-name=\"wierszowisko_2010_AD_199.jpg\"\n\t\t\tdata-title=\"wierszowisko_2010_AD_199\"\n\t\t\tdata-description=\" \"\n\t\t\t\t\t\t\t\t\t\t\t\t\t\t\tclass=\"shutterset_3608581280f181cfcab88bd1b3b95ef1\">\n\t\t\t\n\t\t\t<img data-image-id='7'\n\t\t\t\ttitle=\" \"\n\t\t\t\talt=\"wierszowisko_2010_AD_199\"\n\t\t\t\tsrc=\"https:\/\/www.wierszowisko.com\/wp-content\/gallery\/w2010\/wierszowisko_2010_AD_199.jpg?t=1394319394\"\n\t\t\t\tstyle=\"max-height: 380px;\"\/>\n\t\t<\/a>\n\n\t\t\n\t\t<a href=\"https:\/\/www.wierszowisko.com\/wp-content\/gallery\/w2010\/wierszowisko_2010_AD_200.jpg?t=1394319397\"\n\t\t\ttitle=\" \"\n\t\t\tdata-src=\"https:\/\/www.wierszowisko.com\/wp-content\/gallery\/w2010\/wierszowisko_2010_AD_200.jpg?t=1394319397\"\n\t\t\tdata-thumbnail=\"https:\/\/www.wierszowisko.com\/wp-content\/gallery\/w2010\/thumbs\/thumbs_wierszowisko_2010_AD_200.jpg?t=1394319397\"\n\t\t\tdata-image-id=\"8\"\n\t\t\tdata-image-name=\"wierszowisko_2010_AD_200.jpg\"\n\t\t\tdata-title=\"wierszowisko_2010_AD_200\"\n\t\t\tdata-description=\" \"\n\t\t\t\t\t\t\t\t\t\t\t\t\t\t\tclass=\"shutterset_3608581280f181cfcab88bd1b3b95ef1\">\n\t\t\t\n\t\t\t<img data-image-id='8'\n\t\t\t\ttitle=\" \"\n\t\t\t\talt=\"wierszowisko_2010_AD_200\"\n\t\t\t\tsrc=\"https:\/\/www.wierszowisko.com\/wp-content\/gallery\/w2010\/wierszowisko_2010_AD_200.jpg?t=1394319397\"\n\t\t\t\tstyle=\"max-height: 380px;\"\/>\n\t\t<\/a>\n\n\t\t\n\t\t<a href=\"https:\/\/www.wierszowisko.com\/wp-content\/gallery\/w2010\/wierszowisko_2010_AD_335.jpg?t=1394319400\"\n\t\t\ttitle=\" \"\n\t\t\tdata-src=\"https:\/\/www.wierszowisko.com\/wp-content\/gallery\/w2010\/wierszowisko_2010_AD_335.jpg?t=1394319400\"\n\t\t\tdata-thumbnail=\"https:\/\/www.wierszowisko.com\/wp-content\/gallery\/w2010\/thumbs\/thumbs_wierszowisko_2010_AD_335.jpg?t=1394319400\"\n\t\t\tdata-image-id=\"9\"\n\t\t\tdata-image-name=\"wierszowisko_2010_AD_335.jpg\"\n\t\t\tdata-title=\"wierszowisko_2010_AD_335\"\n\t\t\tdata-description=\" \"\n\t\t\t\t\t\t\t\t\t\t\t\t\t\t\tclass=\"shutterset_3608581280f181cfcab88bd1b3b95ef1\">\n\t\t\t\n\t\t\t<img data-image-id='9'\n\t\t\t\ttitle=\" \"\n\t\t\t\talt=\"wierszowisko_2010_AD_335\"\n\t\t\t\tsrc=\"https:\/\/www.wierszowisko.com\/wp-content\/gallery\/w2010\/wierszowisko_2010_AD_335.jpg?t=1394319400\"\n\t\t\t\tstyle=\"max-height: 380px;\"\/>\n\t\t<\/a>\n\n\t\t\n\t\t<a href=\"https:\/\/www.wierszowisko.com\/wp-content\/gallery\/w2010\/wierszowisko_2010_AD_371.jpg?t=1394319403\"\n\t\t\ttitle=\" \"\n\t\t\tdata-src=\"https:\/\/www.wierszowisko.com\/wp-content\/gallery\/w2010\/wierszowisko_2010_AD_371.jpg?t=1394319403\"\n\t\t\tdata-thumbnail=\"https:\/\/www.wierszowisko.com\/wp-content\/gallery\/w2010\/thumbs\/thumbs_wierszowisko_2010_AD_371.jpg?t=1394319403\"\n\t\t\tdata-image-id=\"10\"\n\t\t\tdata-image-name=\"wierszowisko_2010_AD_371.jpg\"\n\t\t\tdata-title=\"wierszowisko_2010_AD_371\"\n\t\t\tdata-description=\" \"\n\t\t\t\t\t\t\t\t\t\t\t\t\t\t\tclass=\"shutterset_3608581280f181cfcab88bd1b3b95ef1\">\n\t\t\t\n\t\t\t<img data-image-id='10'\n\t\t\t\ttitle=\" \"\n\t\t\t\talt=\"wierszowisko_2010_AD_371\"\n\t\t\t\tsrc=\"https:\/\/www.wierszowisko.com\/wp-content\/gallery\/w2010\/wierszowisko_2010_AD_371.jpg?t=1394319403\"\n\t\t\t\tstyle=\"max-height: 380px;\"\/>\n\t\t<\/a>\n\n\t\t\n\t\t<a href=\"https:\/\/www.wierszowisko.com\/wp-content\/gallery\/w2010\/wierszowisko_2010_AD_372.jpg?t=1394319405\"\n\t\t\ttitle=\" \"\n\t\t\tdata-src=\"https:\/\/www.wierszowisko.com\/wp-content\/gallery\/w2010\/wierszowisko_2010_AD_372.jpg?t=1394319405\"\n\t\t\tdata-thumbnail=\"https:\/\/www.wierszowisko.com\/wp-content\/gallery\/w2010\/thumbs\/thumbs_wierszowisko_2010_AD_372.jpg?t=1394319405\"\n\t\t\tdata-image-id=\"11\"\n\t\t\tdata-image-name=\"wierszowisko_2010_AD_372.jpg\"\n\t\t\tdata-title=\"wierszowisko_2010_AD_372\"\n\t\t\tdata-description=\" \"\n\t\t\t\t\t\t\t\t\t\t\t\t\t\t\tclass=\"shutterset_3608581280f181cfcab88bd1b3b95ef1\">\n\t\t\t\n\t\t\t<img data-image-id='11'\n\t\t\t\ttitle=\" \"\n\t\t\t\talt=\"wierszowisko_2010_AD_372\"\n\t\t\t\tsrc=\"https:\/\/www.wierszowisko.com\/wp-content\/gallery\/w2010\/wierszowisko_2010_AD_372.jpg?t=1394319405\"\n\t\t\t\tstyle=\"max-height: 380px;\"\/>\n\t\t<\/a>\n\n\t\t<\/div>\n\n\t\t<!-- Thumbnails Link -->\n\t<div class=\"slideshowlink\" style=\"max-width: 600px;\">\n\t\t<a href='https:\/\/www.wierszowisko.com\/index.php\/nggallery\/thumbnails?page_id=179'>[Show thumbnails]<\/a>\n\t<\/div>\n\n<\/p>\n<p><strong><a href=\"http:\/\/picasaweb.google.com\/ggramza\/Wierszowisko2010#\">zdj\u0119\u00adcia Gra\u017cyny Gramzy (wi\u0119\u00adcej \/\u00a0meer)\u2026<\/a><\/strong><\/p>\n<p>Fry\u00adde\u00adryk Cho\u00adpin\u00a0kie\u00addy\u015b powiedzia\u0142,<\/p>\n<p>\u201c (\u2026) szcz\u0119\u00ad\u015bliwy kto mo\u017ce by\u0107 kom\u00adpo\u00adzy\u00adto\u00adrem i\u00a0wyko\u00adnawc\u0105 zara\u00adzem.\u201d O\u015bmiel\u0119 si\u0119 doda\u0107, \u017ce\u00a0r\u00f3w\u00adnie szcz\u0119\u00ad\u015bliwy jest ten, kto mo\u017ce ze\u00a0sceny us\u0142y\u00adsze\u0107 w\u0142a\u00adsne dziecko, recy\u00adtu\u00adj\u0105ce wier\u00adsze pol\u00adskich wiesz\u00adczy w\u00a0naro\u00addo\u00adwym j\u0119zyku. Dzieje si\u0119 to\u00a0ju\u017c od\u00a0dzie\u00adsi\u0119\u00adciu lat w\u00a0ma\u0142ej nider\u00adlandz\u00adkiej miej\u00adsco\u00adwo\u00ad\u015bci Mal\u00adden ko\u0142o Nij\u00adme\u00adgen. Na\u00a0sce\u00adnie teatral\u00adnej w\u00a0ci\u0105gu zale\u00add\u00adwie kilku godzin odbywa si\u0119 naj\u00adsym\u00adpa\u00adtycz\u00adniej\u00adsze, naj\u00adcu\u00addow\u00adniej\u00adsze i\u00a0wzru\u00adsza\u00adj\u0105ce do\u00a0\u0142ez przed\u00adsta\u00adwie\u00adnie, kt\u00f3\u00adrego\u00a0opi\u00adsa\u0107\u00a0nie zdo\u0142a \u017cadne pi\u00f3ro. To\u00a0jest wyj\u0105t\u00adkowy spek\u00adtakl, gdzie akto\u00adrami s\u0105 dzieci, na\u00a0co dzie\u0144 cho\u00addz\u0105ce do\u00a0nider\u00adlandz\u00adkich szk\u00f3\u0142, w\u0142a\u00adda\u00adj\u0105ce bie\u00adgle nider\u00adlandz\u00adkim, a\u00a0w\u00a0soboty ucz\u0105ce si\u0119 w\u00a0pol\u00adskich szk\u00f3\u0142\u00adkach. Wszyst\u00adkie te szk\u00f3\u0142ki zrze\u00adszone s\u0105 w\u00a0Forum Pol\u00adskich Szk\u00f3\u0142 w\u00a0Holan\u00addii i\u00a0roz\u00adsiane s\u0105 jak maki w\u00a0kraju morza, sera i\u00a0kr\u00f3\u00adlo\u00adwej jak pod\u00adke\u00ad\u015blaj\u0105 s\u0142owa hymnu Wier\u00adszo\u00adwi\u00adska autor\u00adstwa Mag\u00adda\u00adleny Kalo\u00adci\u0144\u00adskiej Duijn\u00adho\u00aduwer, kt\u00f3ry\u00a0mia\u0142 w\u00a0tym roku swoj\u0105 pre\u00admier\u0119. Dzieci ucz\u0105ce si\u0119 j\u0119zyka pol\u00adskiego maj\u0105 wyj\u0105t\u00adkow\u0105 mo\u017c\u00adli\u00adwo\u015b\u0107 spo\u00adtka\u00adnia si\u0119 w\u00a0jed\u00adnym miej\u00adscu, aby pochwa\u00adli\u0107 si\u0119 wyni\u00adkami ca\u0142o\u00adrocz\u00adnej pracy. Jest to\u00a0r\u00f3w\u00adnie\u017c praw\u00addziwy spraw\u00addzian pracy peda\u00adgo\u00adgicz\u00adnej dla nauczy\u00adcieli. Przy\u00adgo\u00adto\u00adwa\u00adnia s\u0105 inten\u00adsywne i\u00a0wyma\u00adgaj\u0105 wiele wysi\u0142ku i\u00a0uwagi.<\/p>\n<p>Nauka j\u0119zyka pol\u00adskiego, kt\u00f3ry\u00a0przez Holen\u00addr\u00f3w nazy\u00adwany jest sze\u00adlesz\u00adcz\u0105\u00adcym j\u0119zy\u00adkiem Europy, nie nale\u017cy do\u00a0\u0142atwych.<\/p>\n<p>Wier\u00adszo\u00adwi\u00adsko czyli Festi\u00adwal Pol\u00adskiej Poezji dla dzieci jest jedy\u00adnym w\u00a0swoim rodzaju \u201cshow\u201d. W\u00a0tym roku spo\u00adtka\u00adnie by\u0142o wyj\u0105t\u00adkowe ze\u00a0wzgl\u0119du na\u00a0nalo\u00ad\u017ce\u00adnie si\u0119 dwu\u00adset\u00adnej rocz\u00adnicy uro\u00addzin wiel\u00adkiego pol\u00adskiego kom\u00adpo\u00adzy\u00adtora Fry\u00adde\u00adryka Cho\u00adpina i\u00a0jubi\u00adle\u00aduszo\u00adwego X-go Wier\u00adszo\u00adwi\u00adska. Tego\u00adroczny temat brzmia\u0142: \u201cWszystko jest muzyk\u0105\u201d\u00a0i muzycz\u00adnym akcen\u00adtem by\u0142y nazna\u00adczone recy\u00adto\u00adwane wier\u00adsze. Jako orga\u00adni\u00adza\u00adtor, uczest\u00adnik i\u00a0obser\u00adwa\u00adtor od\u00a0pocz\u0105tku wie\u00addzia\u00ad\u0142em, \u017ce\u00a0b\u0119dzie to\u00a0nasz kolejny wielki suk\u00adces. Naszym patro\u00adnem by\u0142 sam Cho\u00adpin, kt\u00f3\u00adrego\u00a0patrio\u00adtyczny duch\u00a0emi\u00adgranta da\u0142o si\u0119 odczu\u0107 nawet w\u00a0kulu\u00adarach teatru. Tam te\u017c mo\u017cna by\u0142o poroz\u00adma\u00adwia\u0107, wymie\u00adni\u0107 do\u015bwiad\u00adcze\u00adnia i\u00a0podzi\u00adwia\u0107 prace dzieci nade\u00ads\u0142ane na\u00a0kon\u00adkursu pla\u00adstyczny pt.: \u201dCho\u00adpin, muzyka i\u00a0ja\u201d, kt\u00f3ry\u00a0zoo\u00adr\u00adga\u00adni\u00adzo\u00adwa\u0142a Pol\u00adska Szko\u0142a w\u00a0Gro\u00adnin\u00adgen i\u00a0Forum. Jak co roku zosta\u0142 wy\u0142o\u00adniony mistrz p\u0119dzla; I\u00a0m-ce w\u00a0kat. wiek. 3\u20135 lat zoby\u0142a Marta van Broek ze\u00a0szko\u0142y w\u00a0Gro\u00adnin\u00adgen, I\u00a0m-ce w\u00a0kat. wiek. 6\u20138 lat zoby\u0142a Emi\u00adlia Siwy ze\u00a0szko\u0142y w\u00a0Hadze, I\u00a0m-ce w\u00a0kat. wiek. 9\u201313 lat zodo\u00adby\u0142a Marta Obu\u00adcho\u00adwicz r\u00f3w\u00adnie\u017c ze\u00a0szko\u0142y w\u00a0Hadze.<\/p>\n<p>Po\u00a0zma\u00adga\u00adniach indy\u00adwi\u00addu\u00adal\u00adnych i\u00a0wyst\u0119\u00adpach gru\u00adpo\u00adwych jury uda\u0142o si\u0119 na\u00a0obrady.\u00a0Na spe\u00adcjalne zapro\u00adsze\u00adnie Pani Ma\u0142\u00adgo\u00adrzaty\u00a0Ever\u00adste Sm\u00f3\u0142ka,\u00a0tegoroczn\u0105 prze\u00adwod\u00adni\u00adcz\u0105c\u0105 Jury zosta\u0142a Pani Sena\u00adtor Bar\u00adbara Borys-Dami\u0119cka. Pani Sena\u00adtor, jako\u00a0absol\u00adwent \u0141\u00f3dzkiej PWSTiF, zawo\u00addowo zwi\u0105\u00adzana nie\u00adgdy\u015b z\u00a0Tele\u00adwi\u00adzj\u0105 Pol\u00adsk\u0105 a\u00a0tak\u017ce jako dyrek\u00adtor naczelny i\u00a0arty\u00adstyczny\u00a0z Teatrem \u201cSyrena\u201d\u00a0w\u00a0War\u00adsza\u00adwie, oce\u00adnia\u0142a nasze pocie\u00adchy do\u015bwiad\u00adczo\u00adnym okiem re\u017cy\u00adsera. Jak wyzna\u0142a po\u00a0zako\u0144\u00adcze\u00adniu Wier\u00adszo\u00adwi\u00adska, by\u0142o to\u00a0dla niej praw\u00addziw\u0105 uczt\u0105 duchow\u0105 i\u00a0nadziej\u0105 na\u00a0nowe pol\u00adskie poko\u00adle\u00adnie emi\u00adgra\u00adcji, wycho\u00adwane w\u00a0pol\u00adskim duchu patrio\u00adtycz\u00adnym cho\u0107 z\u00a0dala od\u00a0kraju.<\/p>\n<p>W\u00a0cza\u00adsie obrad jury, publicz\u00adno\u015b\u0107 i\u00a0wszy\u00adscy uczest\u00adnicy mogli ju\u017c na\u00a0spo\u00adkoj\u00adnie obej\u00adrze\u0107 wyst\u0119py spe\u00adcjal\u00adnie na\u00a0t\u0119 oka\u00adzj\u0119 zapro\u00adszo\u00adnych przez Forum dw\u00f3ch szk\u00f3\u0142. Jako pierw\u00adsza wyst\u0105\u00adpi\u0142a grupa teatralna \u201eFlesz\u201d, dzia\u00ad\u0142a\u00adj\u0105ca przy Pol\u00adskiej Szkole-Polnische Schule e.V.w D\u00fcs\u00adsel\u00addor\u00adfie z\u00a0insce\u00adni\u00adza\u00adcj\u0105 teatralna pt.: \u201cCo to\u00a0jest muzyka?\u201d. W\u00a0dru\u00adgiej kolej\u00adno\u00ad\u015bci ucznio\u00adwie Szko\u0142y Pod\u00adsta\u00adwo\u00adwej nr\u00a03 z\u00a0L\u0119borka zapre\u00adzen\u00adto\u00adwali przed\u00adsta\u00adwie\u00adnie pt.: \u201cZacz\u0119\u0142o si\u0119 od\u00a0for\u00adte\u00adpianu\u2026\u201d oparte na\u00a0tek\u00ad\u015bcie ksi\u0105\u017cki Micha\u0142a Rusinka pt.: \u201cMa\u0142y Chopin\u201d.<\/p>\n<p>Po\u00a0wszyst\u00adkich wyst\u0119\u00adpach nade\u00adsz\u0142a d\u0142ugo ocze\u00adki\u00adwana, pe\u0142na napi\u0119\u00adcia chwila og\u0142o\u00adsze\u00adnia wer\u00addyktu jury X WIERSZOWISKA 2010.<\/p>\n<p><strong>W\u00a0kate\u00adgo\u00adrii indy\u00adwi\u00addu\u00adal\u00adnej od\u00a04 do\u00a06 lat<\/strong><br \/>\n1. Bar\u00adbara Walor\u00adska \u2014 Ein\u00addho\u00adven<br \/>\n2. Zuzanna Pabich<br \/>\n3. Pawel Kubosz \u2014 Utrecht<\/p>\n<p><strong>W\u00a0kate\u00adgo\u00adrii indy\u00adwi\u00addu\u00adal\u00adnej<\/strong> od\u00a07 do\u00a09 lat<br \/>\n1. Natalka van Dijk \u2014 Rot\u00adter\u00addam<br \/>\n2. Emilka Kara\u00adwaj\u00adczyk \u2014 Rot\u00adter\u00addam<br \/>\n3. ex aequo Piotr van Dijk (Rot\u00adter\u00addam) i\u00a0Laura de Meij van Stre\u00adef\u00adkerk \u2013 Haga<br \/>\nWyr\u00f3\u017c\u00adnie\u00adnia: Alex Hib\u00adner, Karo\u00adlina Aerts, Okta\u00adwian\u00a0Urban<\/p>\n<p><strong>W\u00a0kate\u00adgo\u00adrii indy\u00adwi\u00addu\u00adal\u00adnej<\/strong> od\u00a010 do\u00a013 lat<br \/>\n1. Miko\u00adlaj Sto\u00adja\u00adno\u00adwicz \u2013 Rot\u00adter\u00addam<br \/>\n2. Robert Eggen\u00adkamp \u2014 Utrecht<br \/>\n3. Aron Ockhu\u00adizen \u2014 Utrecht<\/p>\n<p><strong>W\u00a0\u00a0kate\u00adgo\u00adrii wyst\u0119py gru\u00adpowe<\/strong> miej\u00adsca zaj\u0119\u0142y:<\/p>\n<p>1. Szko\u0142a w\u00a0Rot\u00adter\u00adda\u00admie za\u00a0\u201eEtiuda o\u00a0Fry\u00adde\u00adryku\u201d<br \/>\n2. Szko\u0142a w\u00a0Til\u00adburgu za\u00a0\u201eCo w\u00a0przy\u00adro\u00addzie d\u017awi\u0119\u00adczy\u201d<br \/>\n3. Szko\u0142a w\u00a0Utrech\u00adcie za\u00a0\u201eKto tak pi\u0119k\u00adnie\u00a0gra\u201d<\/p>\n<p><strong>Dodat\u00adkowe nagrody:<\/strong><\/p>\n<ul>\n<li>Nagrod\u0119 pani Sena\u00adtor B.\u00a0Borys-Dami\u0119ckiej dla naj\u00adm\u0142od\u00adszego uczest\u00adnika otrzy\u00adma\u0142a Anna Jan\u00adsen op de\u00a0Haar<\/li>\n<\/ul>\n<ul>\n<li>Nagrody Sceny Pol\u00adskiej otrzy\u00admali: Miko\u00ad\u0142aj Sto\u00adja\u00adno\u00adwicz \u2013 warsz\u00adtaty w\u00a0Pol\u00adsce oraz\u00a0udzia\u0142 w\u00a0spek\u00adta\u00adklu oraz\u00a0Basia de Zeeuw, solistka grupy z\u00a0Rot\u00adter\u00addamu \u2013 zapro\u00adsze\u00adnie na\u00a0wyst\u0119p na\u00a0Wian\u00adkach, wraz z\u00a0kole\u00adgami i\u00a0kole\u00ad\u017can\u00adkami ze\u00a0szko\u0142y.<\/li>\n<\/ul>\n<p>Jak co roku, dzi\u0119ki Ma\u0142\u00adgo\u00adrza\u00adcie Ever\u00adste Sm\u00f3\u0142ka, kt\u00f3ra\u00a0jest naszym Wiel\u00adkim Skar\u00adbem, ka\u017cde dziecko zosta\u0142o nagra\u00addzane. To\u00a0Ona, od\u00a0dzie\u00adsi\u0119\u00adciu ju\u017c lat znaj\u00adduje spon\u00adso\u00adr\u00f3w, aby \u017cadne dziecko nie opu\u00ad\u015bci\u0142o teatru z\u00a0pustymi r\u0119koma. I\u00a0cho\u0107 w\u00a0tym roku o\u00a0Wier\u00adszo\u00adwi\u00adsko otar\u0142 si\u0119 wszech\u00adobecny kry\u00adzys eko\u00adno\u00admiczny, Ma\u0142\u00adgo\u00adsia jak Joanna Dark wal\u00adczy\u0142a dziel\u00adnie o\u00a0ka\u017cd\u0105 nagrod\u0119.\u00a0W tym roku z\u00a0pomoc\u0105 przy\u00adsz\u0142a pani Sena\u00adtor, kt\u00f3ra\u00a0dla naj\u00adm\u0142od\u00adszego uczet\u00adnika w\u00a0kate\u00adgo\u00adriach wie\u00adko\u00adwej\u00a0\u00a0ufun\u00addo\u00adwa\u0142a \u201eAnto\u00adlo\u00adgi\u0119 Pol\u00adskiej Ani\u00adma\u00adcji Dla Dzieci\u201d a\u00a0nagrod\u0119 t\u0119 otrzy\u00adma\u0142a Anna Jan\u00adsen op de\u00a0Haar.<\/p>\n<p>Dodat\u00adkowo Pani Zofia Schroten-Czerniejewicz ze\u00a0Sceny Pol\u00adskiej nagro\u00addzi\u0142a dw\u00f3jk\u0119 dzieci ze\u00a0szko\u0142y z\u00a0Rot\u00adter\u00addamu: Miko\u00ad\u0142aja Sto\u00adja\u00adno\u00adwi\u00adcza \u2013 zapra\u00adsza\u00adj\u0105c go na\u00a0war\u00adszaty teatralne do\u00a0Pol\u00adski oraz\u00a0Basi\u0119 de Zeeuw \u2013 za\u00a0wyj\u0105t\u00adkowe wyko\u00adna\u00adnie pio\u00adsenki pt.: \u201e\u017byczenie\u201d.<\/p>\n<p>W\u00a0tym roku, na\u00a0sce\u00adnie wyst\u0105\u00adpi\u0142a wyj\u0105t\u00adkowo ponad setka dzieci. Wszy\u00adscy, kt\u00f3\u00adrzy\u00a0odwa\u00ad\u017cyli si\u0119 wyst\u0105\u00adpi\u0107 na\u00a0sce\u00adnie zostali nagro\u00addzeni meda\u00adlami, dyplo\u00admami i\u00a0podar\u00adkami. Za\u0142o\u00ad\u017ce\u00adniem tej\u00a0ini\u00adcja\u00adtywy jest wspa\u00adnia\u0142a zabawa i\u00a0mo\u017c\u00adli\u00adwo\u015b\u0107 spraw\u00addze\u00adnia si\u0119 na\u00a0sce\u00adnie w\u00a0\u015bwie\u00adtle reflek\u00adto\u00adr\u00f3w. Nagrody maj\u0105 jedy\u00adnie wymowny sym\u00adbol zach\u0119ty do\u00a0udzia\u0142u w\u00a0Wier\u00adszo\u00adwi\u00adsku w\u00a0nast\u0119p\u00adnym\u00a0roku.<\/p>\n<p>Orga\u00adzni\u00adza\u00adto\u00adrzy na\u00a0ka\u017c\u00addym kroku pod\u00adkre\u00ad\u015blaj\u0105, \u017ce\u00a0wyst\u0119py dzieci maj\u0105 by\u0107 zdrow\u0105 i\u00a0rado\u00adsn\u0105 rywa\u00adli\u00adza\u00adcj\u0105. A\u00a0na zaist\u00adnia\u0142e nie\u00addo\u00adci\u0105\u00adgni\u0119\u00adcia nale\u017cy patrze\u0107 z\u00a0przy\u00admru\u00ad\u017ce\u00adniem oka, gdy\u017c\u00a0Wier\u00adszo\u00adwi\u00adsko jest dzie\u00ad\u0142em przy\u00adgo\u00adto\u00adwy\u00adwa\u00adnym przez wielu sza\u00adlo\u00adnych, zapa\u00adlo\u00adnych wolon\u00adta\u00adriu\u00adszy. Aby przy\u00adbli\u00ad\u017cy\u0107 dzie\u00adciom pol\u00adsk\u0105 poezj\u0119 tak, \u017ceby\u00a0by\u0142y dumne ze\u00a0swo\u00adjej pol\u00adsko\u00ad\u015bci. Dla nas, orga\u00adni\u00adza\u00adto\u00adr\u00f3w, nie wa\u017cne s\u0105 pochwa\u0142y i\u00a0laury, bo rado\u015b\u0107 dzieci scho\u00addz\u0105c ze\u00a0sceny, poko\u00adnaw\u00adszy stres, prze\u00adm\u00f3\u00adg\u0142\u00adszy l\u0119k s\u0105 wystar\u00adcza\u00adj\u0105\u00adcym uko\u00adro\u00adno\u00adwa\u00adniem naszego dzie\u0142a i\u00a0daj\u0105 zach\u0119t\u0119 do\u00a0przy\u00adgo\u00adto\u00adwa\u00adnia nast\u0119p\u00adnego Wierszowiska.\u00a0Tym samym pra\u00adgn\u0119 gor\u0105co zapro\u00adsi\u0107 dzieci z\u00a0Pol\u00adskich Szk\u00f3\u00ad\u0142ek do\u00a0udzia\u0142u w\u00a0XI Wier\u00adszo\u00adwi\u00adsku \u2014 \u201cTam gdzie, co roku na\u00a0wio\u00adsn\u0119, Pol\u00adskie rymy i\u00a0wier\u00adsze, Dzieci twa\u00adrze rado\u00adsne, Poezji czar najpi\u0119kniejszy\u201d<\/p>\n<p><strong>Tomasz Kara\u00adwaj\u00adczyk<\/strong><\/p>\n<p>w\u00a0tek\u00adscie wyko\u00adrzy\u00adstano frag\u00admenty Hymnu Wier\u00adszo\u00adwi\u00adska autor\u00adstwa Mag\u00adda\u00adleny Duijnhouwer-Kaloci\u0144skiej<\/p>\n<ul>\n<li>hymn Wier\u00adszo\u00adwi\u00adska w\u00a0for\u00adma\u00adcie pdf (wi\u0119\u00adcej \/\u00a0meer)\u2026<\/li>\n<li><a href=\"http:\/\/www.polskaszkola.de\/pdf\/wierszowisko2010\/Wierszowisko2010.pdf\">pro\u00adgram Wier\u00adszo\u00adwi\u00adska (wi\u0119\u00adcej \/\u00a0meer)\u2026<\/a><\/li>\n<li>Gazetka oko\u00adlicz\u00adno\u00ad\u015bciowa w\u00a0for\u00adma\u00adcie pdf (wi\u0119\u00adcej \/\u00a0meer)\u2026<\/li>\n<li><a href=\"http:\/\/www.youtube.com\/watch?v=1JieyGkfegg\">Pre\u00adzen\u00adta\u00adcja X Wier\u00adszo\u00adwi\u00adska\u00a02010<\/a><\/li>\n<\/ul>\n<p><strong><br \/>\n<\/strong><\/p>\n<p><strong>WIERSZOWISKO JU\u017b PO\u00a0RAZ DZIESI\u0104TY!<\/strong><\/p>\n<p>W\u00a02010 roku, wszy\u00adscy mi\u0142o\u00ad\u015bnicy pol\u00adskiej poezji dla dzieci, spo\u00adtkali sie po\u00a0raz dzie\u00adsi\u0105ty na\u00a0dorocz\u00adnym \u015bwi\u0119\u00adcie pol\u00adskiej lite\u00adra\u00adtury\u2013 Wier\u00adszo\u00adwi\u00adsku. Go\u015bcinne progi Cul\u00adtu\u00adre\u00adele Cen\u00adtrum Mal\u00adden\u00adstijn w\u00a0Mal\u00adden roz\u00adbrzmie\u00adwa\u0142y pol\u00adsk\u0105 mow\u0105, \u015bpie\u00adwem i\u00a0muzyk\u0105.<\/p>\n<p>Temat tego\u00adrocz\u00adnego Festi\u00adwalu Pol\u00adskiej Poezji dla Dzieci, orga\u00adni\u00adzo\u00adwa\u00adnym przez Forum Pol\u00adskich Szk\u00f3\u0142 w\u00a0Holan\u00addii to\u00a0\u201eWszystko jest muzyk\u0105\u201d. Po\u0142\u0105\u00adczy\u00adli\u00ad\u015bmy \u015bwi\u0119to poezji ze\u00a0\u015bwi\u0119\u00adtem muzyki. Rok 2010 to\u00a0obchody dwu\u00adset\u00adnej rocz\u00adnicy uro\u00addzin Fry\u00adde\u00adryka Chopina-genialnego pol\u00adskiego kom\u00adpo\u00adzy\u00adtora. Motywy Cho\u00adpi\u00adnow\u00adskie prze\u00adwi\u00adja\u0142y si\u0119 w\u00a0wielu wyst\u0119\u00adpach. Cho\u00adpin by\u0142 r\u00f3w\u00adnie\u017c tema\u00adtem kon\u00adkursu pla\u00adstycz\u00adnego pt.\u00a0\u201eChopin, muzyka i\u00a0ja\u201d orga\u00adni\u00adzo\u00adwa\u00adnego przez Pol\u00adsk\u0105 Szko\u0142\u0119 w\u00a0Gro\u00adnin\u00adgen i\u00a0FPSN. W\u00a0holu Mal\u00adden\u00adstijn przez ca\u0142y czas trwa\u00adnia Wier\u00adszo\u00adwi\u00adska, publicz\u00adno\u015b\u0107 mog\u0142a podzi\u00adwia\u0107 prace pla\u00adstyczne nade\u00ads\u0142ane na\u00a0kon\u00adkurs z\u00a0pol\u00adskich szk\u00f3\u0142 na\u00a0tere\u00adnie Niderland\u00f3w.<\/p>\n<p>Przy\u00adgo\u00adto\u00adwy\u00adwa\u00adnie kolej\u00adnego Festi\u00adwalu zaczyna si\u0119 w\u00a0dniu, w\u00a0kt\u00f3\u00adrym ko\u0144\u00adczy si\u0119 poprzedni. Tak wiec ju\u017c teraz trwaj\u0105 przy\u00adgo\u00adto\u00adwy\u00adwa\u00adnia do\u00a0XI edy\u00adcji tego wyda\u00adrze\u00adnia. Z\u00a0kame\u00adral\u00adnego spo\u00adtka\u00adnia kilku szk\u00f3\u0142 polo\u00adnij\u00adnych w\u00a01999 roku w\u00a0teatrze Het Klein w\u00a0Ein\u00addho\u00adven, impreza prze\u00adra\u00addza si\u0119 powoli w\u00a0mi\u0119\u00addzy\u00adna\u00adro\u00addowe wyda\u00adrze\u00adnie recytatorsko-teatralne.<\/p>\n<p>S\u0142u\u00adcha\u00adj\u0105c kolej\u00adnych wyst\u0105\u00adpie\u0144 naszych uczni\u00f3w, zasta\u00adna\u00adwia\u00ad\u0142am si\u0119, jak uda\u0142o nam si\u0119 zor\u00adga\u00adni\u00adzo\u00adwa\u0107 t\u0105 imprez\u0119 ju\u017c po\u00a0raz dzie\u00adsi\u0105ty!? W\u00a0czym tkwi suk\u00adces tego pomy\u00ads\u0142u? Mo\u017ce zosta\u00adwimy t\u0105 tajem\u00adnic\u0119 do\u00a0roz\u00adwi\u0105\u00adza\u00adnia kolej\u00adnym poko\u00adle\u00adniom. Ja chcia\u00ad\u0142a\u00adbym wyra\u00adzi\u0107 swoj\u0105 wdzi\u0119cz\u00adno\u015b\u0107 tym wszyst\u00adkim, kt\u00f3\u00adrzy\u00a0spra\u00adwiaj\u0105, \u017ce\u00a0co roku \u00a0 mo\u017cemy spo\u00adtka\u0107 si\u0119 ponownie.<\/p>\n<p>Chcia\u00ad\u0142a\u00adbym uk\u0142o\u00adni\u0107 si\u0119 nisko uczniom, nauczy\u00adcie\u00adlom i\u00a0rodzi\u00adcom. Orga\u00adni\u00adza\u00adto\u00adrzy mog\u0105 przy\u00adgo\u00adto\u00adwa\u0107 naj\u00adwspa\u00adnial\u00adsze warunki, ale\u00a0bez tak wspa\u00adnia\u00ad\u0142ych wyst\u0119\u00adpu\u00adj\u0105\u00adcych, jakich mamy przy\u00adjem\u00adno\u015b\u0107 ogl\u0105\u00adda\u0107 co roku na\u00a0sce\u00adnie w\u00a0Mal\u00adden\u00adstijn, na\u00a0nic by\u00a0si\u0119 to\u00a0zda\u0142o. Nasz\u0105 naj\u00adwi\u0119k\u00adsz\u0105 si\u0142\u0105, jako orga\u00adni\u00adza\u00adcji, s\u0105 nasi ucznio\u00adwie. I\u00a0nasz\u0105 naj\u00adwspa\u00adnial\u00adsz\u0105 wizy\u00adt\u00f3wk\u0105. A\u00a0dzi\u0119ki ogrom\u00adnej pracy nauczy\u00adcieli i\u00a0rodzi\u00adc\u00f3w, b\u0119d\u0105 wspa\u00adnia\u0142\u0105 wizy\u00adt\u00f3wk\u0105 polo\u00adnii w\u00a0Nider\u00adlan\u00addach w\u00a0przysz\u0142o\u015bci.<\/p>\n<p>Nie b\u0119d\u0119 pisa\u0107 za\u00a0du\u017co. Nie ma takich s\u0142\u00f3w, kt\u00f3re opi\u00adsa\u00ad\u0142yby moja dum\u0119 z\u00a0wyda\u00adrze\u00adnia, jakim sta\u0142o si\u0119 Wier\u00adszo\u00adwi\u00adsko. Prze\u00adpra\u00adszam te\u017c za\u00a0wznio\u00ads\u0142e s\u0142owa i\u00a0lekk\u0105 egzal\u00adta\u00adcj\u0119 w\u00a0tym, co pisz\u0119, pro\u00adsz\u0105c o\u00a0zro\u00adzu\u00admie\u00adnie. Nie b\u0119d\u0119 wymie\u00adnia\u0107 ka\u017c\u00addej osoby, kt\u00f3\u00adrej\u00a0chcia\u00ad\u0142a\u00adbym podzi\u0119\u00adko\u00adwa\u0107. Potrwa\u00ad\u0142oby to\u00a0tro\u00adch\u0119. Poza tym mam paskudn\u0105 sk\u0142on\u00adno\u015b\u0107 do\u00a0pomi\u00adja\u00adnia (zupe\u0142\u00adnie nie\u00ad\u015bwia\u00addo\u00admie, zapew\u00adniam!) przy ofi\u00adcjal\u00adnych podzi\u0119\u00adko\u00adwa\u00adniach os\u00f3b bar\u00addzo wa\u017c\u00adnych dla tego przed\u00adsi\u0119\u00adwzi\u0119\u00adcia. Dla\u00adtego podzi\u0119\u00adkuj\u0119 WSZYSTKIM, kt\u00f3\u00adrzy\u00a0przy\u00adczy\u00adnili si\u0119 do\u00a0tego wiel\u00adkiego suk\u00adcesu. Z\u00a0ca\u0142ego serca maj\u0105c nadziej\u0119, \u017ce\u00a0b\u0119d\u0119 mog\u0142a liczy\u0107 na\u00a0ich przy\u00adchyl\u00adno\u015b\u0107, czas, ener\u00adgi\u0119 r\u00f3w\u00adnie\u017c za\u00a0rok.<\/p>\n<p>W\u00a0imie\u00adniu Zarz\u0105du Forum Pol\u00adskich Szk\u00f3\u0142 w\u00a0Holandii,<\/p>\n<p><strong><em>Ma\u0142\u00adgo\u00adrzata Evertse-Sm\u00f3\u0142ka<\/em><\/strong><\/p>\n<p>rela\u00adcja z\u00a0Wier\u00adszo\u00adwi\u00adska Szko\u0142y z\u00a0D\u00fcs\u00adsel\u00addorfu\u00a0<a href=\"http:\/\/www.polskaszkola.de\/cms\/index.php?option=com_content&amp;task=view&amp;id=206&amp;Itemid=115\">(czy\u00adtaj\u2026)<\/a><\/p>\n<p>rela\u00adcja www.polonia.nl <a href=\"http:\/\/polonia.nl\/?p=2237\">(czy\u00adtaj\u2026)<\/a><\/p>\n","protected":false},"excerpt":{"rendered":"<p>X Festi\u00adwal Pol\u00adskiej Poezji dla Dzieci Wier\u00adszo\u00adwi\u00adsko 2010 : \u201eWszystko jest muzyk\u0105\u201d<\/p>\n<\/p>\n<p> [Show thumbnails] <\/p>\n<p>zdj\u0119\u00adcia Gra\u017cyny Gramzy (wi\u0119\u00adcej \/ meer)\u2026<\/p>\n<p>Fry\u00adde\u00adryk Cho\u00adpin kie\u00addy\u015b powiedzia\u0142,<\/p>\n<p>\u201c (\u2026) szcz\u0119\u00ad\u015bliwy kto mo\u017ce by\u0107 kom\u00adpo\u00adzy\u00adto\u00adrem i wyko\u00adnawc\u0105 zara\u00adzem.\u201d O\u015bmiel\u0119 si\u0119 doda\u0107, \u017ce r\u00f3w\u00adnie szcz\u0119\u00ad\u015bliwy jest ten, kto mo\u017ce ze sceny us\u0142y\u00adsze\u0107 w\u0142a\u00adsne dziecko, recy\u00adtu\u00adj\u0105ce wier\u00adsze pol\u00adskich [&#8230;]<\/p>\n","protected":false},"author":1,"featured_media":0,"parent":107,"menu_order":4,"comment_status":"closed","ping_status":"closed","template":"","meta":{"ngg_post_thumbnail":0,"spay_email":""},"_links":{"self":[{"href":"https:\/\/www.wierszowisko.com\/index.php?rest_route=\/wp\/v2\/pages\/179"}],"collection":[{"href":"https:\/\/www.wierszowisko.com\/index.php?rest_route=\/wp\/v2\/pages"}],"about":[{"href":"https:\/\/www.wierszowisko.com\/index.php?rest_route=\/wp\/v2\/types\/page"}],"author":[{"embeddable":true,"href":"https:\/\/www.wierszowisko.com\/index.php?rest_route=\/wp\/v2\/users\/1"}],"replies":[{"embeddable":true,"href":"https:\/\/www.wierszowisko.com\/index.php?rest_route=%2Fwp%2Fv2%2Fcomments&post=179"}],"version-history":[{"count":11,"href":"https:\/\/www.wierszowisko.com\/index.php?rest_route=\/wp\/v2\/pages\/179\/revisions"}],"predecessor-version":[{"id":2540,"href":"https:\/\/www.wierszowisko.com\/index.php?rest_route=\/wp\/v2\/pages\/179\/revisions\/2540"}],"up":[{"embeddable":true,"href":"https:\/\/www.wierszowisko.com\/index.php?rest_route=\/wp\/v2\/pages\/107"}],"wp:attachment":[{"href":"https:\/\/www.wierszowisko.com\/index.php?rest_route=%2Fwp%2Fv2%2Fmedia&parent=179"}],"curies":[{"name":"wp","href":"https:\/\/api.w.org\/{rel}","templated":true}]}}